{"id":452,"date":"2024-11-21T16:31:42","date_gmt":"2024-11-21T19:31:42","guid":{"rendered":"https:\/\/dgbinst.wpengine.com\/beleza-transparente\/?page_id=452"},"modified":"2026-03-23T08:48:41","modified_gmt":"2026-03-23T11:48:41","slug":"malbec","status":"publish","type":"page","link":"https:\/\/www.grupoboticario.com.br\/beleza-transparente\/pd-do-futuro\/malbec\/","title":{"rendered":"Malbec"},"content":{"rendered":"<div class=\"lazyblock-menu-flutuante-1k8SM wp-block-lazyblock-menu-flutuante\"><div class=\"menu-flutuante\">\n  <button id=\"bt-voltar\" class=\"menu-flutuante__voltar\" onclick=\"voltarPagina()\">Voltar<\/button>\n<ul><li><a href=\"\"><b>2004<\/b><\/a><\/li>\n<li><a href=\"\/beleza-transparente\/pd-do-futuro\/__trashed-4\/\">2006<\/a><\/li>\n<li><a href=\"\/beleza-transparente\/pd-do-futuro\/__trashed-2\/\">2009<\/a><\/li>\n<li><a href=\"\/beleza-transparente\/pd-do-futuro\/__trashed-3\/\">2018<\/a><\/li>\n<li><a href=\"\/beleza-transparente\/pd-do-futuro\/__trashed-5\/\">2019<\/a><\/li>\n<\/ul>\n<\/div>\n<\/div>\n\n\n<div style=\"height:30px\" aria-hidden=\"true\" class=\"wp-block-spacer\"><\/div>\n\n\n\n<p>A jornada vision\u00e1ria de <strong>Malbec come\u00e7a em 2004<\/strong>, <strong>unindo vinho e perfumaria<\/strong>. Hoje, a marca se consagra como <strong>\u00edcone<\/strong>, <strong>reconhecida por inovar e se reinventar a cada lan\u00e7amento<\/strong>.<\/p>\n\n\n<div class=\"lazyblock-fundo-largura-full-novo-Zg1KYr wp-block-lazyblock-fundo-largura-full-novo\"><div class=\"largura-full \" style=\"background-color: #F5F1EB;\">\r\n      <div class=\"wrapper__medium\">\r\n    <div class=\"lazyblock-inner-blocks\">\n\n<h3 class=\"wp-block-heading has-text-align-center\">A evolu\u00e7\u00e3o de Malbec<\/h3>\n\n\n\n<div class=\"wp-block-columns is-not-stacked-on-mobile is-layout-flex wp-container-core-columns-is-layout-9d6595d7 wp-block-columns-is-layout-flex\">\n<div class=\"wp-block-column is-layout-flow wp-block-column-is-layout-flow\">\n<p><strong>Suave<\/strong><\/p>\n<\/div>\n\n\n\n<div class=\"wp-block-column is-layout-flow wp-block-column-is-layout-flow\">\n<p class=\"has-text-align-right\"><strong>Intenso<\/strong><\/p>\n<\/div>\n<\/div>\n\n\n<div class=\"lazyblock-sucessos-11WkC7 wp-block-lazyblock-sucessos\"><div class=\"wp-block-lazyblock-fundo-largura-full-novo carrossel-sucessos\">\r\n  <div class=\"wrapper\">\r\n<div class=\"swiper carrossel-sucessos__swiper\">\r\n  <div class=\"carrossel-sucessos__nav\">\r\n  <div class=\"swiper-button-prev\"><\/div>\r\n  <div class=\"swiper-button-next\"><\/div>\r\n  <\/div>\r\n  <div class=\"swiper-wrapper\">\r\n        <div class=\"swiper-slide\">\r\n            <img decoding=\"async\" src=\"https:\/\/www.grupoboticario.com.br\/beleza-transparente\/wp-content\/uploads\/sites\/7\/2025\/12\/Bleu.png\" alt=\"\">\r\n            <h3>Bleu<\/h3>\r\n        <p><strong>Foug\u00e8re Amadeirado Arom\u00e1tico<\/strong><br\/>Musgo \u2022 S\u00e2ndalo \u2022 Notas Marinhas<\/p>          <\/div>\r\n        <div class=\"swiper-slide\">\r\n            <img decoding=\"async\" src=\"https:\/\/www.grupoboticario.com.br\/beleza-transparente\/wp-content\/uploads\/sites\/7\/2025\/12\/Ultra-Bleu.png\" alt=\"\">\r\n            <h3>Ultra Bleu<\/h3>\r\n        <p><strong>Foug\u00e8re Amadeirado<\/strong><br\/>Musgo \u2022 Lavanda \u2022 Notas Marinhas<\/p>          <\/div>\r\n        <div class=\"swiper-slide\">\r\n            <img decoding=\"async\" src=\"https:\/\/www.grupoboticario.com.br\/beleza-transparente\/wp-content\/uploads\/sites\/7\/2025\/12\/Tradicional.png\" alt=\"\">\r\n            <h3>Malbec<\/h3>\r\n        <p><strong>Amadeirado Arom\u00e1tico<\/strong><br>Patchouli \u2022 Pimenta \u2022 Bergamota<\/p>          <\/div>\r\n        <div class=\"swiper-slide\">\r\n            <img decoding=\"async\" src=\"https:\/\/www.grupoboticario.com.br\/beleza-transparente\/wp-content\/uploads\/sites\/7\/2025\/12\/Icon.png\" alt=\"\">\r\n            <h3>Icon<\/h3>\r\n        <p><strong>Amadeirado Chipre<\/strong><br>Patchouli \u2022 Lavanda \u2022 Cardamomo<\/p>          <\/div>\r\n        <div class=\"swiper-slide\">\r\n            <img decoding=\"async\" src=\"https:\/\/www.grupoboticario.com.br\/beleza-transparente\/wp-content\/uploads\/sites\/7\/2025\/12\/Noir.png\" alt=\"\">\r\n            <h3>Noir<\/h3>\r\n        <p><strong>Amadeirado Especiado Verde<\/strong><br>Pimenta \u2022 S\u00e2ndalo \u2022 Cistus Labdanum<\/p>          <\/div>\r\n        <div class=\"swiper-slide\">\r\n            <img decoding=\"async\" src=\"https:\/\/www.grupoboticario.com.br\/beleza-transparente\/wp-content\/uploads\/sites\/7\/2025\/12\/Magnetic.png\" alt=\"\">\r\n            <h3>Magnetic<\/h3>\r\n        <p><strong>Amadeirado Frutal Arom\u00e1tico<\/strong><br>Uva Riesling \u2022 Patchouli \u2022 \u00c2mbar<\/p>          <\/div>\r\n        <div class=\"swiper-slide\">\r\n            <img decoding=\"async\" src=\"https:\/\/www.grupoboticario.com.br\/beleza-transparente\/wp-content\/uploads\/sites\/7\/2025\/12\/Gold.png\" alt=\"\">\r\n            <h3>Gold<\/h3>\r\n        <p><strong>Amadeirado Ambarado Especiado<\/strong><br>Flor de Laranjeira \u2022 Patchouli \u2022 \u00c2mbar<\/p>          <\/div>\r\n        <div class=\"swiper-slide\">\r\n            <img decoding=\"async\" src=\"https:\/\/www.grupoboticario.com.br\/beleza-transparente\/wp-content\/uploads\/sites\/7\/2025\/12\/X.png\" alt=\"\">\r\n            <h3>Malbec X<\/h3>\r\n        <p><strong>Amadeirado Oriental<\/strong><br>Grapefruit \u2022 Patchouli \u2022 Couro<\/p>          <\/div>\r\n        <div class=\"swiper-slide\">\r\n            <img decoding=\"async\" src=\"https:\/\/www.grupoboticario.com.br\/beleza-transparente\/wp-content\/uploads\/sites\/7\/2025\/12\/Flame.png\" alt=\"\">\r\n            <h3>Flame<\/h3>\r\n        <p><strong>Amadeirado Chypre<\/strong><br>Pimenta \u2022 Uva Nerello \u2022 Benjoim<\/p>          <\/div>\r\n        <div class=\"swiper-slide\">\r\n            <img decoding=\"async\" src=\"https:\/\/www.grupoboticario.com.br\/beleza-transparente\/wp-content\/uploads\/sites\/7\/2025\/12\/Pure-Gold.png\" alt=\"\">\r\n            <h3>Pure Gold<\/h3>\r\n        <p><strong>Amadeirado Ambarado<\/strong><br>Mel vegano \u2022 Patchoulli \u2022 \u00c2mbar<\/p>          <\/div>\r\n        <div class=\"swiper-slide\">\r\n            <img decoding=\"async\" src=\"https:\/\/www.grupoboticario.com.br\/beleza-transparente\/wp-content\/uploads\/sites\/7\/2025\/12\/Black.png\" alt=\"\">\r\n            <h3>Black<\/h3>\r\n        <p><strong>Amadeirado Oriental Fresco<\/strong><br>Baunilha \u2022 Whisky \u2022 Oak Wook<\/p>          <\/div>\r\n        <div class=\"swiper-slide\">\r\n            <img decoding=\"async\" src=\"https:\/\/www.grupoboticario.com.br\/beleza-transparente\/wp-content\/uploads\/sites\/7\/2025\/12\/Signature.png\" alt=\"\">\r\n            <h3>Signature<\/h3>\r\n        <p><strong>Amadeirado Ambarado Arom\u00e1tico<\/strong><br>Folha de Cedro \u2022 Patchoulli \u2022 \u00c2mbar<\/p>          <\/div>\r\n        <div class=\"swiper-slide\">\r\n            <img decoding=\"async\" src=\"https:\/\/www.grupoboticario.com.br\/beleza-transparente\/wp-content\/uploads\/sites\/7\/2025\/12\/20-anos.png\" alt=\"\">\r\n            <h3>Malbec 20<\/h3>\r\n        <p><strong>Amadeirado Amadeirado<\/strong><br>Alecrim \u2022 Labdano \u2022 Patchouli<\/p>          <\/div>\r\n      <\/div>\r\n  \r\n<\/div>\r\n<\/div>\r\n<\/div><\/div>\n<\/div>\r\n  <\/div>\r\n<\/div><\/div>\n\n\n<div style=\"height:20px\" aria-hidden=\"true\" class=\"wp-block-spacer\"><\/div>\n\n\n\n<p><strong>De f\u00e9rias com a fam\u00edlia no Chile<\/strong>, em 2003, o empres\u00e1rio foi convidado por um dos funcion\u00e1rios da vin\u00edcola a conhecer as caves onde eram armazenadas as barricas de carvalho nas quais o vinho era maturado. Levado pela curiosidade, aceitou o convite na hora. Ao entrar naquele ambiente escuro, sem janelas, com p\u00e9 direito baixo e repleto de barricas de carvalho, Krigsner ficou encantado com a riqueza olfativa que o lugar emanava, uma mistura de madeira e vinho, com sua infinidade de aromas que evaporavam das barricas de carvalho e tomavam conta do ambiente. Imediatamente, o empres\u00e1rio teve a ideia de criar uma fragr\u00e2ncia masculina que proporcionasse a mesma sensa\u00e7\u00e3o forte e marcante que ele pr\u00f3prio sentiu ao visitar aquele lugar. No ano seguinte, o perfume Malbec j\u00e1 era lan\u00e7ado como o primeiro (e ainda hoje \u00fanico) no mundo a utilizar \u00e1lcool v\u00ednico em sua f\u00f3rmula.<\/p>\n\n\n\n<div style=\"height:40px\" aria-hidden=\"true\" class=\"wp-block-spacer\"><\/div>\n\n\n\n<figure class=\"wp-block-embed is-type-video is-provider-youtube wp-block-embed-youtube wp-embed-aspect-16-9 wp-has-aspect-ratio\"><div class=\"wp-block-embed__wrapper\">\n<iframe loading=\"lazy\"  id=\"_ytid_22544\"  width=\"800\" height=\"450\"  data-origwidth=\"800\" data-origheight=\"450\"  data-relstop=\"1\" src=\"https:\/\/www.youtube.com\/embed\/BnJFYT_3O6Y?enablejsapi=1&#038;autoplay=0&#038;cc_load_policy=0&#038;cc_lang_pref=&#038;iv_load_policy=1&#038;loop=0&#038;rel=0&#038;fs=1&#038;playsinline=0&#038;autohide=2&#038;theme=dark&#038;color=red&#038;controls=1&#038;disablekb=0&#038;\" class=\"__youtube_prefs__  epyt-is-override  no-lazyload\" title=\"YouTube player\"  allow=\"fullscreen; accelerometer; autoplay; clipboard-write; encrypted-media; gyroscope; picture-in-picture; web-share\" referrerpolicy=\"strict-origin-when-cross-origin\" allowfullscreen data-no-lazy=\"1\" data-skipgform_ajax_framebjll=\"\"><\/iframe>\n<\/div><\/figure>\n\n\n\n<div style=\"height:40px\" aria-hidden=\"true\" class=\"wp-block-spacer\"><\/div>\n\n\n\n<p><strong>Apesar de r\u00e1pido, o processo de cria\u00e7\u00e3o da fragr\u00e2ncia amadeirada foi bastante trabalhoso. <\/strong>Basicamente, realizou-se em duas etapas. Para captar e reproduzir aquela atmosfera sentida por Krigsner nas caves chilenas, foi feito um processo chamado \u201cHead Space\u201d, que capta o espectro de aromas do ambiente analisado. Somente nesta an\u00e1lise foram captados mais de 140 ingredientes, mat\u00e9rias-primas novas, desconhecidas dos pesquisadores e perfumistas, muitas delas ainda em estudo. Mas o grande diferencial de o todo o processo foi a utiliza\u00e7\u00e3o do \u00e1lcool v\u00ednico, obtido da fermenta\u00e7\u00e3o da uva, no lugar do \u00e1lcool et\u00edlico, comumente usado na ind\u00fastria de cosm\u00e9ticos. Em 2004, O Botic\u00e1rio patenteou o uso do \u00e1lcool v\u00ednico, obtido pela destila\u00e7\u00e3o do vinho e macerado em tanques de carvalho franc\u00eas, para o desenvolvimento de produtos cosm\u00e9ticos, sendo a linha Malbec a \u00fanica no mundo produzida com a mesma tecnologia de produ\u00e7\u00e3o dos melhores vinhos. Esse \u00e9 o grande diferencial e o que d\u00e1 as notas amadeiradas \u00e0 fragr\u00e2ncia.<\/p>\n\n\n\n<div class=\"wp-block-buttons is-content-justification-center is-layout-flex wp-container-core-buttons-is-layout-16018d1d wp-block-buttons-is-layout-flex\">\n<div class=\"wp-block-button is-style-outline is-style-outline--1\"><a class=\"wp-block-button__link wp-element-button\">Conhe\u00e7a nosso <strong>pr\u00f3ximo sucesso<\/strong><\/a><\/div>\n<\/div>\n","protected":false},"excerpt":{"rendered":"<p>A jornada vision\u00e1ria de Malbec come\u00e7a em 2004, unindo vinho e perfumaria. Hoje, a marca se consagra como \u00edcone, reconhecida por inovar e se reinventar a cada lan\u00e7amento. De f\u00e9rias com a fam\u00edlia no Chile, em 2003, o empres\u00e1rio foi convidado por um dos funcion\u00e1rios da vin\u00edcola a conhecer as caves onde eram armazenadas as [&hellip;]<\/p>\n","protected":false},"author":8,"featured_media":0,"parent":343,"menu_order":0,"comment_status":"closed","ping_status":"closed","template":"page-com-imagem.php","meta":{"_acf_changed":true,"inline_featured_image":false,"footnotes":""},"class_list":["post-452","page","type-page","status-publish","hentry"],"acf":[],"yoast_head":"<!-- This site is optimized with the Yoast SEO plugin v27.4 - https:\/\/yoast.com\/product\/yoast-seo-wordpress\/ -->\n<title>Malbec - Beleza Transparente<\/title>\n<meta name=\"robots\" content=\"index, follow, max-snippet:-1, max-image-preview:large, max-video-preview:-1\" \/>\n<link rel=\"canonical\" href=\"https:\/\/www.grupoboticario.com.br\/beleza-transparente\/pd-do-futuro\/malbec\/\" \/>\n<meta property=\"og:locale\" content=\"pt_BR\" \/>\n<meta property=\"og:type\" content=\"article\" \/>\n<meta property=\"og:title\" content=\"Malbec - Beleza Transparente\" \/>\n<meta property=\"og:description\" content=\"A jornada vision\u00e1ria de Malbec come\u00e7a em 2004, unindo vinho e perfumaria. Hoje, a marca se consagra como \u00edcone, reconhecida por inovar e se reinventar a cada lan\u00e7amento. De f\u00e9rias com a fam\u00edlia no Chile, em 2003, o empres\u00e1rio foi convidado por um dos funcion\u00e1rios da vin\u00edcola a conhecer as caves onde eram armazenadas as [&hellip;]\" \/>\n<meta property=\"og:url\" content=\"https:\/\/www.grupoboticario.com.br\/beleza-transparente\/pd-do-futuro\/malbec\/\" \/>\n<meta property=\"og:site_name\" content=\"Beleza Transparente\" \/>\n<meta property=\"article:modified_time\" content=\"2026-03-23T11:48:41+00:00\" \/>\n<meta name=\"twitter:card\" content=\"summary_large_image\" \/>\n<meta name=\"twitter:label1\" content=\"Est. tempo de leitura\" \/>\n\t<meta name=\"twitter:data1\" content=\"2 minutos\" \/>\n<script type=\"application\/ld+json\" class=\"yoast-schema-graph\">{\"@context\":\"https:\\\/\\\/schema.org\",\"@graph\":[{\"@type\":\"WebPage\",\"@id\":\"https:\\\/\\\/www.grupoboticario.com.br\\\/beleza-transparente\\\/pd-do-futuro\\\/malbec\\\/\",\"url\":\"https:\\\/\\\/www.grupoboticario.com.br\\\/beleza-transparente\\\/pd-do-futuro\\\/malbec\\\/\",\"name\":\"Malbec - Beleza Transparente\",\"isPartOf\":{\"@id\":\"https:\\\/\\\/www.grupoboticario.com.br\\\/beleza-transparente\\\/#website\"},\"datePublished\":\"2024-11-21T19:31:42+00:00\",\"dateModified\":\"2026-03-23T11:48:41+00:00\",\"breadcrumb\":{\"@id\":\"https:\\\/\\\/www.grupoboticario.com.br\\\/beleza-transparente\\\/pd-do-futuro\\\/malbec\\\/#breadcrumb\"},\"inLanguage\":\"pt-BR\",\"potentialAction\":[{\"@type\":\"ReadAction\",\"target\":[\"https:\\\/\\\/www.grupoboticario.com.br\\\/beleza-transparente\\\/pd-do-futuro\\\/malbec\\\/\"]}]},{\"@type\":\"BreadcrumbList\",\"@id\":\"https:\\\/\\\/www.grupoboticario.com.br\\\/beleza-transparente\\\/pd-do-futuro\\\/malbec\\\/#breadcrumb\",\"itemListElement\":[{\"@type\":\"ListItem\",\"position\":1,\"name\":\"In\u00edcio\",\"item\":\"https:\\\/\\\/www.grupoboticario.com.br\\\/beleza-transparente\\\/\"},{\"@type\":\"ListItem\",\"position\":2,\"name\":\"P&amp;D do Futuro\",\"item\":\"https:\\\/\\\/www.grupoboticario.com.br\\\/beleza-transparente\\\/pd-do-futuro\\\/\"},{\"@type\":\"ListItem\",\"position\":3,\"name\":\"Malbec\"}]},{\"@type\":\"WebSite\",\"@id\":\"https:\\\/\\\/www.grupoboticario.com.br\\\/beleza-transparente\\\/#website\",\"url\":\"https:\\\/\\\/www.grupoboticario.com.br\\\/beleza-transparente\\\/\",\"name\":\"Beleza Transparente\",\"description\":\"\",\"potentialAction\":[{\"@type\":\"SearchAction\",\"target\":{\"@type\":\"EntryPoint\",\"urlTemplate\":\"https:\\\/\\\/www.grupoboticario.com.br\\\/beleza-transparente\\\/?s={search_term_string}\"},\"query-input\":{\"@type\":\"PropertyValueSpecification\",\"valueRequired\":true,\"valueName\":\"search_term_string\"}}],\"inLanguage\":\"pt-BR\"}]}<\/script>\n<!-- \/ Yoast SEO plugin. -->","yoast_head_json":{"title":"Malbec - Beleza Transparente","robots":{"index":"index","follow":"follow","max-snippet":"max-snippet:-1","max-image-preview":"max-image-preview:large","max-video-preview":"max-video-preview:-1"},"canonical":"https:\/\/www.grupoboticario.com.br\/beleza-transparente\/pd-do-futuro\/malbec\/","og_locale":"pt_BR","og_type":"article","og_title":"Malbec - Beleza Transparente","og_description":"A jornada vision\u00e1ria de Malbec come\u00e7a em 2004, unindo vinho e perfumaria. Hoje, a marca se consagra como \u00edcone, reconhecida por inovar e se reinventar a cada lan\u00e7amento. De f\u00e9rias com a fam\u00edlia no Chile, em 2003, o empres\u00e1rio foi convidado por um dos funcion\u00e1rios da vin\u00edcola a conhecer as caves onde eram armazenadas as [&hellip;]","og_url":"https:\/\/www.grupoboticario.com.br\/beleza-transparente\/pd-do-futuro\/malbec\/","og_site_name":"Beleza Transparente","article_modified_time":"2026-03-23T11:48:41+00:00","twitter_card":"summary_large_image","twitter_misc":{"Est. tempo de leitura":"2 minutos"},"schema":{"@context":"https:\/\/schema.org","@graph":[{"@type":"WebPage","@id":"https:\/\/www.grupoboticario.com.br\/beleza-transparente\/pd-do-futuro\/malbec\/","url":"https:\/\/www.grupoboticario.com.br\/beleza-transparente\/pd-do-futuro\/malbec\/","name":"Malbec - Beleza Transparente","isPartOf":{"@id":"https:\/\/www.grupoboticario.com.br\/beleza-transparente\/#website"},"datePublished":"2024-11-21T19:31:42+00:00","dateModified":"2026-03-23T11:48:41+00:00","breadcrumb":{"@id":"https:\/\/www.grupoboticario.com.br\/beleza-transparente\/pd-do-futuro\/malbec\/#breadcrumb"},"inLanguage":"pt-BR","potentialAction":[{"@type":"ReadAction","target":["https:\/\/www.grupoboticario.com.br\/beleza-transparente\/pd-do-futuro\/malbec\/"]}]},{"@type":"BreadcrumbList","@id":"https:\/\/www.grupoboticario.com.br\/beleza-transparente\/pd-do-futuro\/malbec\/#breadcrumb","itemListElement":[{"@type":"ListItem","position":1,"name":"In\u00edcio","item":"https:\/\/www.grupoboticario.com.br\/beleza-transparente\/"},{"@type":"ListItem","position":2,"name":"P&amp;D do Futuro","item":"https:\/\/www.grupoboticario.com.br\/beleza-transparente\/pd-do-futuro\/"},{"@type":"ListItem","position":3,"name":"Malbec"}]},{"@type":"WebSite","@id":"https:\/\/www.grupoboticario.com.br\/beleza-transparente\/#website","url":"https:\/\/www.grupoboticario.com.br\/beleza-transparente\/","name":"Beleza Transparente","description":"","potentialAction":[{"@type":"SearchAction","target":{"@type":"EntryPoint","urlTemplate":"https:\/\/www.grupoboticario.com.br\/beleza-transparente\/?s={search_term_string}"},"query-input":{"@type":"PropertyValueSpecification","valueRequired":true,"valueName":"search_term_string"}}],"inLanguage":"pt-BR"}]}},"_links":{"self":[{"href":"https:\/\/www.grupoboticario.com.br\/beleza-transparente\/wp-json\/wp\/v2\/pages\/452","targetHints":{"allow":["GET"]}}],"collection":[{"href":"https:\/\/www.grupoboticario.com.br\/beleza-transparente\/wp-json\/wp\/v2\/pages"}],"about":[{"href":"https:\/\/www.grupoboticario.com.br\/beleza-transparente\/wp-json\/wp\/v2\/types\/page"}],"author":[{"embeddable":true,"href":"https:\/\/www.grupoboticario.com.br\/beleza-transparente\/wp-json\/wp\/v2\/users\/8"}],"replies":[{"embeddable":true,"href":"https:\/\/www.grupoboticario.com.br\/beleza-transparente\/wp-json\/wp\/v2\/comments?post=452"}],"version-history":[{"count":0,"href":"https:\/\/www.grupoboticario.com.br\/beleza-transparente\/wp-json\/wp\/v2\/pages\/452\/revisions"}],"up":[{"embeddable":true,"href":"https:\/\/www.grupoboticario.com.br\/beleza-transparente\/wp-json\/wp\/v2\/pages\/343"}],"wp:attachment":[{"href":"https:\/\/www.grupoboticario.com.br\/beleza-transparente\/wp-json\/wp\/v2\/media?parent=452"}],"curies":[{"name":"wp","href":"https:\/\/api.w.org\/{rel}","templated":true}]}}