{"id":314,"date":"2024-04-16T16:10:25","date_gmt":"2024-04-16T19:10:25","guid":{"rendered":"https:\/\/dgbinst.wpengine.com\/beleza-transparente\/?page_id=314"},"modified":"2026-01-12T17:50:15","modified_gmt":"2026-01-12T20:50:15","slug":"el-futuro-de-los-envases","status":"publish","type":"page","link":"https:\/\/www.grupoboticario.com.br\/beleza-transparente\/es\/el-futuro-de-los-envases\/","title":{"rendered":"El futuro de los envases"},"content":{"rendered":"\n<div class=\"wp-block-columns are-vertically-aligned-center links-topo is-layout-flex wp-container-core-columns-is-layout-9d6595d7 wp-block-columns-is-layout-flex\">\n<div class=\"wp-block-column is-vertically-aligned-center is-layout-flow wp-block-column-is-layout-flow\">\n<h3 class=\"wp-block-heading has-text-align-center\" style=\"font-size:14px;font-style:normal;font-weight:500\"><a href=\"#ecodesign-e-materiais-sustentaveis\">ECODESIGN Y<\/a><br><a href=\"#ecodesign-e-materiais-sustentaveis\">MATERIALES<\/a><br><a href=\"#ecodesign-e-materiais-sustentaveis\">SOSTENIBLES<\/a><\/h3>\n<\/div>\n\n\n\n<div class=\"wp-block-column is-vertically-aligned-center is-layout-flow wp-block-column-is-layout-flow\">\n<h3 class=\"wp-block-heading has-text-align-center\" style=\"font-size:14px;font-style:normal;font-weight:500\"><a href=\"#refilavel\">RECARGABLE<\/a><\/h3>\n<\/div>\n\n\n\n<div class=\"wp-block-column is-vertically-aligned-center is-layout-flow wp-block-column-is-layout-flow\">\n<h3 class=\"wp-block-heading has-text-align-center\" style=\"font-size:14px;font-style:normal;font-weight:500\"><a href=\"#produtos-com-plastico-reciclado\">PRODUCTOS<\/a><br><a href=\"#produtos-com-plastico-reciclado\">CON PL\u00c1STICO<\/a><br><a href=\"#produtos-com-plastico-reciclado\">RECICLADO<\/a><\/h3>\n<\/div>\n\n\n\n<div class=\"wp-block-column is-vertically-aligned-center is-layout-flow wp-block-column-is-layout-flow\">\n<h3 class=\"wp-block-heading has-text-align-center\" style=\"font-size:14px;font-style:normal;font-weight:500\"><a href=\"#embalagem-com-material-de-fonte-renovavel\">REDUCCI\u00d3N DEL<\/a><br><a href=\"#embalagem-com-material-de-fonte-renovavel\">IMPACTO EN <\/a><br><a href=\"#embalagem-com-material-de-fonte-renovavel\">LA CADENA<\/a><\/h3>\n<\/div>\n\n\n\n<div class=\"wp-block-column is-vertically-aligned-center is-layout-flow wp-block-column-is-layout-flow\">\n<h3 class=\"wp-block-heading has-text-align-center\" style=\"font-size:14px;font-style:normal;font-weight:500\"><a href=\"#transporte-sustentavel\">TRANSPORTE<\/a><br><a href=\"#transporte-sustentavel\">SOSTENIBLE<\/a><\/h3>\n<\/div>\n\n\n\n<div class=\"wp-block-column is-vertically-aligned-center is-layout-flow wp-block-column-is-layout-flow\">\n<h3 class=\"wp-block-heading has-text-align-center\" style=\"font-size:14px;font-style:normal;font-weight:500\"><a href=\"#p\u00f3s-consumo\">POSTCONSUMO<\/a><\/h3>\n<\/div>\n\n\n\n<div class=\"wp-block-column is-vertically-aligned-center is-layout-flow wp-block-column-is-layout-flow\">\n<h3 class=\"wp-block-heading has-text-align-center\" style=\"font-size:14px;font-style:normal;font-weight:500\"><a href=\"#pet-pcr\">PET PCR<\/a><\/h3>\n<\/div>\n<\/div>\n\n\n\n<p>El envasado es un aspecto central del desarrollo de productos y de nuestra forma de pensar sobre los residuos en nuestro ecosistema de belleza. Estamos en constante evoluci\u00f3n, buscando avances cient\u00edficos en materiales y m\u00e9todos. Adem\u00e1s, el envasado es una parte fundamental de la b\u00fasqueda de productos m\u00e1s sostenibles.<\/p>\n\n\n<div class=\"lazyblock-fundo-largura-full-novo-Z2dGrse wp-block-lazyblock-fundo-largura-full-novo\"><div class=\"largura-full \" style=\"background-color: #F5F1EB;\">\r\n      <div class=\"wrapper__medium\">\r\n    <div class=\"lazyblock-inner-blocks\">\n\n<div style=\"height:16px\" aria-hidden=\"true\" class=\"wp-block-spacer\"><\/div>\n\n\n\n<p><strong><em><strong>Nuestras decisiones siempre tienen en cuenta tres dimensiones del desarrollo:<\/strong><\/em><\/strong><\/p>\n\n\n\n<div class=\"wp-block-columns is-layout-flex wp-container-core-columns-is-layout-9d6595d7 wp-block-columns-is-layout-flex\">\n<div class=\"wp-block-column is-vertically-aligned-center is-layout-flow wp-block-column-is-layout-flow\" style=\"flex-basis:10%\">\n<figure class=\"wp-block-image size-full\"><img loading=\"lazy\" decoding=\"async\" width=\"64\" height=\"64\" src=\"https:\/\/www.grupoboticario.com.br\/beleza-transparente\/wp-content\/uploads\/sites\/7\/2024\/02\/riscos.png\" alt=\"\" class=\"wp-image-276\" srcset=\"https:\/\/www.grupoboticario.com.br\/beleza-transparente\/wp-content\/uploads\/sites\/7\/2024\/02\/riscos.png 64w, https:\/\/www.grupoboticario.com.br\/beleza-transparente\/wp-content\/uploads\/sites\/7\/2024\/02\/riscos-60x60.png 60w\" sizes=\"auto, (max-width: 64px) 100vw, 64px\" \/><\/figure>\n<\/div>\n\n\n\n<div class=\"wp-block-column is-layout-flow wp-block-column-is-layout-flow\" style=\"flex-basis:90%\">\n<h4 class=\"wp-block-heading\" style=\"text-transform:none\"><strong><em><strong>Toxicidad humana<\/strong><\/em><\/strong><\/h4>\n\n\n\n<p>Eval\u00faa los riesgos asociados a las sustancias de posibles preocupaciones para la salud humana, como carcin\u00f3genos, mut\u00e1genos o t\u00f3xicos.<\/p>\n<\/div>\n<\/div>\n\n\n\n<div class=\"wp-block-columns is-layout-flex wp-container-core-columns-is-layout-9d6595d7 wp-block-columns-is-layout-flex\">\n<div class=\"wp-block-column is-vertically-aligned-center is-layout-flow wp-block-column-is-layout-flow\" style=\"flex-basis:10%\">\n<figure class=\"wp-block-image size-full\"><img loading=\"lazy\" decoding=\"async\" width=\"64\" height=\"64\" src=\"https:\/\/www.grupoboticario.com.br\/beleza-transparente\/wp-content\/uploads\/sites\/7\/2024\/02\/ambiental.png\" alt=\"\" class=\"wp-image-277\" srcset=\"https:\/\/www.grupoboticario.com.br\/beleza-transparente\/wp-content\/uploads\/sites\/7\/2024\/02\/ambiental.png 64w, https:\/\/www.grupoboticario.com.br\/beleza-transparente\/wp-content\/uploads\/sites\/7\/2024\/02\/ambiental-60x60.png 60w\" sizes=\"auto, (max-width: 64px) 100vw, 64px\" \/><\/figure>\n<\/div>\n\n\n\n<div class=\"wp-block-column is-layout-flow wp-block-column-is-layout-flow\" style=\"flex-basis:90%\">\n<h4 class=\"wp-block-heading\" style=\"text-transform:none\"><strong><em><strong>Impacto medioambiental<\/strong><\/em><\/strong><\/h4>\n\n\n\n<p>Califica los riesgos medioambientales causados por sustancias procedentes del proceso de extracci\u00f3n, transformaci\u00f3n, producci\u00f3n, reciclabilidad y\/o biodegradabilidad.<\/p>\n<\/div>\n<\/div>\n\n\n\n<div class=\"wp-block-columns is-layout-flex wp-container-core-columns-is-layout-9d6595d7 wp-block-columns-is-layout-flex\">\n<div class=\"wp-block-column is-vertically-aligned-center is-layout-flow wp-block-column-is-layout-flow\" style=\"flex-basis:10%\">\n<figure class=\"wp-block-image size-full\"><img loading=\"lazy\" decoding=\"async\" width=\"64\" height=\"64\" src=\"https:\/\/www.grupoboticario.com.br\/beleza-transparente\/wp-content\/uploads\/sites\/7\/2024\/02\/dar-felicidade.png\" alt=\"\" class=\"wp-image-278\" srcset=\"https:\/\/www.grupoboticario.com.br\/beleza-transparente\/wp-content\/uploads\/sites\/7\/2024\/02\/dar-felicidade.png 64w, https:\/\/www.grupoboticario.com.br\/beleza-transparente\/wp-content\/uploads\/sites\/7\/2024\/02\/dar-felicidade-60x60.png 60w\" sizes=\"auto, (max-width: 64px) 100vw, 64px\" \/><\/figure>\n<\/div>\n\n\n\n<div class=\"wp-block-column is-layout-flow wp-block-column-is-layout-flow\" style=\"flex-basis:90%\">\n<h4 class=\"wp-block-heading\" style=\"text-transform:none\"><em><strong><strong>Impacto social<\/strong><\/strong><\/em><\/h4>\n\n\n\n<p>Analiza los impactos sociales causados por el proceso de producci\u00f3n del material en relaci\u00f3n con la explotaci\u00f3n del trabajo infantil, el trabajo an\u00e1logo a la esclavitud, etc.<\/p>\n\n\n\n<p>Bas\u00e1ndonos en estos criterios, tomamos decisiones para controlar <strong>el uso, la sustituci\u00f3n<\/strong>&nbsp;o incluso la<strong>&nbsp;prohibici\u00f3n<\/strong>&nbsp;de las sustancias que componen nuestros envases.<\/p>\n<\/div>\n<\/div>\n\n\n\n<div style=\"height:16px\" aria-hidden=\"true\" class=\"wp-block-spacer\"><\/div>\n\n<\/div>\r\n  <\/div>\r\n<\/div><\/div>\n\n\n<div style=\"height:16px\" aria-hidden=\"true\" class=\"wp-block-spacer\"><\/div>\n\n\n\n<div style=\"height:40px\" aria-hidden=\"true\" class=\"wp-block-spacer\"><\/div>\n\n\n<div class=\"lazyblock-ttl-destaque-Z2eAS45 wp-block-lazyblock-ttl-destaque\"><div class=\"ttl-destaque\"><div class=\"lazyblock-inner-blocks\">\n\n<p id=\"ecodesign-e-materiais-sustentaveis\" style=\"font-size:30px\"><strong><em><strong>ecodesign y materiales sostenibles<\/strong><\/em><\/strong><\/p>\n\n<\/div><\/div><\/div>\n\n\n<p>El ecodesign es un concepto que considera los aspectos medioambientales a la hora de desarrollar un nuevo producto, teniendo en cuenta no s\u00f3lo el uso de recursos no renovables, sino tambi\u00e9n minimizando el impacto medioambiental a lo largo de su ciclo de vida.<br>En otras palabras, el objetivo del ecodesign es reducir la generaci\u00f3n de residuos y ahorrar costos e impacto en la disposici\u00f3n final.<\/p>\n\n\n\n<p>Por eso, en el Grupo Botic\u00e1rio trabajamos para reducir al m\u00e1ximo los residuos de envases, buscando siempre soluciones que reduzcan el impacto ambiental de los productos.<\/p>\n\n\n\n<div style=\"height:16px\" aria-hidden=\"true\" class=\"wp-block-spacer\"><\/div>\n\n\n<div class=\"lazyblock-fundo-largura-full-novo-Z25CD51 wp-block-lazyblock-fundo-largura-full-novo\"><div class=\"largura-full \" style=\"background-color: #F5F1EB;\">\r\n      <div class=\"wrapper__medium\">\r\n    <div class=\"lazyblock-inner-blocks\">\n\n<div style=\"height:20px\" aria-hidden=\"true\" class=\"wp-block-spacer\"><\/div>\n\n\n\n<h4 class=\"wp-block-heading\" style=\"text-transform:none\"><em><strong>co-creamos para innovar<\/strong><\/em><\/h4>\n\n\n\n<p><strong>Aqu\u00ed, en I+D, tenemos un departamento de Design y Prototipos que trabaja escuchando las necesidades de nuestros <\/strong><br><strong>consumidores, traduciendo los deseos de marketing y las necesidades del mercado en envases y productos.<\/strong><\/p>\n\n\n\n<p>Integramos tres frentes de trabajo en un proceso creativo muy fluido, en el que partimos de la investigaci\u00f3n y la <br>b\u00fasqueda de inspiraci\u00f3n, generando insights y contenidos basados en tendencias y DSGN Experience.<br>Despu\u00e9s de tanta inspiraci\u00f3n, es en DSGN Concept donde trabajamos en la conceptualizaci\u00f3n y creaci\u00f3n de productos <br>en envases de autor, a trav\u00e9s del Design Gr\u00e1fico, Design de Producto y Prototipado, poniendo manos a la obra e <br>incorporando a otras personas del Grupo Botic\u00e1rio para co-crear con nosotros.<\/p>\n\n\n\n<p><strong><strong>Todo esto siempre con metodolog\u00edas \u00e1giles y con el consumidor en el centro.<\/strong><\/strong><\/p>\n\n\n\n<p>Para finalizar todo este proceso, en DSGN Graphic realizamos toda la finalizaci\u00f3n t\u00e9cnica del envase, a\u00f1adiendo toda <br>la informaci\u00f3n necesaria al producto y preparando los archivos digitales para seguir el proceso a trav\u00e9s de nuestros partners.<\/p>\n\n\n\n<div style=\"height:40px\" aria-hidden=\"true\" class=\"wp-block-spacer\"><\/div>\n\n<\/div>\r\n  <\/div>\r\n<\/div><\/div>\n\n\n<div style=\"height:30px\" aria-hidden=\"true\" class=\"wp-block-spacer\"><\/div>\n\n\n\n<div class=\"wp-block-columns is-layout-flex wp-container-core-columns-is-layout-9d6595d7 wp-block-columns-is-layout-flex\">\n<div class=\"wp-block-column is-layout-flow wp-block-column-is-layout-flow\" style=\"flex-basis:25%\"><\/div>\n\n\n\n<div class=\"wp-block-column is-vertically-aligned-center mb-0 has-white-color has-text-color has-background is-layout-flow wp-block-column-is-layout-flow\" style=\"background-color:#081d36;flex-basis:50%\">\n<p class=\"has-text-align-center has-white-color has-text-color\"><strong><em><strong>M\u00e1s informaci\u00f3n sobre nuestras iniciativas <\/strong><\/em><\/strong><br><strong><em><strong>de Ecodesign:<\/strong><\/em><\/strong><\/p>\n<\/div>\n\n\n\n<div class=\"wp-block-column is-layout-flow wp-block-column-is-layout-flow\" style=\"flex-basis:25%\"><\/div>\n<\/div>\n\n\n\n<div style=\"height:30px\" aria-hidden=\"true\" class=\"wp-block-spacer\"><\/div>\n\n\n\n<h2 class=\"wp-block-heading\"><strong><em>reducci\u00f3n <\/em><\/strong><em><strong><strong>de los residuos de envases<\/strong><\/strong><\/em><\/h2>\n\n\n\n<p><strong>UN SOLO MATERIAL: <\/strong>Se trata de productos en los que todos los componentes del envase se han fabricado con el mismo material, excepto el envase secundario. Al no haber mezcla de materias primas, durante el proceso de reciclado se elimina la etapa de separaci\u00f3n de las partes (lo que ocurre cuando en un mismo producto hay un componente de vidrio y otro de pl\u00e1stico, o de pl\u00e1stico y papel, etc.).<br>De este modo, todos los componentes pueden triturarse de una sola vez, lo que acelera el proceso y reduce el costo de la operaci\u00f3n.<\/p>\n\n\n\n<p><strong><em><strong>Ejemplo de envases monomaterial:<\/strong><\/em><\/strong><\/p>\n\n\n\n<div style=\"height:6px\" aria-hidden=\"true\" class=\"wp-block-spacer\"><\/div>\n\n\n<div class=\"lazyblock-fundo-largura-full-novo-1k20wa wp-block-lazyblock-fundo-largura-full-novo\"><div class=\"largura-full \" style=\"background-color: #f5f1eb;\">\r\n      <div class=\"wrapper__medium\">\r\n    <div class=\"lazyblock-inner-blocks\">\n\n<div class=\"wp-block-columns is-layout-flex wp-container-core-columns-is-layout-9d6595d7 wp-block-columns-is-layout-flex\">\n<div class=\"wp-block-column is-vertically-aligned-center is-layout-flow wp-block-column-is-layout-flow\" style=\"flex-basis:75%\">\n<p><strong><em><strong>Recambios de Botik <\/strong><\/em><\/strong><\/p>\n\n\n\n<p>Recambio de tubo monomaterial que favorece la cadena de reciclaje del pl\u00e1stico al facilitar su reciclado. La materia prima del envase procede de una fuente 100% renovable (utiliza pl\u00e1stico vegetal procedente de la ca\u00f1a de az\u00facar) y tiene un 91% menos de embalaje que los envases Botik est\u00e1ndar.<\/p>\n<\/div>\n\n\n\n<div class=\"wp-block-column is-vertically-aligned-center is-layout-flow wp-block-column-is-layout-flow\" style=\"flex-basis:25%\">\n<figure class=\"wp-block-image size-full\"><img loading=\"lazy\" decoding=\"async\" width=\"610\" height=\"425\" src=\"https:\/\/www.grupoboticario.com.br\/beleza-transparente\/wp-content\/uploads\/sites\/7\/2026\/01\/refil-embalagem-grupo-boticario.png\" alt=\"\" class=\"wp-image-1062\" srcset=\"https:\/\/www.grupoboticario.com.br\/beleza-transparente\/wp-content\/uploads\/sites\/7\/2026\/01\/refil-embalagem-grupo-boticario.png 610w, https:\/\/www.grupoboticario.com.br\/beleza-transparente\/wp-content\/uploads\/sites\/7\/2026\/01\/refil-embalagem-grupo-boticario-300x209.png 300w, https:\/\/www.grupoboticario.com.br\/beleza-transparente\/wp-content\/uploads\/sites\/7\/2026\/01\/refil-embalagem-grupo-boticario-60x42.png 60w, https:\/\/www.grupoboticario.com.br\/beleza-transparente\/wp-content\/uploads\/sites\/7\/2026\/01\/refil-embalagem-grupo-boticario-144x100.png 144w, https:\/\/www.grupoboticario.com.br\/beleza-transparente\/wp-content\/uploads\/sites\/7\/2026\/01\/refil-embalagem-grupo-boticario-251x175.png 251w, https:\/\/www.grupoboticario.com.br\/beleza-transparente\/wp-content\/uploads\/sites\/7\/2026\/01\/refil-embalagem-grupo-boticario-485x338.png 485w, https:\/\/www.grupoboticario.com.br\/beleza-transparente\/wp-content\/uploads\/sites\/7\/2026\/01\/refil-embalagem-grupo-boticario-560x390.png 560w\" sizes=\"auto, (max-width: 610px) 100vw, 610px\" \/><\/figure>\n<\/div>\n<\/div>\n\n<\/div>\r\n  <\/div>\r\n<\/div><\/div>\n\n\n<div style=\"height:16px\" aria-hidden=\"true\" class=\"wp-block-spacer\"><\/div>\n\n\n\n<h2 class=\"wp-block-heading\"><em><strong><strong>algunos ejemplos<\/strong><\/strong><\/em><\/h2>\n\n\n\n<div style=\"height:16px\" aria-hidden=\"true\" class=\"wp-block-spacer\"><\/div>\n\n\n<div class=\"lazyblock-carrossel-imagem-texto-Z1RQFRG wp-block-lazyblock-carrossel-imagem-texto\"><div class=\"belezatransparente-carrosselit\">\r\n    <div class=\"wrapper__medium belezatransparente-carrosselit__wrapper\">\r\n        <div class=\"wrapper__small\">\r\n            <div class=\"swiper belezatransparente-carrosselit__swiper\">\r\n                <div class=\"swiper-wrapper\">\r\n                                            <div class=\"swiper-slide belezatransparente-carrosselit__slide\">\r\n                            <figure class=\"belezatransparente-carrosselit__img desk\">\r\n                                <img decoding=\"async\" src=\"https:\/\/www.grupoboticario.com.br\/beleza-transparente\/wp-content\/uploads\/sites\/7\/2025\/02\/Copia-de-DSC06679-2.jpg\"\r\n                                    alt=\"\" \/>\r\n                            <\/figure>\r\n                            <figure class=\"belezatransparente-carrosselit__img mobile\">\r\n                                                                    <img decoding=\"async\" src=\"https:\/\/www.grupoboticario.com.br\/beleza-transparente\/wp-content\/uploads\/sites\/7\/2025\/02\/Copia-de-DSC06679-2.jpg\"\r\n                                    alt=\"\" \/>\r\n                                                            <\/figure>\r\n                            <div class=\"belezatransparente-carrosselit__txt\">\r\n                                <div>\r\n                                    <p><p>Papel sin laminaci\u00f3n pl\u00e1stica<\/p><\/p>\r\n                                    <p><p>Los efectos metalizados en los papeles, que al principio proced\u00edan de la laminaci\u00f3n con pel\u00edculas de pl\u00e1stico BOPP, se sustituyeron por la t\u00e9cnica COLDFOIL y FILMELESS. Esto permiti\u00f3 mantener el efecto metalizado premium de los estuches sin mezclar materiales de papel y pl\u00e1stico, con lo que se consigui\u00f3 un resultado monomaterial. M\u00e1s informaci\u00f3n sobre la tecnolog\u00eda. <a href=\"https:\/\/www.grupoboticario.com.br\/blog\/2022\/01\/26\/grupo-boticario-usa-embalagem-mais-sustentavel-e-evita-descarte-de-quase-1-tonelada-de-plastico\/\">M\u00e1s informaci\u00f3n sobre la tecnolog\u00eda<\/a>.<\/p><\/p>\r\n                                <\/div>\r\n                            <\/div>\r\n                        <\/div>\r\n                                            <div class=\"swiper-slide belezatransparente-carrosselit__slide\">\r\n                            <figure class=\"belezatransparente-carrosselit__img desk\">\r\n                                <img decoding=\"async\" src=\"https:\/\/www.grupoboticario.com.br\/beleza-transparente\/wp-content\/uploads\/sites\/7\/2026\/01\/batom-intense-grupo-boticario.png\"\r\n                                    alt=\"\" \/>\r\n                            <\/figure>\r\n                            <figure class=\"belezatransparente-carrosselit__img mobile\">\r\n                                                                    <img decoding=\"async\" src=\"https:\/\/www.grupoboticario.com.br\/beleza-transparente\/wp-content\/uploads\/sites\/7\/2026\/01\/batom-intense-grupo-boticario.png\"\r\n                                    alt=\"\" \/>\r\n                                                            <\/figure>\r\n                            <div class=\"belezatransparente-carrosselit__txt\">\r\n                                <div>\r\n                                    <p><p>L\u00e1piz labial monomaterial <\/p><\/p>\r\n                                    <p><p>El envase de la barra del l\u00e1piz labial se presenta en un frasco con base giratoria. Normalmente tiene cuatro tipos de resina en su composici\u00f3n y, dependiendo de su grado de dureza, no puede reciclarse por completo. Producido exclusivamente a partir de polipropileno (PP), el \u00fanico tipo de resina que no contiene componentes met\u00e1licos, el envase puede reutilizarse por completo. Adem\u00e1s, no es necesario separar los componentes \u00a0(procedimiento que se llevaba a cabo antes para que fuera posible reciclar parte del envase).<\/p><\/p>\r\n                                <\/div>\r\n                            <\/div>\r\n                        <\/div>\r\n                                    <\/div>\r\n            <\/div>\r\n            <div class=\"swiper-pagination\"><\/div>\r\n        <\/div>\r\n        <div class=\"swiper-button-prev\"><\/div>\r\n        <div class=\"swiper-button-next\"><\/div>\r\n    <\/div>\r\n<\/div><\/div>\n\n\n<div style=\"height:16px\" aria-hidden=\"true\" class=\"wp-block-spacer\"><\/div>\n\n\n<div class=\"lazyblock-ttl-destaque-ZB3PIA wp-block-lazyblock-ttl-destaque\"><div class=\"ttl-destaque\"><div class=\"lazyblock-inner-blocks\">\n\n<p id=\"refilavel\" style=\"font-size:30px\"><strong><em><strong>recargable<\/strong><\/em><\/strong><\/p>\n\n<\/div><\/div><\/div>\n\n\n<p>Hemos reducido significativamente el uso de pl\u00e1stico en los envases, reutiliz\u00e1ndolos con el uso de recambios. <strong>Vea algunos ejemplos:<\/strong><\/p>\n\n\n\n<div style=\"height:30px\" aria-hidden=\"true\" class=\"wp-block-spacer\"><\/div>\n\n\n\n<div class=\"wp-block-columns is-layout-flex wp-container-core-columns-is-layout-9d6595d7 wp-block-columns-is-layout-flex\">\n<div class=\"wp-block-column is-layout-flow wp-block-column-is-layout-flow\" style=\"flex-basis:33.33%\">\n<figure class=\"wp-block-image size-full\"><img loading=\"lazy\" decoding=\"async\" width=\"654\" height=\"975\" src=\"https:\/\/www.grupoboticario.com.br\/beleza-transparente\/wp-content\/uploads\/sites\/7\/2026\/01\/refil-arbo-grupo-boticario.png\" alt=\"\" class=\"wp-image-1065\" style=\"aspect-ratio:4\/3;object-fit:cover\" srcset=\"https:\/\/www.grupoboticario.com.br\/beleza-transparente\/wp-content\/uploads\/sites\/7\/2026\/01\/refil-arbo-grupo-boticario.png 654w, https:\/\/www.grupoboticario.com.br\/beleza-transparente\/wp-content\/uploads\/sites\/7\/2026\/01\/refil-arbo-grupo-boticario-201x300.png 201w, https:\/\/www.grupoboticario.com.br\/beleza-transparente\/wp-content\/uploads\/sites\/7\/2026\/01\/refil-arbo-grupo-boticario-40x60.png 40w, https:\/\/www.grupoboticario.com.br\/beleza-transparente\/wp-content\/uploads\/sites\/7\/2026\/01\/refil-arbo-grupo-boticario-67x100.png 67w, https:\/\/www.grupoboticario.com.br\/beleza-transparente\/wp-content\/uploads\/sites\/7\/2026\/01\/refil-arbo-grupo-boticario-117x175.png 117w, https:\/\/www.grupoboticario.com.br\/beleza-transparente\/wp-content\/uploads\/sites\/7\/2026\/01\/refil-arbo-grupo-boticario-288x430.png 288w, https:\/\/www.grupoboticario.com.br\/beleza-transparente\/wp-content\/uploads\/sites\/7\/2026\/01\/refil-arbo-grupo-boticario-262x390.png 262w\" sizes=\"auto, (max-width: 654px) 100vw, 654px\" \/><\/figure>\n<\/div>\n\n\n\n<div class=\"wp-block-column is-vertically-aligned-center is-layout-flow wp-block-column-is-layout-flow\" style=\"flex-basis:66.66%\">\n<p><strong><strong>RECAMBIOS DE ALUMINIO ARBO <\/strong><\/strong><\/p>\n\n\n\n<p>El recambio de aluminio del lanzamiento Arbo Forest, adem\u00e1s de la innovaci\u00f3n en perfumer\u00eda con recambio, permite reducir el peso del envase en un 89% con respecto al envase original.<\/p>\n<\/div>\n<\/div>\n\n\n\n<div class=\"wp-block-columns is-layout-flex wp-container-core-columns-is-layout-9d6595d7 wp-block-columns-is-layout-flex\">\n<div class=\"wp-block-column is-vertically-aligned-center is-layout-flow wp-block-column-is-layout-flow\" style=\"flex-basis:66.66%\">\n<p class=\"has-text-align-right\"><strong><strong>RECAMBIOS DE ALUMINIO DE LA L\u00cdNEA O.U.I. EAU DE PARFUM<\/strong><\/strong><\/p>\n\n\n\n<p class=\"has-text-align-right\">El recambio es una forma sostenible e innovadora de reponer por completo el contenido de su Eau de Parfum. Adem\u00e1s de reutilizar un frasco ya existente, el recambio permite reducir el peso del envase en un 91%, con lo que se reducen los gases de efecto invernadero derivados del transporte.<\/p>\n<\/div>\n\n\n\n<div class=\"wp-block-column is-layout-flow wp-block-column-is-layout-flow\" style=\"flex-basis:33.33%\">\n<figure class=\"wp-block-image size-full\"><img loading=\"lazy\" decoding=\"async\" width=\"610\" height=\"425\" src=\"https:\/\/www.grupoboticario.com.br\/beleza-transparente\/wp-content\/uploads\/sites\/7\/2026\/01\/refil-embalagem-oui-grupo-boticario.png\" alt=\"\" class=\"wp-image-1064\" srcset=\"https:\/\/www.grupoboticario.com.br\/beleza-transparente\/wp-content\/uploads\/sites\/7\/2026\/01\/refil-embalagem-oui-grupo-boticario.png 610w, https:\/\/www.grupoboticario.com.br\/beleza-transparente\/wp-content\/uploads\/sites\/7\/2026\/01\/refil-embalagem-oui-grupo-boticario-300x209.png 300w, https:\/\/www.grupoboticario.com.br\/beleza-transparente\/wp-content\/uploads\/sites\/7\/2026\/01\/refil-embalagem-oui-grupo-boticario-60x42.png 60w, https:\/\/www.grupoboticario.com.br\/beleza-transparente\/wp-content\/uploads\/sites\/7\/2026\/01\/refil-embalagem-oui-grupo-boticario-144x100.png 144w, https:\/\/www.grupoboticario.com.br\/beleza-transparente\/wp-content\/uploads\/sites\/7\/2026\/01\/refil-embalagem-oui-grupo-boticario-251x175.png 251w, https:\/\/www.grupoboticario.com.br\/beleza-transparente\/wp-content\/uploads\/sites\/7\/2026\/01\/refil-embalagem-oui-grupo-boticario-485x338.png 485w, https:\/\/www.grupoboticario.com.br\/beleza-transparente\/wp-content\/uploads\/sites\/7\/2026\/01\/refil-embalagem-oui-grupo-boticario-560x390.png 560w\" sizes=\"auto, (max-width: 610px) 100vw, 610px\" \/><\/figure>\n<\/div>\n<\/div>\n\n\n\n<div style=\"height:16px\" aria-hidden=\"true\" class=\"wp-block-spacer\"><\/div>\n\n\n<div class=\"lazyblock-fundo-largura-full-novo-19rjFH fundo-escuro wp-block-lazyblock-fundo-largura-full-novo\"><div class=\"largura-full \" style=\"background-color: #081d36;\">\r\n      <div class=\"wrapper__medium\">\r\n    <div class=\"lazyblock-inner-blocks\">\n\n<div style=\"height:30px\" aria-hidden=\"true\" class=\"wp-block-spacer\"><\/div>\n\n\n\n<div class=\"wp-block-columns is-layout-flex wp-container-core-columns-is-layout-9d6595d7 wp-block-columns-is-layout-flex\">\n<div class=\"wp-block-column is-vertically-aligned-center is-layout-flow wp-block-column-is-layout-flow\" style=\"flex-basis:40%\">\n<figure class=\"wp-block-image size-full\"><img loading=\"lazy\" decoding=\"async\" width=\"610\" height=\"425\" src=\"https:\/\/www.grupoboticario.com.br\/beleza-transparente\/wp-content\/uploads\/sites\/7\/2026\/01\/refil-maquiagem-grupo-boticario-1.png\" alt=\"\" class=\"wp-image-1066\" srcset=\"https:\/\/www.grupoboticario.com.br\/beleza-transparente\/wp-content\/uploads\/sites\/7\/2026\/01\/refil-maquiagem-grupo-boticario-1.png 610w, https:\/\/www.grupoboticario.com.br\/beleza-transparente\/wp-content\/uploads\/sites\/7\/2026\/01\/refil-maquiagem-grupo-boticario-1-300x209.png 300w, https:\/\/www.grupoboticario.com.br\/beleza-transparente\/wp-content\/uploads\/sites\/7\/2026\/01\/refil-maquiagem-grupo-boticario-1-60x42.png 60w, https:\/\/www.grupoboticario.com.br\/beleza-transparente\/wp-content\/uploads\/sites\/7\/2026\/01\/refil-maquiagem-grupo-boticario-1-144x100.png 144w, https:\/\/www.grupoboticario.com.br\/beleza-transparente\/wp-content\/uploads\/sites\/7\/2026\/01\/refil-maquiagem-grupo-boticario-1-251x175.png 251w, https:\/\/www.grupoboticario.com.br\/beleza-transparente\/wp-content\/uploads\/sites\/7\/2026\/01\/refil-maquiagem-grupo-boticario-1-485x338.png 485w, https:\/\/www.grupoboticario.com.br\/beleza-transparente\/wp-content\/uploads\/sites\/7\/2026\/01\/refil-maquiagem-grupo-boticario-1-560x390.png 560w\" sizes=\"auto, (max-width: 610px) 100vw, 610px\" \/><\/figure>\n<\/div>\n\n\n\n<div class=\"wp-block-column is-vertically-aligned-center is-layout-flow wp-block-column-is-layout-flow\" style=\"flex-basis:60%\">\n<p><strong>ESTUCHES DE MAQUILLAJE RECARGABLES COMO LAS PALETAS <\/strong><br><strong>DE LA L\u00cdNEA <em>QUEM DISSE, BERENICE?<\/em><\/strong><\/p>\n\n\n\n<p>Los estuches de recambio de acomodaci\u00f3n de las sombras est\u00e1n disponibles en formatos para 2, 4 u 8 colores de sombras de ojos. En comparaci\u00f3n con las opciones del mercado, el estuche de dos colores, por ejemplo, pesa un 18% menos y el envase de recambio es un 4% m\u00e1s liviano (es decir, se consume menos material).<\/p>\n<\/div>\n<\/div>\n\n\n\n<div style=\"height:30px\" aria-hidden=\"true\" class=\"wp-block-spacer\"><\/div>\n\n<\/div>\r\n  <\/div>\r\n<\/div><\/div>\n\n\n<div style=\"height:16px\" aria-hidden=\"true\" class=\"wp-block-spacer\"><\/div>\n\n\n\n<p><strong><strong>RECAMBIO PARA BASE CUSHION Y POLVOS COMPACTOS MAKE B. <\/strong><\/strong><\/p>\n\n\n\n<p>Con la base de maquillaje cushion, hemos reducido la cantidad de pl\u00e1stico que se desecha en el medio ambiente en m\u00e1s de un 90% al a\u00f1o. Con el nuevo polvo compacto, la reducci\u00f3n ha sido de m\u00e1s del 70%. Hemos reducido m\u00e1s de 25 toneladas de pl\u00e1stico al a\u00f1o. Eso equivale a m\u00e1s de 60.000 litros de petr\u00f3leo evitados al a\u00f1o.<\/p>\n\n\n\n<div style=\"height:16px\" aria-hidden=\"true\" class=\"wp-block-spacer\"><\/div>\n\n\n<div class=\"lazyblock-carrossel-imagem-texto-1BDSTC wp-block-lazyblock-carrossel-imagem-texto\"><div class=\"belezatransparente-carrosselit\">\r\n    <div class=\"wrapper__medium belezatransparente-carrosselit__wrapper\">\r\n        <div class=\"wrapper__small\">\r\n            <div class=\"swiper belezatransparente-carrosselit__swiper\">\r\n                <div class=\"swiper-wrapper\">\r\n                                            <div class=\"swiper-slide belezatransparente-carrosselit__slide\">\r\n                            <figure class=\"belezatransparente-carrosselit__img desk\">\r\n                                <img decoding=\"async\" src=\"https:\/\/www.grupoboticario.com.br\/beleza-transparente\/wp-content\/uploads\/sites\/7\/2026\/01\/futuro-das-embalagens-grupo-boticario.png\"\r\n                                    alt=\"\" \/>\r\n                            <\/figure>\r\n                            <figure class=\"belezatransparente-carrosselit__img mobile\">\r\n                                                                    <img decoding=\"async\" src=\"https:\/\/www.grupoboticario.com.br\/beleza-transparente\/wp-content\/uploads\/sites\/7\/2026\/01\/futuro-das-embalagens-grupo-boticario.png\"\r\n                                    alt=\"\" \/>\r\n                                                            <\/figure>\r\n                            <div class=\"belezatransparente-carrosselit__txt\">\r\n                                <div>\r\n                                    <p><p>RECAMBIO PARA LA BASE L\u00cdQUIDA EUDORA GLAM <\/p><\/p>\r\n                                    <p><p>El recambio de la Base L\u00edquida Glam elimina la necesidad de desechar su envase original. Ya no se tiran m\u00e1s de 401 toneladas de pl\u00e1stico y el envase del recambio contiene un 83 % menos de pl\u00e1stico que el envase original del producto acabado.<\/p><\/p>\r\n                                <\/div>\r\n                            <\/div>\r\n                        <\/div>\r\n                                    <\/div>\r\n            <\/div>\r\n            <div class=\"swiper-pagination\"><\/div>\r\n        <\/div>\r\n        <div class=\"swiper-button-prev\"><\/div>\r\n        <div class=\"swiper-button-next\"><\/div>\r\n    <\/div>\r\n<\/div><\/div>\n\n\n<div style=\"height:60px\" aria-hidden=\"true\" id=\"produtos-com-plastico-reciclado\" class=\"wp-block-spacer\"><\/div>\n\n\n<div class=\"lazyblock-fundo-largura-full-novo-qhO8L wp-block-lazyblock-fundo-largura-full-novo\"><div class=\"largura-full \" style=\"background-color: #F5F1EB;\">\r\n      <div class=\"wrapper__medium\">\r\n    <div class=\"lazyblock-inner-blocks\">\n\n<div style=\"height:30px\" aria-hidden=\"true\" class=\"wp-block-spacer\"><\/div>\n\n\n<div class=\"lazyblock-ttl-destaque-ZeBbNV wp-block-lazyblock-ttl-destaque\"><div class=\"ttl-destaque\"><div class=\"lazyblock-inner-blocks\">\n\n<p style=\"font-size:30px\"><strong><em><strong>productos con pl\u00e1stico reciclado<\/strong><\/em><\/strong><\/p>\n\n<\/div><\/div><\/div>\n\n\n<div style=\"height:16px\" aria-hidden=\"true\" class=\"wp-block-spacer\"><\/div>\n\n\n<div class=\"lazyblock-carrossel-imagem-texto-dgaDk wp-block-lazyblock-carrossel-imagem-texto\"><div class=\"belezatransparente-carrosselit\">\r\n    <div class=\"wrapper__medium belezatransparente-carrosselit__wrapper\">\r\n        <div class=\"wrapper__small\">\r\n            <div class=\"swiper belezatransparente-carrosselit__swiper\">\r\n                <div class=\"swiper-wrapper\">\r\n                                            <div class=\"swiper-slide belezatransparente-carrosselit__slide\">\r\n                            <figure class=\"belezatransparente-carrosselit__img desk\">\r\n                                <img decoding=\"async\" src=\"https:\/\/www.grupoboticario.com.br\/beleza-transparente\/wp-content\/uploads\/sites\/7\/2026\/01\/nativa-spa-grupo-boticario.png\"\r\n                                    alt=\"\" \/>\r\n                            <\/figure>\r\n                            <figure class=\"belezatransparente-carrosselit__img mobile\">\r\n                                                                    <img decoding=\"async\" src=\"https:\/\/www.grupoboticario.com.br\/beleza-transparente\/wp-content\/uploads\/sites\/7\/2026\/01\/nativa-spa-grupo-boticario.png\"\r\n                                    alt=\"\" \/>\r\n                                                            <\/figure>\r\n                            <div class=\"belezatransparente-carrosselit__txt\">\r\n                                <div>\r\n                                    <p><p>L\u00cdNEA DE CUIDADOS NATIVA SPA<\/p><\/p>\r\n                                    <p><p>Casi toda la l\u00ednea Nativa Spa presenta envases de pl\u00e1stico reciclado (PCR). Los aceites corporales, por ejemplo, tienen un envase 100% PCR. Para comunicar mejor este compromiso al consumidor, nuestros envases llevan una etiqueta que dice &#8220;con pl\u00e1stico reciclado&#8221;.<\/p><\/p>\r\n                                <\/div>\r\n                            <\/div>\r\n                        <\/div>\r\n                                            <div class=\"swiper-slide belezatransparente-carrosselit__slide\">\r\n                            <figure class=\"belezatransparente-carrosselit__img desk\">\r\n                                <img decoding=\"async\" src=\"https:\/\/www.grupoboticario.com.br\/wp-content\/uploads\/2023\/06\/papel-reciclado-e1687460186146.jpg\"\r\n                                    alt=\"\" \/>\r\n                            <\/figure>\r\n                            <figure class=\"belezatransparente-carrosselit__img mobile\">\r\n                                                                    <img decoding=\"async\" src=\"https:\/\/www.grupoboticario.com.br\/wp-content\/uploads\/2023\/06\/papel-reciclado-e1687460186146.jpg\"\r\n                                    alt=\"\" \/>\r\n                                                            <\/figure>\r\n                            <div class=\"belezatransparente-carrosselit__txt\">\r\n                                <div>\r\n                                    <p><p>Papel reciclado <\/p><\/p>\r\n                                    <p><p>Optamos preferentemente por el uso de papel reciclado obtenido a partir de residuos para nuestros cartuchos, adem\u00e1s de garantizar el origen de la materia prima en el porcentaje que procede de material virgen mediante la certificaci\u00f3n FSC (Forest Stewardship Council).<\/p><\/p>\r\n                                <\/div>\r\n                            <\/div>\r\n                        <\/div>\r\n                                    <\/div>\r\n            <\/div>\r\n            <div class=\"swiper-pagination\"><\/div>\r\n        <\/div>\r\n        <div class=\"swiper-button-prev\"><\/div>\r\n        <div class=\"swiper-button-next\"><\/div>\r\n    <\/div>\r\n<\/div><\/div>\n\n\n<div style=\"height:16px\" aria-hidden=\"true\" class=\"wp-block-spacer\"><\/div>\n\n\n\n<h4 class=\"wp-block-heading has-small-font-size\" style=\"text-transform:none\"><\/h4>\n\n\n\n<div class=\"wp-block-columns is-layout-flex wp-container-core-columns-is-layout-9d6595d7 wp-block-columns-is-layout-flex\">\n<div class=\"wp-block-column is-layout-flow wp-block-column-is-layout-flow\" style=\"flex-basis:60%\">\n<p><strong><strong>CARTUCHO DE LOS KITS D\u00cdA DEL PADRE DE 2021<\/strong><\/strong><\/p>\n\n\n\n<p>Se produjeron utilizando papel usado de las f\u00e1bricas del Grupo Botic\u00e1rio.<br>Hemos completado el ciclo de nuestros residuos, reutiliz\u00e1ndolos para producir nuevos kits. Ya no tuvimos que comprar 16 toneladas de papel para reincorporar los residuos de la f\u00e1brica, produciendo los nuevos cartuchos.<\/p>\n<\/div>\n\n\n\n<div class=\"wp-block-column is-layout-flow wp-block-column-is-layout-flow\" style=\"flex-basis:40%\">\n<p><strong><strong>CINTA DE LOS ESTUCHES DE FECHAS CONMEMORATIVAS<\/strong><\/strong><\/p>\n\n\n\n<p>Uso de cinta con un 50% de PET reciclado: al utilizar este porcentaje, pudimos evitar la eliminaci\u00f3n de unas 420.000 botellas PET.<\/p>\n<\/div>\n<\/div>\n\n\n\n<p><strong><strong>SURLYN RECICLADO <\/strong><\/strong><\/p>\n\n\n\n<p>El Grupo Botic\u00e1rio ha desarrollado un proceso in\u00e9dito en Am\u00e9rica Latina para reciclar tapones de perfume fabricados con Surlyn, un ion\u00f3mero fabricado por Dow. Por ser tan compleja, esta materia prima, a pesar de ser reciclable en otras categor\u00edas, no hab\u00eda sido viable en el sector de cosm\u00e9ticos. Con la tecnolog\u00eda desarrollada en sociedad con Wise, Aptar y Dow, los tapones pueden ser recogidos despu\u00e9s del consumo, separados por cooperativas de reciclaje, transformados nuevamente en resina (Surlyn PCR) y finalmente reincorporados en nuevos tapones para nuevos productos disponibles al consumidor.<\/p>\n\n\n\n<div style=\"height:30px\" aria-hidden=\"true\" class=\"wp-block-spacer\"><\/div>\n\n<\/div>\r\n  <\/div>\r\n<\/div><\/div>\n\n\n<div style=\"height:16px\" aria-hidden=\"true\" class=\"wp-block-spacer\"><\/div>\n\n\n\n<p><strong><strong>LANZAMIENTO DE FLORATTA CON USO DE SURLYN PCR<\/strong><\/strong><\/p>\n\n\n\n<p>A partir del reciclado de las tapas de recogida de nuestras f\u00e1bricas y de los programas de log\u00edstica inversa del GB. Reincorporamos cerca de 3 toneladas de material reciclado, dejando de utilizar 3 toneladas de Surlyn virgen. Como resultado, obtuvimos un reembolso de 250.000 reales por el desarrollo del proceso que permite reciclar el material, as\u00ed como una reducci\u00f3n de <em>footprint<\/em>&nbsp;del 10% en comparaci\u00f3n con el proceso de Surlyn virgen.<\/p>\n\n\n\n<p><strong><strong>VIDRIO RECICLADO <\/strong><\/strong><\/p>\n\n\n\n<p>Hemos optado preferentemente por el uso de vidrio reciclado obtenido a partir de residuos para nuestros envases.<\/p>\n\n\n\n<p>Las botellas de Malbec Club Intenso se fabrican con un 35% de vidrio reciclado postconsumo (PCR) y un 10% de fragmentos de residuos de la producci\u00f3n de vidrio. Esto significa que cada a\u00f1o se reutilizan m\u00e1s de 180 toneladas de vidrio, lo que equivale a m\u00e1s de 700.000 botellas de Malbec. Esta innovaci\u00f3n en sostenibilidad asegur\u00f3 el Premio Oro de ABRE en 2019, en la categor\u00eda de sostenibilidad.<\/p>\n\n\n\n<div style=\"height:16px\" aria-hidden=\"true\" class=\"wp-block-spacer\"><\/div>\n\n\n<div class=\"lazyblock-fundo-largura-full-novo-vdbY0 wp-block-lazyblock-fundo-largura-full-novo\"><div class=\"largura-full \" style=\"background-color: #f5f1eb;\">\r\n      <div class=\"wrapper__medium\">\r\n    <div class=\"lazyblock-inner-blocks\">\n\n<div class=\"wp-block-columns is-layout-flex wp-container-core-columns-is-layout-9d6595d7 wp-block-columns-is-layout-flex\">\n<div class=\"wp-block-column is-vertically-aligned-center is-layout-flow wp-block-column-is-layout-flow\" style=\"flex-basis:60%\">\n<p><strong><strong>L\u00cdNEA BOTIK <\/strong><\/strong><\/p>\n\n\n\n<p>Los s\u00e9rums y cremas de Botik utilizan frascos de vidrio \u00e1mbar fabricados con material reciclado, con lo que se ahorran 23 toneladas de vidrio al a\u00f1o.<\/p>\n<\/div>\n\n\n\n<div class=\"wp-block-column is-vertically-aligned-center is-layout-flow wp-block-column-is-layout-flow\" style=\"flex-basis:40%\">\n<figure class=\"wp-block-image size-full\"><img loading=\"lazy\" decoding=\"async\" width=\"610\" height=\"425\" src=\"https:\/\/www.grupoboticario.com.br\/beleza-transparente\/wp-content\/uploads\/sites\/7\/2026\/01\/botik-grupo-boticario.png\" alt=\"\" class=\"wp-image-1070\" srcset=\"https:\/\/www.grupoboticario.com.br\/beleza-transparente\/wp-content\/uploads\/sites\/7\/2026\/01\/botik-grupo-boticario.png 610w, https:\/\/www.grupoboticario.com.br\/beleza-transparente\/wp-content\/uploads\/sites\/7\/2026\/01\/botik-grupo-boticario-300x209.png 300w, https:\/\/www.grupoboticario.com.br\/beleza-transparente\/wp-content\/uploads\/sites\/7\/2026\/01\/botik-grupo-boticario-60x42.png 60w, https:\/\/www.grupoboticario.com.br\/beleza-transparente\/wp-content\/uploads\/sites\/7\/2026\/01\/botik-grupo-boticario-144x100.png 144w, https:\/\/www.grupoboticario.com.br\/beleza-transparente\/wp-content\/uploads\/sites\/7\/2026\/01\/botik-grupo-boticario-251x175.png 251w, https:\/\/www.grupoboticario.com.br\/beleza-transparente\/wp-content\/uploads\/sites\/7\/2026\/01\/botik-grupo-boticario-485x338.png 485w, https:\/\/www.grupoboticario.com.br\/beleza-transparente\/wp-content\/uploads\/sites\/7\/2026\/01\/botik-grupo-boticario-560x390.png 560w\" sizes=\"auto, (max-width: 610px) 100vw, 610px\" \/><\/figure>\n<\/div>\n<\/div>\n\n<\/div>\r\n  <\/div>\r\n<\/div><\/div>\n\n\n<div style=\"height:16px\" aria-hidden=\"true\" class=\"wp-block-spacer\"><\/div>\n\n\n<div class=\"lazyblock-ttl-destaque-ZCsugK wp-block-lazyblock-ttl-destaque\"><div class=\"ttl-destaque\"><div class=\"lazyblock-inner-blocks\">\n\n<p id=\"embalagem-com-material-de-fonte-renovavel\" style=\"font-size:30px\"><strong><em><strong>reducci\u00f3n del impacto en la cadena<\/strong><\/em><\/strong><\/p>\n\n<\/div><\/div><\/div>\n\n\n<div style=\"height:5px\" aria-hidden=\"true\" class=\"wp-block-spacer\"><\/div>\n\n\n\n<p>En Ecodesign tambi\u00e9n nos preocupa el impacto medioambiental durante el proceso de fabricaci\u00f3n de los envases. Nuestras soluciones son:<\/p>\n\n\n\n<div style=\"height:3px\" aria-hidden=\"true\" class=\"wp-block-spacer\"><\/div>\n\n\n<div class=\"lazyblock-fundo-largura-full-novo-ZdLdX9 fundo-escuro wp-block-lazyblock-fundo-largura-full-novo\"><div class=\"largura-full \" style=\"background-color: #081d36;\">\r\n      <div class=\"wrapper__medium\">\r\n    <div class=\"lazyblock-inner-blocks\">\n\n<div style=\"height:16px\" aria-hidden=\"true\" class=\"wp-block-spacer\"><\/div>\n\n\n\n<h4 class=\"wp-block-heading\" style=\"text-transform:none\"><strong><em><strong>Material de fuente renovable<\/strong><\/em><\/strong><\/h4>\n\n\n\n<p>El pl\u00e1stico vegetal o pl\u00e1stico verde es el polietileno producido a partir del etanol de la ca\u00f1a de az\u00facar. Adem\u00e1s de ser de origen renovable, es 100% reciclable y no contribuye al calentamiento global, ya que captura y fija el di\u00f3xido de carbono de la atm\u00f3sfera, ayudando a reducir las emisiones de gases de efecto invernadero. Tiene las mismas caracter\u00edsticas que el polietileno tradicional. Los envases de la l\u00ednea <em>Cuide-se Bem<\/em>&nbsp;se fabrican a partir de ca\u00f1a de az\u00facar y evitan la emisi\u00f3n de aproximadamente tres mil toneladas de CO2 al a\u00f1o.<\/p>\n\n\n\n<h4 class=\"wp-block-heading\" style=\"text-transform:none\"><strong><em><strong>Etiquetas reciclables<\/strong><\/em><\/strong><\/h4>\n\n\n\n<p>El proceso de etiquetado de los frascos produce un residuo (liner) que no es reciclable, pero intentamos sustituirlo por un liner de PET 100% reciclable en nuestra producci\u00f3n.<\/p>\n\n\n\n<h4 class=\"wp-block-heading\" style=\"text-transform:none\"><strong><em><strong>Ciclo de vida sostenible<\/strong><\/em><\/strong><\/h4>\n\n\n\n<p>A lo largo del ciclo de vida del producto, nos esforzamos por desarrollar envases con el objetivo de reducir el impacto medioambiental en todas las fases de fabricaci\u00f3n.<\/p>\n\n\n\n<h4 class=\"wp-block-heading\" style=\"text-transform:none\"><strong><em><strong>Reutilizaci\u00f3n<\/strong><\/em><\/strong><\/h4>\n\n\n\n<p>Dise\u00f1o de envases para la reutilizaci\u00f3n de moldes desactivados, sin necesidad de construir uno nuevo. Como resultado, un mayor ahorro en el consumo de acero de aproximadamente 1 tonelada por cada formato de envase.<\/p>\n\n\n\n<h4 class=\"wp-block-heading\" style=\"text-transform:none\"><strong><em><strong>Decoraci\u00f3n o acabado sostenible<\/strong><\/em><\/strong><\/h4>\n\n\n\n<p>Decoraci\u00f3n o acabado del envase que reduce el impacto medioambiental en el proceso de fabricaci\u00f3n.<\/p>\n\n\n\n<div style=\"height:16px\" aria-hidden=\"true\" class=\"wp-block-spacer\"><\/div>\n\n<\/div>\r\n  <\/div>\r\n<\/div><\/div>\n\n\n<div style=\"height:37px\" aria-hidden=\"true\" class=\"wp-block-spacer\"><\/div>\n\n\n<div class=\"lazyblock-ttl-destaque-25l0rP wp-block-lazyblock-ttl-destaque\"><div class=\"ttl-destaque\"><div class=\"lazyblock-inner-blocks\">\n\n<p id=\"transporte-sustentavel\" style=\"font-size:30px\"><strong><em><strong>transporte sostenible<\/strong><\/em><\/strong><\/p>\n\n<\/div><\/div><\/div>\n\n\n<p><strong><strong>SOLUCIONES SOSTENIBLES Y SEGURAS<\/strong><\/strong><\/p>\n\n\n\n<p>Eliminaci\u00f3n de elementos del embalaje como: bolsas de pl\u00e1stico, precintos y sellos que no tienen ning\u00fan impacto en el rendimiento, la funcionalidad o la seguridad del producto. De este modo, garantizamos una reducci\u00f3n del impacto medioambiental.<\/p>\n\n\n\n<div class=\"wp-block-columns is-layout-flex wp-container-core-columns-is-layout-9d6595d7 wp-block-columns-is-layout-flex\">\n<div class=\"wp-block-column is-layout-flow wp-block-column-is-layout-flow\" style=\"flex-basis:60%\">\n<p><strong><strong>DISE\u00d1O DE EMBALAJES INTELIGENTES PARA EL TRANSPORTE <\/strong><\/strong><\/p>\n\n\n\n<p>Mejor aprovechamiento de las cajas de transporte con un elaborado dise\u00f1o del embalaje tratando de garantizar un ajuste perfecto. De este modo, podemos transportar m\u00e1s productos de la f\u00e1brica al Centro de Distribuci\u00f3n, con la consiguiente reducci\u00f3n de emisiones de CO2 en el planeta.<\/p>\n<\/div>\n\n\n\n<div class=\"wp-block-column is-layout-flow wp-block-column-is-layout-flow\" style=\"flex-basis:40%\">\n<p><strong><strong>NACIONALIZACI\u00d3N <\/strong><\/strong><\/p>\n\n\n\n<p>Con miras a reducir las emisiones de CO2 en el planeta, valoramos a los socios nacionales para el suministro de nuestros envases.<\/p>\n<\/div>\n<\/div>\n\n\n\n<div style=\"height:100px\" aria-hidden=\"true\" id=\"p\u00f3s-consumo\" class=\"wp-block-spacer\"><\/div>\n\n\n<div class=\"lazyblock-fundo-largura-full-novo-Z17A8FE wp-block-lazyblock-fundo-largura-full-novo\"><div class=\"largura-full \" style=\"background-color: #F5F1EB;\">\r\n      <div class=\"wrapper__medium\">\r\n    <div class=\"lazyblock-inner-blocks\">\n\n<div style=\"height:30px\" aria-hidden=\"true\" class=\"wp-block-spacer\"><\/div>\n\n\n<div class=\"lazyblock-ttl-destaque-Z1Etq5Q wp-block-lazyblock-ttl-destaque\"><div class=\"ttl-destaque\"><div class=\"lazyblock-inner-blocks\">\n\n<p id=\"pos-consumo\" style=\"font-size:30px\"><strong><em><strong>postconsumo<\/strong><\/em><\/strong><\/p>\n\n<\/div><\/div><\/div>\n\n\n<p>Adem\u00e1s, nuestro programa de log\u00edstica inversa para envases postconsumo es el mayor en n\u00famero de puntos de recogida de Brasil.<br>Al fin y al cabo, est\u00e1 presente en el 100% de nuestras tiendas, con m\u00e1s de 4.000 puntos de venta que reciben envases de cualquier marca cosm\u00e9tica y los env\u00edan a cooperativas de reciclaje que benefician a miles de recicladores.<\/p>\n\n\n\n<div style=\"height:30px\" aria-hidden=\"true\" class=\"wp-block-spacer\"><\/div>\n\n<\/div>\r\n  <\/div>\r\n<\/div><\/div>\n\n<div class=\"wp-block-image\">\n<figure class=\"aligncenter size-full\"><img decoding=\"async\" src=\"https:\/\/www.grupoboticario.com.br\/wp-content\/uploads\/2023\/05\/img-embalagens1.png\" alt=\"\" class=\"wp-image-20768\" \/><\/figure>\n<\/div>\n\n\n<div style=\"height:67px\" aria-hidden=\"true\" class=\"wp-block-spacer\"><\/div>\n\n\n\n<figure class=\"wp-block-embed is-type-video is-provider-youtube wp-block-embed-youtube wp-embed-aspect-16-9 wp-has-aspect-ratio\"><div class=\"wp-block-embed__wrapper\">\n<iframe loading=\"lazy\"  id=\"_ytid_20172\"  width=\"800\" height=\"450\"  data-origwidth=\"800\" data-origheight=\"450\"  data-relstop=\"1\" src=\"https:\/\/www.youtube.com\/embed\/8hLjAkrFJR0?enablejsapi=1&#038;autoplay=0&#038;cc_load_policy=0&#038;cc_lang_pref=&#038;iv_load_policy=1&#038;loop=0&#038;rel=0&#038;fs=1&#038;playsinline=0&#038;autohide=2&#038;theme=dark&#038;color=red&#038;controls=1&#038;disablekb=0&#038;\" class=\"__youtube_prefs__  epyt-is-override  no-lazyload\" title=\"YouTube player\"  allow=\"fullscreen; accelerometer; autoplay; clipboard-write; encrypted-media; gyroscope; picture-in-picture; web-share\" referrerpolicy=\"strict-origin-when-cross-origin\" allowfullscreen data-no-lazy=\"1\" data-skipgform_ajax_framebjll=\"\"><\/iframe>\n<\/div><\/figure>\n\n\n\n<h4 class=\"wp-block-heading has-medium-font-size\" style=\"text-transform:none\"><strong><em>I.A.R.A.\u00ae 2.0 &#8211; <strong>Embalajes<\/strong><\/em><\/strong><\/h4>\n\n\n\n<p>En colaboraci\u00f3n con <strong>EMBRAPII <\/strong>y <strong>SENAI<\/strong>, hemos desarrollado una metodolog\u00eda que permite evaluar la (bio)degradaci\u00f3n de composiciones de envases de pl\u00e1stico y la ecotoxicidad a escala de laboratorio y en un entorno simulado.<\/p>\n\n\n\n<p>\u00bfSabe para qu\u00e9 sirve el an\u00e1lisis de ecotoxicidad? Es una herramienta importante para ayudar a seleccionar materias primas en el proceso de formulaci\u00f3n de productos cosm\u00e9ticos. De esta manera, se logra desarrollar productos m\u00e1s sostenibles y con menor impacto en el medio acu\u00e1tico, lo que implica un menor riesgo para el medio ambiente, adem\u00e1s de ayudar a generar indicadores de sostenibilidad.<\/p>\n\n\n\n<p><\/p>\n\n\n<div class=\"lazyblock-ttl-destaque-ZOLPJ1 wp-block-lazyblock-ttl-destaque\"><div class=\"ttl-destaque\"><div class=\"lazyblock-inner-blocks\">\n\n<p id=\"pet-pcr\" style=\"font-size:30px\"><strong><em><strong>PET PCR recogido de las playas x econom\u00eda circular<\/strong><\/em><\/strong><\/p>\n\n<\/div><\/div><\/div>\n\n\n<p>El pl\u00e1stico recogido en el litoral de S\u00e3o Paulo va a garantizar envases 100% sostenibles para los nuevos productos del Grupo Botic\u00e1rio. En asociaci\u00f3n con Globalpet y cooperativas del litoral paulista, el GB pretende retirar 265 toneladas\/mes de residuos pl\u00e1sticos de las playas, que se utilizar\u00e1n para producir miles de envases de cosm\u00e9ticos. Hacer que la industria sea m\u00e1s sostenible es una de las misiones del Grupo, que ha estado buscando alternativas para producir envases de pl\u00e1stico ecol\u00f3gicamente responsables.<\/p>\n\n\n\n<p><strong><em><strong>Con esta intenci\u00f3n naci\u00f3 el proyecto Seaside, un frente en el \u00e1rea de Investigaci\u00f3n y Desarrollo.<\/strong><\/em><\/strong><\/p>\n\n\n\n<div style=\"height:16px\" aria-hidden=\"true\" class=\"wp-block-spacer\"><\/div>\n\n\n<div class=\"lazyblock-fundo-largura-full-novo-F6nLt fundo-escuro wp-block-lazyblock-fundo-largura-full-novo\"><div class=\"largura-full \" style=\"background-color: #081d36;\">\r\n      <div class=\"wrapper__medium\">\r\n    <div class=\"lazyblock-inner-blocks\">\n\n<div style=\"height:30px\" aria-hidden=\"true\" class=\"wp-block-spacer\"><\/div>\n\n\n\n<p>El objetivo del proyecto es aprovechar los residuos pl\u00e1sticos que se desechan incorrectamente en las playas, para evitar que lleguen a los oc\u00e9anos y transformarlos en nuevos envases para los productos del Grupo. En la primera fase del proyecto, en colaboraci\u00f3n con Globalpet, que compra el pl\u00e1stico a cooperativas y recolectores del litoral de S\u00e3o Paulo, se prev\u00e9 recoger aproximadamente 265 toneladas\/mes de pl\u00e1stico PET que se procesar\u00e1n, transformar\u00e1n en resina y dar\u00e1n lugar a envases para protectores solares y otros art\u00edculos de nuestra cartera, <strong>todo esto garantiz\u00e1ndole al consumidor la misma calidad y seguridad habitual de nuestros envases<\/strong><\/p>\n\n\n\n<div style=\"height:30px\" aria-hidden=\"true\" class=\"wp-block-spacer\"><\/div>\n\n<\/div>\r\n  <\/div>\r\n<\/div><\/div>\n\n\n<div style=\"height:16px\" aria-hidden=\"true\" class=\"wp-block-spacer\"><\/div>\n\n\n\n<p>Enfocado en la sostenibilidad, la Econom\u00eda Circular, la reducci\u00f3n del impacto ambiental y la reducci\u00f3n del impacto social, Seaside, a trav\u00e9s de Globalpet, tambi\u00e9n va a beneficiar a 316 familias de trabajadores de cooperativas en siete ciudades costeras de S\u00e3o Paulo: Guaruj\u00e1, Itanha\u00e9m, Mongagu\u00e1, Peru\u00edbe, Praia Grande, Santos y S\u00e3o Vicente.<\/p>\n\n\n\n<p>El gran volumen de residuos pl\u00e1sticos que se recoger\u00e1n en las playas de S\u00e3o Paulo es de por s\u00ed muy significativo para la protecci\u00f3n del medio ambiente.<\/p>\n\n\n\n<p>Sin embargo, con vistas al futuro de este material, cada kilo de resina obtenido a partir de los residuos recogidos de material PET PCR podr\u00e1 hacer producir 35 nuevas botellas de 237 ml. En cuanto a los envases de 125 ml por producto, se podr\u00e1n obtener 55 botellas nuevas por cada kilo de resina.<\/p>\n\n\n\n<p><\/p>\n","protected":false},"excerpt":{"rendered":"<p>ECODESIGN YMATERIALESSOSTENIBLES RECARGABLE PRODUCTOSCON PL\u00c1STICORECICLADO REDUCCI\u00d3N DELIMPACTO EN LA CADENA TRANSPORTESOSTENIBLE POSTCONSUMO PET PCR El envasado es un aspecto central del desarrollo de productos y de nuestra forma de pensar sobre los residuos en nuestro ecosistema de belleza. Estamos en constante evoluci\u00f3n, buscando avances cient\u00edficos en materiales y m\u00e9todos. Adem\u00e1s, el envasado es una parte [&hellip;]<\/p>\n","protected":false},"author":8,"featured_media":0,"parent":0,"menu_order":0,"comment_status":"closed","ping_status":"closed","template":"beleza-transparente.php","meta":{"_acf_changed":true,"inline_featured_image":false,"footnotes":""},"class_list":["post-314","page","type-page","status-publish","hentry"],"acf":[],"yoast_head":"<!-- This site is optimized with the Yoast SEO plugin v27.4 - https:\/\/yoast.com\/product\/yoast-seo-wordpress\/ -->\n<title>El futuro de los envases - Beleza Transparente<\/title>\n<meta name=\"robots\" content=\"index, follow, max-snippet:-1, max-image-preview:large, max-video-preview:-1\" \/>\n<link rel=\"canonical\" href=\"https:\/\/www.grupoboticario.com.br\/beleza-transparente\/es\/el-futuro-de-los-envases\/\" \/>\n<meta property=\"og:locale\" content=\"pt_BR\" \/>\n<meta property=\"og:type\" content=\"article\" \/>\n<meta property=\"og:title\" content=\"El futuro de los envases - Beleza Transparente\" \/>\n<meta property=\"og:description\" content=\"ECODESIGN YMATERIALESSOSTENIBLES RECARGABLE PRODUCTOSCON PL\u00c1STICORECICLADO REDUCCI\u00d3N DELIMPACTO EN LA CADENA TRANSPORTESOSTENIBLE POSTCONSUMO PET PCR El envasado es un aspecto central del desarrollo de productos y de nuestra forma de pensar sobre los residuos en nuestro ecosistema de belleza. Estamos en constante evoluci\u00f3n, buscando avances cient\u00edficos en materiales y m\u00e9todos. Adem\u00e1s, el envasado es una parte [&hellip;]\" \/>\n<meta property=\"og:url\" content=\"https:\/\/www.grupoboticario.com.br\/beleza-transparente\/es\/el-futuro-de-los-envases\/\" \/>\n<meta property=\"og:site_name\" content=\"Beleza Transparente\" \/>\n<meta property=\"article:modified_time\" content=\"2026-01-12T20:50:15+00:00\" \/>\n<meta property=\"og:image\" content=\"https:\/\/www.grupoboticario.com.br\/beleza-transparente\/wp-content\/uploads\/sites\/7\/2024\/02\/riscos.png\" \/>\n<meta name=\"twitter:card\" content=\"summary_large_image\" \/>\n<meta name=\"twitter:label1\" content=\"Est. tempo de leitura\" \/>\n\t<meta name=\"twitter:data1\" content=\"14 minutos\" \/>\n<script type=\"application\/ld+json\" class=\"yoast-schema-graph\">{\"@context\":\"https:\\\/\\\/schema.org\",\"@graph\":[{\"@type\":\"WebPage\",\"@id\":\"https:\\\/\\\/www.grupoboticario.com.br\\\/beleza-transparente\\\/es\\\/el-futuro-de-los-envases\\\/\",\"url\":\"https:\\\/\\\/www.grupoboticario.com.br\\\/beleza-transparente\\\/es\\\/el-futuro-de-los-envases\\\/\",\"name\":\"El futuro de los envases - Beleza Transparente\",\"isPartOf\":{\"@id\":\"https:\\\/\\\/www.grupoboticario.com.br\\\/beleza-transparente\\\/#website\"},\"primaryImageOfPage\":{\"@id\":\"https:\\\/\\\/www.grupoboticario.com.br\\\/beleza-transparente\\\/es\\\/el-futuro-de-los-envases\\\/#primaryimage\"},\"image\":{\"@id\":\"https:\\\/\\\/www.grupoboticario.com.br\\\/beleza-transparente\\\/es\\\/el-futuro-de-los-envases\\\/#primaryimage\"},\"thumbnailUrl\":\"https:\\\/\\\/www.grupoboticario.com.br\\\/beleza-transparente\\\/wp-content\\\/uploads\\\/sites\\\/7\\\/2024\\\/02\\\/riscos.png\",\"datePublished\":\"2024-04-16T19:10:25+00:00\",\"dateModified\":\"2026-01-12T20:50:15+00:00\",\"breadcrumb\":{\"@id\":\"https:\\\/\\\/www.grupoboticario.com.br\\\/beleza-transparente\\\/es\\\/el-futuro-de-los-envases\\\/#breadcrumb\"},\"inLanguage\":\"pt-BR\",\"potentialAction\":[{\"@type\":\"ReadAction\",\"target\":[\"https:\\\/\\\/www.grupoboticario.com.br\\\/beleza-transparente\\\/es\\\/el-futuro-de-los-envases\\\/\"]}]},{\"@type\":\"ImageObject\",\"inLanguage\":\"pt-BR\",\"@id\":\"https:\\\/\\\/www.grupoboticario.com.br\\\/beleza-transparente\\\/es\\\/el-futuro-de-los-envases\\\/#primaryimage\",\"url\":\"https:\\\/\\\/www.grupoboticario.com.br\\\/beleza-transparente\\\/wp-content\\\/uploads\\\/sites\\\/7\\\/2024\\\/02\\\/riscos.png\",\"contentUrl\":\"https:\\\/\\\/www.grupoboticario.com.br\\\/beleza-transparente\\\/wp-content\\\/uploads\\\/sites\\\/7\\\/2024\\\/02\\\/riscos.png\",\"width\":64,\"height\":64},{\"@type\":\"BreadcrumbList\",\"@id\":\"https:\\\/\\\/www.grupoboticario.com.br\\\/beleza-transparente\\\/es\\\/el-futuro-de-los-envases\\\/#breadcrumb\",\"itemListElement\":[{\"@type\":\"ListItem\",\"position\":1,\"name\":\"In\u00edcio\",\"item\":\"https:\\\/\\\/www.grupoboticario.com.br\\\/beleza-transparente\\\/\"},{\"@type\":\"ListItem\",\"position\":2,\"name\":\"El futuro de los envases\"}]},{\"@type\":\"WebSite\",\"@id\":\"https:\\\/\\\/www.grupoboticario.com.br\\\/beleza-transparente\\\/#website\",\"url\":\"https:\\\/\\\/www.grupoboticario.com.br\\\/beleza-transparente\\\/\",\"name\":\"Beleza Transparente\",\"description\":\"\",\"potentialAction\":[{\"@type\":\"SearchAction\",\"target\":{\"@type\":\"EntryPoint\",\"urlTemplate\":\"https:\\\/\\\/www.grupoboticario.com.br\\\/beleza-transparente\\\/?s={search_term_string}\"},\"query-input\":{\"@type\":\"PropertyValueSpecification\",\"valueRequired\":true,\"valueName\":\"search_term_string\"}}],\"inLanguage\":\"pt-BR\"}]}<\/script>\n<!-- \/ Yoast SEO plugin. -->","yoast_head_json":{"title":"El futuro de los envases - Beleza Transparente","robots":{"index":"index","follow":"follow","max-snippet":"max-snippet:-1","max-image-preview":"max-image-preview:large","max-video-preview":"max-video-preview:-1"},"canonical":"https:\/\/www.grupoboticario.com.br\/beleza-transparente\/es\/el-futuro-de-los-envases\/","og_locale":"pt_BR","og_type":"article","og_title":"El futuro de los envases - Beleza Transparente","og_description":"ECODESIGN YMATERIALESSOSTENIBLES RECARGABLE PRODUCTOSCON PL\u00c1STICORECICLADO REDUCCI\u00d3N DELIMPACTO EN LA CADENA TRANSPORTESOSTENIBLE POSTCONSUMO PET PCR El envasado es un aspecto central del desarrollo de productos y de nuestra forma de pensar sobre los residuos en nuestro ecosistema de belleza. Estamos en constante evoluci\u00f3n, buscando avances cient\u00edficos en materiales y m\u00e9todos. Adem\u00e1s, el envasado es una parte [&hellip;]","og_url":"https:\/\/www.grupoboticario.com.br\/beleza-transparente\/es\/el-futuro-de-los-envases\/","og_site_name":"Beleza Transparente","article_modified_time":"2026-01-12T20:50:15+00:00","og_image":[{"url":"https:\/\/www.grupoboticario.com.br\/beleza-transparente\/wp-content\/uploads\/sites\/7\/2024\/02\/riscos.png","type":"","width":"","height":""}],"twitter_card":"summary_large_image","twitter_misc":{"Est. tempo de leitura":"14 minutos"},"schema":{"@context":"https:\/\/schema.org","@graph":[{"@type":"WebPage","@id":"https:\/\/www.grupoboticario.com.br\/beleza-transparente\/es\/el-futuro-de-los-envases\/","url":"https:\/\/www.grupoboticario.com.br\/beleza-transparente\/es\/el-futuro-de-los-envases\/","name":"El futuro de los envases - Beleza Transparente","isPartOf":{"@id":"https:\/\/www.grupoboticario.com.br\/beleza-transparente\/#website"},"primaryImageOfPage":{"@id":"https:\/\/www.grupoboticario.com.br\/beleza-transparente\/es\/el-futuro-de-los-envases\/#primaryimage"},"image":{"@id":"https:\/\/www.grupoboticario.com.br\/beleza-transparente\/es\/el-futuro-de-los-envases\/#primaryimage"},"thumbnailUrl":"https:\/\/www.grupoboticario.com.br\/beleza-transparente\/wp-content\/uploads\/sites\/7\/2024\/02\/riscos.png","datePublished":"2024-04-16T19:10:25+00:00","dateModified":"2026-01-12T20:50:15+00:00","breadcrumb":{"@id":"https:\/\/www.grupoboticario.com.br\/beleza-transparente\/es\/el-futuro-de-los-envases\/#breadcrumb"},"inLanguage":"pt-BR","potentialAction":[{"@type":"ReadAction","target":["https:\/\/www.grupoboticario.com.br\/beleza-transparente\/es\/el-futuro-de-los-envases\/"]}]},{"@type":"ImageObject","inLanguage":"pt-BR","@id":"https:\/\/www.grupoboticario.com.br\/beleza-transparente\/es\/el-futuro-de-los-envases\/#primaryimage","url":"https:\/\/www.grupoboticario.com.br\/beleza-transparente\/wp-content\/uploads\/sites\/7\/2024\/02\/riscos.png","contentUrl":"https:\/\/www.grupoboticario.com.br\/beleza-transparente\/wp-content\/uploads\/sites\/7\/2024\/02\/riscos.png","width":64,"height":64},{"@type":"BreadcrumbList","@id":"https:\/\/www.grupoboticario.com.br\/beleza-transparente\/es\/el-futuro-de-los-envases\/#breadcrumb","itemListElement":[{"@type":"ListItem","position":1,"name":"In\u00edcio","item":"https:\/\/www.grupoboticario.com.br\/beleza-transparente\/"},{"@type":"ListItem","position":2,"name":"El futuro de los envases"}]},{"@type":"WebSite","@id":"https:\/\/www.grupoboticario.com.br\/beleza-transparente\/#website","url":"https:\/\/www.grupoboticario.com.br\/beleza-transparente\/","name":"Beleza Transparente","description":"","potentialAction":[{"@type":"SearchAction","target":{"@type":"EntryPoint","urlTemplate":"https:\/\/www.grupoboticario.com.br\/beleza-transparente\/?s={search_term_string}"},"query-input":{"@type":"PropertyValueSpecification","valueRequired":true,"valueName":"search_term_string"}}],"inLanguage":"pt-BR"}]}},"_links":{"self":[{"href":"https:\/\/www.grupoboticario.com.br\/beleza-transparente\/wp-json\/wp\/v2\/pages\/314","targetHints":{"allow":["GET"]}}],"collection":[{"href":"https:\/\/www.grupoboticario.com.br\/beleza-transparente\/wp-json\/wp\/v2\/pages"}],"about":[{"href":"https:\/\/www.grupoboticario.com.br\/beleza-transparente\/wp-json\/wp\/v2\/types\/page"}],"author":[{"embeddable":true,"href":"https:\/\/www.grupoboticario.com.br\/beleza-transparente\/wp-json\/wp\/v2\/users\/8"}],"replies":[{"embeddable":true,"href":"https:\/\/www.grupoboticario.com.br\/beleza-transparente\/wp-json\/wp\/v2\/comments?post=314"}],"version-history":[{"count":0,"href":"https:\/\/www.grupoboticario.com.br\/beleza-transparente\/wp-json\/wp\/v2\/pages\/314\/revisions"}],"wp:attachment":[{"href":"https:\/\/www.grupoboticario.com.br\/beleza-transparente\/wp-json\/wp\/v2\/media?parent=314"}],"curies":[{"name":"wp","href":"https:\/\/api.w.org\/{rel}","templated":true}]}}