{"id":311,"date":"2024-04-16T16:07:45","date_gmt":"2024-04-16T19:07:45","guid":{"rendered":"https:\/\/dgbinst.wpengine.com\/beleza-transparente\/?page_id=311"},"modified":"2026-01-12T17:21:47","modified_gmt":"2026-01-12T20:21:47","slug":"el-futuro-de-la-belleza","status":"publish","type":"page","link":"https:\/\/www.grupoboticario.com.br\/beleza-transparente\/es\/el-futuro-de-la-belleza\/","title":{"rendered":"El futuro de la belleza"},"content":{"rendered":"\n<div class=\"wp-block-columns links-topo is-layout-flex wp-container-core-columns-is-layout-9d6595d7 wp-block-columns-is-layout-flex\">\n<div class=\"wp-block-column is-vertically-aligned-center is-layout-flow wp-block-column-is-layout-flow\">\n<h3 class=\"wp-block-heading has-text-align-center\" style=\"font-size:12px;font-style:normal;font-weight:500\"><a href=\"#territorio-data-driven\">TERRITORIO<\/a><br><a href=\"#territorio-data-driven\">DATA DRIVEN<\/a><\/h3>\n<\/div>\n\n\n\n<div class=\"wp-block-column is-vertically-aligned-center is-layout-flow wp-block-column-is-layout-flow\">\n<h3 class=\"wp-block-heading has-text-align-center\" style=\"font-size:12px;font-style:normal;font-weight:500\"><a href=\"#ideacao\">IDEACI\u00d3N<\/a><\/h3>\n<\/div>\n\n\n\n<div class=\"wp-block-column is-vertically-aligned-center is-layout-flow wp-block-column-is-layout-flow\">\n<h3 class=\"wp-block-heading has-text-align-center\" style=\"font-size:12px;font-style:normal;font-weight:500\"><a href=\"#processo-de-pitch\">PROCESO <\/a><br><a href=\"#processo-de-pitch\">DE PITCH<\/a><\/h3>\n<\/div>\n\n\n\n<div class=\"wp-block-column is-vertically-aligned-center is-layout-flow wp-block-column-is-layout-flow\">\n<h3 class=\"wp-block-heading has-text-align-center\" style=\"font-size:12px;font-style:normal;font-weight:500\"><a href=\"#parcerias-e-crowdsourcing\">ASOCIACIONES Y<\/a><br><a href=\"#parcerias-e-crowdsourcing\">CROWDSOURCING<\/a><\/h3>\n<\/div>\n\n\n\n<div class=\"wp-block-column is-layout-flow wp-block-column-is-layout-flow\">\n<h3 class=\"wp-block-heading has-text-align-center\" style=\"font-size:12px;font-style:normal;font-weight:500\"><a href=\"#quem-inova\">\u00bfQUI\u00c9N INNOVA<\/a><br><a href=\"#quem-inova\">CON EL GRUPO <\/a><br><a href=\"#quem-inova\">BOTIC\u00c1RIO?<\/a><\/h3>\n<\/div>\n\n\n\n<div class=\"wp-block-column is-vertically-aligned-center is-layout-flow wp-block-column-is-layout-flow\">\n<h3 class=\"wp-block-heading has-text-align-center\" style=\"font-size:12px;font-style:normal;font-weight:500\"><a href=\"#cases\">CASES DE INNOVACI\u00d3N <\/a><br><a href=\"#cases\">ABIERTA<\/a><\/h3>\n<\/div>\n\n\n\n<div class=\"wp-block-column is-vertically-aligned-center is-layout-flow wp-block-column-is-layout-flow\">\n<h3 class=\"wp-block-heading has-text-align-center\" id=\"programa-de-bolsas\" style=\"font-size:12px;font-style:normal;font-weight:500\"><a href=\"#iniciativas\">INICIATIVAS<\/a><\/h3>\n<\/div>\n\n\n\n<div class=\"wp-block-column is-vertically-aligned-center is-layout-flow wp-block-column-is-layout-flow\">\n<h3 class=\"wp-block-heading has-text-align-center\" style=\"font-size:12px;font-style:normal;font-weight:500\"><a href=\"#premios-e-propriedade-intelectual\">PROPIEDAD <\/a><br><a href=\"#premios-e-propriedade-intelectual\">INTELECTUAL Y<\/a><br><a href=\"#premios-e-propriedade-intelectual\">PUBLICACIONES<\/a><\/h3>\n<\/div>\n<\/div>\n\n\n<div class=\"lazyblock-ttl-destaque-22DBEq wp-block-lazyblock-ttl-destaque\"><div class=\"ttl-destaque\"><div class=\"lazyblock-inner-blocks\">\n\n<p id=\"territorio-data-driven\" style=\"font-size:30px\"><strong><em><strong>territorio data driven<\/strong><\/em><\/strong><\/p>\n\n<\/div><\/div><\/div>\n\n\n<p>El Territorio Data Driven (Territorio basado en datos) se apoya en la sinergia de distintos eslabones de la cadena, desde la I+D de productos hasta la tecnolog\u00eda en TI.<br>Combinando inteligencia artificial y <em>big data<\/em>&nbsp;(macrodatos), somos capaces de captar y analizar informaci\u00f3n de una gran base de datos, fomentando innovaciones cada vez m\u00e1s personalizadas y diferenciadas para nuestros consumidores.<\/p>\n\n\n<div class=\"lazyblock-fundo-largura-full-novo-2b9luJ wp-block-lazyblock-fundo-largura-full-novo\"><div class=\"largura-full \" style=\"background-color: #F5F1EB;\">\r\n      <div class=\"wrapper__medium\">\r\n    <div class=\"lazyblock-inner-blocks\">\n\n<div style=\"height:24px\" aria-hidden=\"true\" class=\"wp-block-spacer\"><\/div>\n\n\n\n<p>Tras m\u00e1s de dos a\u00f1os de desarrollo, el Grupo Botic\u00e1rio ha lanzado los primeros perfumes del mundo elaborados con la ayuda de la Inteligencia Artificial (AI por su sigla en ingl\u00e9s) en colaboraci\u00f3n con IBM y uno de los principales proveedores de fragancias de la cadena, la alemana Symrise. En colaboraci\u00f3n con asociados de todo el mundo, hemos logrado la combinaci\u00f3n perfecta entre la cognici\u00f3n de las m\u00e1quinas, la alquimia del perfumista y los expertos en perfumer\u00eda del departamento de I+D del Grupo Botic\u00e1rio.<\/p>\n\n\n\n<p>La precisi\u00f3n y la capacidad de procesamiento de datos de la inteligencia artificial, combinadas con la sensibilidad de los seres humanos para a\u00f1adir el toque final, han dado lugar a la creaci\u00f3n de una fragancia que realmente deleita al consumidor.<\/p>\n\n\n\n<div style=\"height:24px\" aria-hidden=\"true\" class=\"wp-block-spacer\"><\/div>\n\n<\/div>\r\n  <\/div>\r\n<\/div><\/div>\n\n\n<div style=\"height:50px\" aria-hidden=\"true\" class=\"wp-block-spacer\"><\/div>\n\n\n<div class=\"lazyblock-ttl-destaque-zUlrN wp-block-lazyblock-ttl-destaque\"><div class=\"ttl-destaque\"><div class=\"lazyblock-inner-blocks\">\n\n<p id=\"ideacao\" style=\"font-size:30px\"><strong><em><strong>ideaci\u00f3n<\/strong><\/em><\/strong><\/p>\n\n<\/div><\/div><\/div>\n\n\n<p><strong>Una vez al a\u00f1o, el directorio de Investigaci\u00f3n y Desarrollo anima a los investigadores a participar en una inspiradora jornada de inmersi\u00f3n y experiencia.<\/strong><\/p>\n\n\n\n<p>Los resultados son ideas de proyectos de investigaci\u00f3n para construir el futuro del Grupo Botic\u00e1rio. Esta ideaci\u00f3n se lleva a cabo utilizando la metodolog\u00eda Design Thinking, un enfoque que permite mirar al cliente antes de innovar. En esta jornada tambi\u00e9n participan colaboradores de otras \u00e1reas vinculadas a la innovaci\u00f3n, como Marketing, Innovaci\u00f3n de Canales, Tech, ESG, Consumer Insights y Design. Al fin y al cabo, las diferentes visiones y perfiles fomentan a\u00fan m\u00e1s la cocreaci\u00f3n, que ya forma parte de nuestro ADN.<\/p>\n\n\n\n<p>Tras este proceso de ideaci\u00f3n, se invita a los investigadores a presentar sus ideas de proyecto en formato de pitch en una jornada denominada Pitch Day.<\/p>\n\n\n\n<div style=\"height:24px\" aria-hidden=\"true\" class=\"wp-block-spacer\"><\/div>\n\n\n<div class=\"lazyblock-ttl-destaque-Z1EsSbb wp-block-lazyblock-ttl-destaque\"><div class=\"ttl-destaque\"><div class=\"lazyblock-inner-blocks\">\n\n<p id=\"processo-de-pitch\" style=\"font-size:30px\"><strong><em><strong>proceso de <em>pitch<\/em><\/strong><\/em><\/strong><\/p>\n\n<\/div><\/div><\/div>\n\n\n<p><strong><em><strong>Si se encontrara con un inversor en un ascensor y s\u00f3lo dispusiera de unos minutos (s\u00f3lo el tiempo de subida y bajada) para venderle una idea, \u00bfestar\u00eda dispuesto a aceptar el reto?<\/strong><\/em><\/strong><\/p>\n\n\n\n<p>Se trata de un formato de presentaci\u00f3n denominado elevator pitch. Inspirado en el modelo de las start-ups, la Direcci\u00f3n de I+D utiliza el proceso de pitch una vez al a\u00f1o para evaluar las propuestas de proyectos de investigaci\u00f3n, con el objetivo de garantizar la mejor distribuci\u00f3n de las inversiones en la el Directorio.<\/p>\n\n\n\n<p><strong>\u00bfC\u00f3mo funciona? <\/strong>El proceso de pitch consiste en rondas de presentaciones r\u00e1pidas por parte de los investigadores ante un panel de evaluadores multidisciplinares y especializados. Durante el proceso, los proyectos se eval\u00faan seg\u00fan criterios espec\u00edficos alineados con la estrategia de la empresa, como el Futuro de la Belleza, los OKR y la visi\u00f3n del consumidor, garantizando una acci\u00f3n cada vez m\u00e1s asertiva y alineada con la visi\u00f3n de futuro y la estrategia de innovaci\u00f3n de productos del Grupo Botic\u00e1rio.<\/p>\n\n\n\n<div style=\"height:80px\" aria-hidden=\"true\" id=\"parcerias-e-crowdsourcing\" class=\"wp-block-spacer\"><\/div>\n\n\n<div class=\"lazyblock-fundo-largura-full-novo-ZugHKQ fundo-escuro wp-block-lazyblock-fundo-largura-full-novo\"><div class=\"largura-full \" style=\"background-color: #081d36;\">\r\n      <div class=\"wrapper__medium\">\r\n    <div class=\"lazyblock-inner-blocks\">\n\n<div style=\"height:30px\" aria-hidden=\"true\" class=\"wp-block-spacer\"><\/div>\n\n\n<div class=\"lazyblock-ttl-destaque-Z1dcQJz wp-block-lazyblock-ttl-destaque\"><div class=\"ttl-destaque\"><div class=\"lazyblock-inner-blocks\">\n\n<p style=\"font-size:30px\"><strong><em><strong>asociaciones y crowdsourcing<\/strong><\/em><\/strong><\/p>\n\n<\/div><\/div><\/div>\n\n\n<p><strong>Aqu\u00ed, en el Grupo Botic\u00e1rio, buscamos soluciones y oportunidades de asociaci\u00f3n en el ecosistema de la innovaci\u00f3n e intermediamos el mejor modelo con las \u00e1reas internas del Grupo Botic\u00e1rio, para maximizar los recursos internos y la innovaci\u00f3n.<\/strong><\/p>\n\n\n\n<p>Estamos en contacto con el ecosistema de la innovaci\u00f3n para monitorear las oportunidades aplicables al Grupo Botic\u00e1rio para que podamos ofrecer, cada vez m\u00e1s, tecnolog\u00edas y productos innovadores a nuestros consumidores. Actuamos con co-desarrollo y asociaciones que apalancan la innovaci\u00f3n en productos, procesos, nuevas metodolog\u00edas y tecnolog\u00edas.<\/p>\n\n\n\n<p>Adem\u00e1s, invitamos a agentes externos a la organizaci\u00f3n a trabajar juntos en un problema previamente identificado. Esta colaboraci\u00f3n puede realizarse a trav\u00e9s de distintas herramientas que promuevan el intercambio de ideas entre los participantes, como el lanzamiento de retos, <em>hackathones<\/em>, convocatorias\/edictos y <em>design thinking.<\/em><\/p>\n\n\n\n<div style=\"height:30px\" aria-hidden=\"true\" class=\"wp-block-spacer\"><\/div>\n\n<\/div>\r\n  <\/div>\r\n<\/div><\/div>\n\n\n<div style=\"height:30px\" aria-hidden=\"true\" class=\"wp-block-spacer\"><\/div>\n\n\n<div class=\"lazyblock-ttl-destaque-8KI3k wp-block-lazyblock-ttl-destaque\"><div class=\"ttl-destaque\"><div class=\"lazyblock-inner-blocks\">\n\n<p id=\"quem-inova\" style=\"font-size:30px\"><strong><em><strong>\u00bfqui\u00e9n innova con el Grupo Botic\u00e1rio?<\/strong><\/em><\/strong><\/p>\n\n<\/div><\/div><\/div>\n\n\n<div class=\"wp-block-columns is-layout-flex wp-container-core-columns-is-layout-9d6595d7 wp-block-columns-is-layout-flex\">\n<div class=\"wp-block-column is-vertically-aligned-center has-background is-layout-flow wp-block-column-is-layout-flow\" style=\"background-color:#f5f1eb;flex-basis:36%\">\n<div class=\"wp-block-columns mb-0 px-1 is-layout-flex wp-container-core-columns-is-layout-9d6595d7 wp-block-columns-is-layout-flex\">\n<div class=\"wp-block-column is-vertically-aligned-center is-layout-flow wp-block-column-is-layout-flow\" style=\"flex-basis:48px\">\n<figure class=\"wp-block-image size-full\"><img decoding=\"async\" src=\"https:\/\/www.grupoboticario.com.br\/wp-content\/uploads\/2023\/05\/img-parceria1.png\" alt=\"\" class=\"wp-image-20726\" \/><\/figure>\n<\/div>\n\n\n\n<div class=\"wp-block-column is-vertically-aligned-center is-layout-flow wp-block-column-is-layout-flow\">\n<p><strong>Corporaciones:<\/strong>&nbsp;proveedores, empresas del mismo sector, otros sectores<\/p>\n<\/div>\n<\/div>\n<\/div>\n\n\n\n<div class=\"wp-block-column is-vertically-aligned-center has-background is-layout-flow wp-block-column-is-layout-flow\" style=\"background-color:#f5f1eb;flex-basis:26%\">\n<div class=\"wp-block-columns mb-0 px-1 is-layout-flex wp-container-core-columns-is-layout-9d6595d7 wp-block-columns-is-layout-flex\">\n<div class=\"wp-block-column is-vertically-aligned-center is-layout-flow wp-block-column-is-layout-flow\" style=\"flex-basis:48px\">\n<figure class=\"wp-block-image size-full\"><img decoding=\"async\" src=\"https:\/\/www.grupoboticario.com.br\/wp-content\/uploads\/2023\/05\/img-parceria2.png\" alt=\"\" class=\"wp-image-20727\" \/><\/figure>\n<\/div>\n\n\n\n<div class=\"wp-block-column is-vertically-aligned-center is-layout-flow wp-block-column-is-layout-flow\">\n<p><strong>Startups:<\/strong>&nbsp;incubadoras, aceleradoras<\/p>\n<\/div>\n<\/div>\n<\/div>\n\n\n\n<div class=\"wp-block-column is-vertically-aligned-center has-background is-layout-flow wp-block-column-is-layout-flow\" style=\"background-color:#f5f1eb;flex-basis:27%\">\n<div class=\"wp-block-columns mb-0 px-1 is-layout-flex wp-container-core-columns-is-layout-9d6595d7 wp-block-columns-is-layout-flex\">\n<div class=\"wp-block-column is-vertically-aligned-center is-layout-flow wp-block-column-is-layout-flow\" style=\"flex-basis:48px\">\n<figure class=\"wp-block-image size-full\"><img decoding=\"async\" src=\"https:\/\/www.grupoboticario.com.br\/wp-content\/uploads\/2023\/05\/img-parceria3.png\" alt=\"\" class=\"wp-image-20728\" \/><\/figure>\n<\/div>\n\n\n\n<div class=\"wp-block-column is-vertically-aligned-center is-layout-flow wp-block-column-is-layout-flow\">\n<p><strong>Crowd:<\/strong>&nbsp;hubs (centros) de innovaci\u00f3n y p\u00fablico en general<\/p>\n<\/div>\n<\/div>\n<\/div>\n<\/div>\n\n\n\n<div style=\"height:50px\" aria-hidden=\"true\" class=\"wp-block-spacer\"><\/div>\n\n\n\n<div class=\"wp-block-columns is-layout-flex wp-container-core-columns-is-layout-9d6595d7 wp-block-columns-is-layout-flex\">\n<div class=\"wp-block-column is-layout-flow wp-block-column-is-layout-flow\" style=\"flex-basis:20%\"><\/div>\n\n\n\n<div class=\"wp-block-column is-vertically-aligned-center has-background is-layout-flow wp-block-column-is-layout-flow\" style=\"background-color:#f5f1eb;flex-basis:40%\">\n<div class=\"wp-block-columns mb-0 px-1 is-layout-flex wp-container-core-columns-is-layout-9d6595d7 wp-block-columns-is-layout-flex\">\n<div class=\"wp-block-column is-vertically-aligned-center is-layout-flow wp-block-column-is-layout-flow\" style=\"flex-basis:48px\">\n<figure class=\"wp-block-image size-full\"><img decoding=\"async\" src=\"https:\/\/www.grupoboticario.com.br\/wp-content\/uploads\/2023\/05\/img-parceria5.png\" alt=\"\" class=\"wp-image-20732\" \/><\/figure>\n<\/div>\n\n\n\n<div class=\"wp-block-column is-vertically-aligned-center is-layout-flow wp-block-column-is-layout-flow\">\n<p><strong>Institutos de Ciencia y Tecnolog\u00eda (ICT<\/strong>s): universidades e institutos de investigaci\u00f3n<\/p>\n<\/div>\n<\/div>\n<\/div>\n\n\n\n<div class=\"wp-block-column is-vertically-aligned-center has-background is-layout-flow wp-block-column-is-layout-flow\" style=\"background-color:#f5f1eb;flex-basis:40%\">\n<div class=\"wp-block-columns mb-0 px-1 is-layout-flex wp-container-core-columns-is-layout-9d6595d7 wp-block-columns-is-layout-flex\">\n<div class=\"wp-block-column is-vertically-aligned-center is-layout-flow wp-block-column-is-layout-flow\" style=\"flex-basis:48px\">\n<figure class=\"wp-block-image size-full\"><img decoding=\"async\" src=\"https:\/\/www.grupoboticario.com.br\/wp-content\/uploads\/2023\/05\/img-parceria4.png\" alt=\"\" class=\"wp-image-20731\" \/><\/figure>\n<\/div>\n\n\n\n<div class=\"wp-block-column is-vertically-aligned-center is-layout-flow wp-block-column-is-layout-flow\">\n<p><strong>Gobierno:<\/strong>&nbsp;organismos que promueven casos de innovaci\u00f3n abierta<\/p>\n<\/div>\n<\/div>\n<\/div>\n\n\n\n<div class=\"wp-block-column is-layout-flow wp-block-column-is-layout-flow\" style=\"flex-basis:20%\"><\/div>\n<\/div>\n\n\n\n<div style=\"height:30px\" aria-hidden=\"true\" class=\"wp-block-spacer\"><\/div>\n\n\n<div class=\"lazyblock-ttl-destaque-ZF64CP wp-block-lazyblock-ttl-destaque\"><div class=\"ttl-destaque\"><div class=\"lazyblock-inner-blocks\">\n\n<p id=\"cases\" style=\"font-size:30px\"><strong><em>cases<\/em> de innovaci\u00f3n abierta<\/strong><\/p>\n\n<\/div><\/div><\/div>\n\n<div class=\"lazyblock-carrossel-imagem-texto-Zf77RS wp-block-lazyblock-carrossel-imagem-texto\"><div class=\"belezatransparente-carrosselit\">\r\n    <div class=\"wrapper__medium belezatransparente-carrosselit__wrapper\">\r\n        <div class=\"wrapper__small\">\r\n            <div class=\"swiper belezatransparente-carrosselit__swiper\">\r\n                <div class=\"swiper-wrapper\">\r\n                                            <div class=\"swiper-slide belezatransparente-carrosselit__slide\">\r\n                            <figure class=\"belezatransparente-carrosselit__img desk\">\r\n                                <img decoding=\"async\" src=\"https:\/\/www.grupoboticario.com.br\/beleza-transparente\/wp-content\/uploads\/sites\/7\/2025\/03\/embrapa-logo-2-3.png\"\r\n                                    alt=\"\" \/>\r\n                            <\/figure>\r\n                            <figure class=\"belezatransparente-carrosselit__img mobile\">\r\n                                                                    <img decoding=\"async\" src=\"https:\/\/www.grupoboticario.com.br\/beleza-transparente\/wp-content\/uploads\/sites\/7\/2025\/03\/embrapa-logo-2-3.png\"\r\n                                    alt=\"\" \/>\r\n                                                            <\/figure>\r\n                            <div class=\"belezatransparente-carrosselit__txt\">\r\n                                <div>\r\n                                    <p><p>Embrapa &#8211; Proyecto Bellas Artes <\/p><\/p>\r\n                                    <p><p>El Grupo Botic\u00e1rio, en asociaci\u00f3n con Embrapa Agroenergia y con el apoyo de EMBRAPII, viene desarrollando un proyecto cuyo objetivo es producir colorantes por medios biotecnol\u00f3gicos y buscar nuevas fuentes de obtenci\u00f3n de color a trav\u00e9s de microalgas, hongos y bacterias por fermentaci\u00f3n.<\/p><\/p>\r\n                                <\/div>\r\n                            <\/div>\r\n                        <\/div>\r\n                                            <div class=\"swiper-slide belezatransparente-carrosselit__slide\">\r\n                            <figure class=\"belezatransparente-carrosselit__img desk\">\r\n                                <img decoding=\"async\" src=\"https:\/\/www.grupoboticario.com.br\/beleza-transparente\/wp-content\/uploads\/sites\/7\/2025\/03\/suzano-2-2.png\"\r\n                                    alt=\"\" \/>\r\n                            <\/figure>\r\n                            <figure class=\"belezatransparente-carrosselit__img mobile\">\r\n                                                                    <img decoding=\"async\" src=\"https:\/\/www.grupoboticario.com.br\/beleza-transparente\/wp-content\/uploads\/sites\/7\/2025\/03\/suzano-2-2.png\"\r\n                                    alt=\"\" \/>\r\n                                                            <\/figure>\r\n                            <div class=\"belezatransparente-carrosselit__txt\">\r\n                                <div>\r\n                                    <p><p>Suzano &#8211; Proyecto de aplicaci\u00f3n de lignina <\/p><\/p>\r\n                                    <p><p>Suzano, l\u00edder en la fabricaci\u00f3n de bioproductos a partir de plantaciones de eucalipto, y el Grupo Botic\u00e1rio se unieron en una asociaci\u00f3n sin precedentes. Las empresas est\u00e1n desarrollando una nueva aplicaci\u00f3n para la lignina, que se podr\u00e1 utilizar para democratizar el uso de cosm\u00e9ticos, especialmente con enfoque para pieles negras.<\/p><\/p>\r\n                                <\/div>\r\n                            <\/div>\r\n                        <\/div>\r\n                                            <div class=\"swiper-slide belezatransparente-carrosselit__slide\">\r\n                            <figure class=\"belezatransparente-carrosselit__img desk\">\r\n                                <img decoding=\"async\" src=\"https:\/\/www.grupoboticario.com.br\/beleza-transparente\/wp-content\/uploads\/sites\/7\/2025\/03\/logo-ufpr-2.png\"\r\n                                    alt=\"\" \/>\r\n                            <\/figure>\r\n                            <figure class=\"belezatransparente-carrosselit__img mobile\">\r\n                                                                    <img decoding=\"async\" src=\"https:\/\/www.grupoboticario.com.br\/beleza-transparente\/wp-content\/uploads\/sites\/7\/2025\/03\/logo-ufpr-2.png\"\r\n                                    alt=\"\" \/>\r\n                                                            <\/figure>\r\n                            <div class=\"belezatransparente-carrosselit__txt\">\r\n                                <div>\r\n                                    <p><p>Asociaci\u00f3n &#8211; UFPR <\/p><\/p>\r\n                                    <p><p>La UFPR (Universidad Federal de Paran\u00e1) es un aliado estrat\u00e9gico para la innovaci\u00f3n. Un ejemplo es el proyecto con el laboratorio de biopol\u00edmeros para tecnolog\u00edas cosm\u00e9ticas. La asociaci\u00f3n permiti\u00f3 prestar a la UFPR una m\u00e1quina Zeta Sizer, esencial para la investigaci\u00f3n en pol\u00edmeros y nanotecnolog\u00eda, con impactos positivos en la investigaci\u00f3n de las instituciones.<\/p><\/p>\r\n                                <\/div>\r\n                            <\/div>\r\n                        <\/div>\r\n                                            <div class=\"swiper-slide belezatransparente-carrosselit__slide\">\r\n                            <figure class=\"belezatransparente-carrosselit__img desk\">\r\n                                <img decoding=\"async\" src=\"https:\/\/www.grupoboticario.com.br\/beleza-transparente\/wp-content\/uploads\/sites\/7\/2025\/03\/puc-pr-2.png\"\r\n                                    alt=\"\" \/>\r\n                            <\/figure>\r\n                            <figure class=\"belezatransparente-carrosselit__img mobile\">\r\n                                                                    <img decoding=\"async\" src=\"https:\/\/www.grupoboticario.com.br\/beleza-transparente\/wp-content\/uploads\/sites\/7\/2025\/03\/puc-pr-2.png\"\r\n                                    alt=\"\" \/>\r\n                                                            <\/figure>\r\n                            <div class=\"belezatransparente-carrosselit__txt\">\r\n                                <div>\r\n                                    <p><p>Asociaci\u00f3n &#8211; PUCPR <\/p><\/p>\r\n                                    <p><p>Desde 2016, participamos del Programa Institucional de Becas de Iniciaci\u00f3n en Desarrollo Tecnol\u00f3gico e Innovaci\u00f3n (PIBITI), en alianza con la PUCPR (Pontificia Universidad Cat\u00f3lica de Paran\u00e1). Esta asociaci\u00f3n proporciona una oportunidad para que los estudiantes experimenten desaf\u00edos tecnol\u00f3gicos de Pu0026amp;D, participando en actividades, metodolog\u00edas y pr\u00e1cticas dirigidas a los procesos de innovaci\u00f3n.<\/p><\/p>\r\n                                <\/div>\r\n                            <\/div>\r\n                        <\/div>\r\n                                            <div class=\"swiper-slide belezatransparente-carrosselit__slide\">\r\n                            <figure class=\"belezatransparente-carrosselit__img desk\">\r\n                                <img decoding=\"async\" src=\"https:\/\/www.grupoboticario.com.br\/wp-content\/uploads\/2023\/06\/ufsc-universidade-federal-de-santa-catarina.png\"\r\n                                    alt=\"\" \/>\r\n                            <\/figure>\r\n                            <figure class=\"belezatransparente-carrosselit__img mobile\">\r\n                                                                    <img decoding=\"async\" src=\"https:\/\/www.grupoboticario.com.br\/wp-content\/uploads\/2023\/06\/ufsc-universidade-federal-de-santa-catarina.png\"\r\n                                    alt=\"\" \/>\r\n                                                            <\/figure>\r\n                            <div class=\"belezatransparente-carrosselit__txt\">\r\n                                <div>\r\n                                    <p><p>Asociaci\u00f3n &#8211; UFSC <\/p><\/p>\r\n                                    <p><p>Desarrollo de un proyecto en asociaci\u00f3n con la Universidad Federal de Santa Catarina (UFSC) cuyo objetivo es mapear las posibilidades de utilizaci\u00f3n de biomasa de residuos industriales del Grupo Botic\u00e1rio y de otras industrias para extracci\u00f3n y\/o conversi\u00f3n en compuestos bioactivos.<\/p><\/p>\r\n                                <\/div>\r\n                            <\/div>\r\n                        <\/div>\r\n                                            <div class=\"swiper-slide belezatransparente-carrosselit__slide\">\r\n                            <figure class=\"belezatransparente-carrosselit__img desk\">\r\n                                <img decoding=\"async\" src=\"https:\/\/www.grupoboticario.com.br\/beleza-transparente\/wp-content\/uploads\/sites\/7\/2025\/03\/baskem-labs-2.png\"\r\n                                    alt=\"\" \/>\r\n                            <\/figure>\r\n                            <figure class=\"belezatransparente-carrosselit__img mobile\">\r\n                                                                    <img decoding=\"async\" src=\"https:\/\/www.grupoboticario.com.br\/beleza-transparente\/wp-content\/uploads\/sites\/7\/2025\/03\/baskem-labs-2.png\"\r\n                                    alt=\"\" \/>\r\n                                                            <\/figure>\r\n                            <div class=\"belezatransparente-carrosselit__txt\">\r\n                                <div>\r\n                                    <p><p>Braskem Labs <\/p><\/p>\r\n                                    <p><p>El Grupo Botic\u00e1rio, copatrocinador de Braskem Labs (programa de aceleraci\u00f3n para emprendedores), evalu\u00f3 startups y promovi\u00f3 mentor\u00edas. La aceleraci\u00f3n se realiza con objetivos espec\u00edficos y para incentivar el ecosistema, generar impacto socioambiental y resolver desaf\u00edos empresariales que tengan el pl\u00e1stico o la qu\u00edmica como parte de la soluci\u00f3n.<\/p><\/p>\r\n                                <\/div>\r\n                            <\/div>\r\n                        <\/div>\r\n                                    <\/div>\r\n            <\/div>\r\n            <div class=\"swiper-pagination\"><\/div>\r\n        <\/div>\r\n        <div class=\"swiper-button-prev\"><\/div>\r\n        <div class=\"swiper-button-next\"><\/div>\r\n    <\/div>\r\n<\/div><\/div>\n\n\n<div style=\"height:40px\" aria-hidden=\"true\" id=\"iniciativas\" class=\"wp-block-spacer\"><\/div>\n\n\n\n<div style=\"height:70px\" aria-hidden=\"true\" class=\"wp-block-spacer\"><\/div>\n\n\n<div class=\"lazyblock-ttl-destaque-Z26h5sf wp-block-lazyblock-ttl-destaque\"><div class=\"ttl-destaque\"><div class=\"lazyblock-inner-blocks\">\n\n<p style=\"font-size:30px\"><strong><em><strong>iniciativas<\/strong><\/em><\/strong><\/p>\n\n<\/div><\/div><\/div>\n\n<div class=\"lazyblock-fundo-largura-full-novo-wNAKC fundo-escuro wp-block-lazyblock-fundo-largura-full-novo\"><div class=\"largura-full \" style=\"background-color: #081d36;\">\r\n      <div class=\"wrapper__medium\">\r\n    <div class=\"lazyblock-inner-blocks\">\n\n<div style=\"height:30px\" aria-hidden=\"true\" class=\"wp-block-spacer\"><\/div>\n\n\n\n<h2 class=\"wp-block-heading\"><strong><em><strong>programa de becas<\/strong><\/em><\/strong><\/h2>\n\n\n\n<p>Fomentamos la ampliaci\u00f3n del n\u00famero de profesionales cualificados en actividades de innovaci\u00f3n en el sector empresarial brasile\u00f1o mediante el desarrollo de proyectos de innovaci\u00f3n en el Grupo Botic\u00e1rio. Esta iniciativa se realiza actualmente en colaboraci\u00f3n con el IEL (Instituto Euvaldo Lodi), a trav\u00e9s del programa Talento Innovaci\u00f3n, y con la Universidad Federal de Paran\u00e1 (UFPR). Ambos programas se centran en el desarrollo profesional de los becarios.<\/p>\n\n\n\n<div style=\"height:30px\" aria-hidden=\"true\" class=\"wp-block-spacer\"><\/div>\n\n<\/div>\r\n  <\/div>\r\n<\/div><\/div>\n\n\n<div style=\"height:24px\" aria-hidden=\"true\" class=\"wp-block-spacer\"><\/div>\n\n\n\n<h4 class=\"wp-block-heading\"><strong><em>I.A.R.A.\u00ae 2.0<\/em><\/strong><\/h4>\n\n\n\n<p>En colaboraci\u00f3n con <strong>EMBRAPII<\/strong>&nbsp;y <strong>SENAI<\/strong>, hemos desarrollado una metodolog\u00eda que permite, a escala de laboratorio y en un entorno simulado, evaluar la (bio)degradaci\u00f3n de las composiciones y la ecotoxicidad de los envases de pl\u00e1stico.<\/p>\n\n\n\n<p>\u00bfSabe para qu\u00e9 sirve el an\u00e1lisis de ecotoxicidad? Es una herramienta importante para ayudar a seleccionar las materias primas en el proceso de formulaci\u00f3n de productos cosm\u00e9ticos. De esta forma, se desarrollan productos m\u00e1s sostenibles y con menor impacto en el medio acu\u00e1tico, lo que conlleva un menor riesgo para el medio ambiente, adem\u00e1s de ayudar a generar indicadores de sostenibilidad.<\/p>\n\n\n\n<div style=\"height:24px\" aria-hidden=\"true\" class=\"wp-block-spacer\"><\/div>\n\n\n<div class=\"lazyblock-fundo-largura-full-novo-Z2cxjLr wp-block-lazyblock-fundo-largura-full-novo\"><div class=\"largura-full \" style=\"background-color: #F5F1EB;\">\r\n      <div class=\"wrapper__medium\">\r\n    <div class=\"lazyblock-inner-blocks\">\n\n<div style=\"height:30px\" aria-hidden=\"true\" class=\"wp-block-spacer\"><\/div>\n\n\n\n<h4 class=\"wp-block-heading\" style=\"text-transform:none\"><strong><em><strong>Convocatoria 2030<\/strong><\/em><\/strong><\/h4>\n\n\n\n<p>La Convocatoria 2030 fue una iniciativa de <em>crowdsourcing <\/em>desarrollada internamente en el Grupo Botic\u00e1rio, liderada por el \u00e1rea de Innovaci\u00f3n Abierta en colaboraci\u00f3n con otros actores internos. Se trataba de una convocatoria de soluciones innovadoras relacionadas con la estrategia de sostenibilidad 2030 del Grupo Botic\u00e1rio. El objetivo era prospectar soluciones, fomentar el ecosistema de innovaci\u00f3n y dar visibilidad a la sostenibilidad y a las iniciativas del Grupo Botic\u00e1rio.<\/p>\n\n\n\n<p>Nuestro objetivo era contribuir de forma significativa a resolver los problemas medioambientales y sociales relacionados con la gesti\u00f3n de residuos en todo Brasil. Para eso, quer\u00edamos encontrar soluciones relacionadas con dos compromisos inspiradores, relacionados con los <strong>6 ODS de la ONU:<\/strong><\/p>\n\n\n\n<div style=\"height:30px\" aria-hidden=\"true\" class=\"wp-block-spacer\"><\/div>\n\n<\/div>\r\n  <\/div>\r\n<\/div><\/div>\n\n\n<div style=\"height:30px\" aria-hidden=\"true\" class=\"wp-block-spacer\"><\/div>\n\n\n\n<h4 class=\"wp-block-heading\" style=\"text-transform:capitalize\"><strong><em><strong>Perfumathon<\/strong><\/em><\/strong><\/h4>\n\n\n\n<p>Un &#8220;hackathon de perfumer\u00eda&#8221;, organizado por O Botic\u00e1rio (marca matriz del Grupo Botic\u00e1rio) y por Aldea Coworking. Durante dos d\u00edas, 60 j\u00f3venes de todo el pa\u00eds se reunieron para resolver retos en la categor\u00eda de perfumer\u00eda propuestos por la empresa.<br>Uno de los desaf\u00edos era construir una propuesta que pudiera &#8220;acabar con el modelo de negocio de perfumer\u00eda de O Botic\u00e1rio&#8221; y obligar al Grupo a cambiar por completo su forma de vender perfumes. El resultado fueron 10 ideas de posibles proyectos a desarrollar por el Grupo &nbsp;Botic\u00e1rio.<\/p>\n\n\n<div class=\"lazyblock-fundo-largura-full-novo-Z2t7y3w wp-block-lazyblock-fundo-largura-full-novo\"><div class=\"largura-full \" style=\"background-color: #F5F1EB;\">\r\n      <div class=\"wrapper__medium\">\r\n    <div class=\"lazyblock-inner-blocks\">\n\n<div style=\"height:30px\" aria-hidden=\"true\" class=\"wp-block-spacer\"><\/div>\n\n\n\n<h4 class=\"wp-block-heading\" style=\"text-transform:none\"><strong><em><strong>Eurekathon<\/strong><\/em><\/strong><\/h4>\n\n\n\n<p>Conectados a &nbsp;<em>Uma Beleza de Futuro<\/em>&nbsp;(Una Belleza de Futuro), patrocinamos el EUREKATHON de Unicamp en asociaci\u00f3n con Dow para la Co-creaci\u00f3n de Soluciones Sostenibles para la Perfumer\u00eda del Grupo Botic\u00e1rio. El evento fue totalmente online y tuvo lugar del 23 al 25 de julio. Se inscribieron m\u00e1s de 320 universitarios, 34 equipos, 30 mentores y 40 jueces. Contamos con representantes de 28 ciudades, en representaci\u00f3n de 12 estados brasile\u00f1os, que desarrollaron 28 soluciones incre\u00edbles. Y estos j\u00f3venes, futuros consumidores de las marcas del Grupo Botic\u00e1rio, aportaron varias ideas relevantes que podemos utilizar en nuestro d\u00eda a d\u00eda.<\/p>\n\n\n\n<div style=\"height:30px\" aria-hidden=\"true\" class=\"wp-block-spacer\"><\/div>\n\n<\/div>\r\n  <\/div>\r\n<\/div><\/div>\n\n\n<div style=\"height:30px\" aria-hidden=\"true\" class=\"wp-block-spacer\"><\/div>\n\n\n<div class=\"lazyblock-ttl-destaque-so1ci wp-block-lazyblock-ttl-destaque\"><div class=\"ttl-destaque\"><div class=\"lazyblock-inner-blocks\">\n\n<p id=\"premios-e-propriedade-intelectual\" style=\"font-size:30px\"><strong><em><strong>propiedad intelectual y publicaciones<\/strong><\/em><\/strong><\/p>\n\n<\/div><\/div><\/div>\n\n\n<p><strong><em><strong>El Grupo Botic\u00e1rio tambi\u00e9n tiene un enfoque muy estrat\u00e9gico en relaci\u00f3n al tema de la propiedad intelectual.<\/strong><\/em><\/strong><\/p>\n\n\n\n<p>Fomentamos la publicaci\u00f3n de art\u00edculos cient\u00edficos y el dep\u00f3sito de patentes, con el objetivo de impulsar y honrar el desarrollo tecnol\u00f3gico, as\u00ed valorar nuestro capital intelectual. Algunos ejemplos a citar son:<\/p>\n\n\n\n<div style=\"height:30px\" aria-hidden=\"true\" class=\"wp-block-spacer\"><\/div>\n\n\n\n<h4 class=\"wp-block-heading\" style=\"text-transform:capitalize\"><strong><em>Patentes<\/em><\/strong><\/h4>\n\n\n\n<p>Recientemente hemos obtenido la patente de un kit de composici\u00f3n cosm\u00e9tica film\u00f3gena que se incluye en los l\u00e1pices labiales Liptint del Grupo Botic\u00e1rio. Esta composici\u00f3n proporciona una gran adherencia y confort en los labios, garantizando una total resistencia al sudor, al agua, a la abrasi\u00f3n, a las comidas y a prueba de besos.<\/p>\n\n\n\n<div style=\"height:30px\" aria-hidden=\"true\" class=\"wp-block-spacer\"><\/div>\n\n\n<div class=\"lazyblock-fundo-largura-full-novo-Z2cYBLq fundo-escuro wp-block-lazyblock-fundo-largura-full-novo\"><div class=\"largura-full \" style=\"background-color: #081d36;\">\r\n      <div class=\"wrapper__medium\">\r\n    <div class=\"lazyblock-inner-blocks\">\n\n<div style=\"height:30px\" aria-hidden=\"true\" class=\"wp-block-spacer\"><\/div>\n\n\n\n<div class=\"wp-block-columns are-vertically-aligned-center is-layout-flex wp-container-core-columns-is-layout-9d6595d7 wp-block-columns-is-layout-flex\">\n<div class=\"wp-block-column is-vertically-aligned-center is-layout-flow wp-block-column-is-layout-flow\" style=\"flex-basis:60%\">\n<h3 class=\"wp-block-heading\"><em>ALCOHOL V\u00cdNICO<\/em><\/h3>\n<\/div>\n<\/div>\n\n\n\n<p>\u00bfY si combin\u00e1ramos la sofisticaci\u00f3n del vino con el arte de la perfumer\u00eda? A trav\u00e9s de una patente pionera en Brasil, el Grupo Botic\u00e1rio ha innovado y llevado el alcohol v\u00ednico macerado en barricas de roble franc\u00e9s a las fragancias de Malbec. El alcohol v\u00ednico es un alcohol con un concepto diferente y una sensorialidad \u00fanica. Este alcohol es producto de la fermentaci\u00f3n de la uva, seguida de purificaci\u00f3n por destilaci\u00f3n, y se utiliza en una de las patentes de GB como sustituto total o parcial del alcohol et\u00edlico convencional.<\/p>\n\n\n\n<p>Adem\u00e1s, presenta un diferencial porque contiene sustancias residuales caracter\u00edsticas de la fermentaci\u00f3n de la uva, lo que confiere al etanol un olor caracter\u00edstico y contribuye a una percepci\u00f3n sensorial olfativa sorprendente. El uso de alcohol v\u00ednico en perfumer\u00eda permite un diferencial dentro del producto, aportando exclusividad y encanto a los consumidores de la marca y un concepto innovador dentro de la perfumer\u00eda.<\/p>\n\n\n\n<div style=\"height:30px\" aria-hidden=\"true\" class=\"wp-block-spacer\"><\/div>\n\n<\/div>\r\n  <\/div>\r\n<\/div><\/div>\n\n\n<div style=\"height:30px\" aria-hidden=\"true\" class=\"wp-block-spacer\"><\/div>\n\n\n\n<h4 class=\"wp-block-heading\" style=\"text-transform:capitalize\"><strong><em><strong>Publicaciones<\/strong><\/em><\/strong><\/h4>\n\n\n\n<p>En 2020, tambi\u00e9n tuvimos el honor de publicar un art\u00edculo titulado <em><strong><a href=\"https:\/\/www.nature.com\/articles\/s41598-020-76325-6\">\u201cProteomics reveals that quinoa bioester promotes replenishing efects in epidermal tissue\u201d<\/a><\/strong><\/em> (La prote\u00f3mica revela que el bio\u00e9ster de quinoa promueve efectos reponedores en el tejido epid\u00e9rmico) en la revista internacional Scientific Reports (una revista de Nature Research) en colaboraci\u00f3n con la Fundaci\u00f3n Oswaldo Cruz y la Universidad Positivo. La publicaci\u00f3n se refiere a un estudio que evalu\u00f3 la influencia de un principio activo producido por el Grupo Botic\u00e1rio, el bio\u00e9ster de quinoa, en la piel.<\/p>\n\n\n\n<p><strong><em><strong>Este estudio demostr\u00f3, por ejemplo, las propiedades beneficiosas de este principio activo:<\/strong>&nbsp;<\/em><\/strong><\/p>\n\n\n\n<div class=\"wp-block-columns are-vertically-aligned-center is-layout-flex wp-container-core-columns-is-layout-9d6595d7 wp-block-columns-is-layout-flex\">\n<div class=\"wp-block-column is-vertically-aligned-center align-self-center has-white-color has-text-color has-background is-layout-flow wp-block-column-is-layout-flow\" style=\"background-color:#081d36\">\n<p class=\"has-text-align-center has-white-color has-text-color\">Prevenci\u00f3n del envejecimiento<\/p>\n<\/div>\n\n\n\n<div class=\"wp-block-column is-vertically-aligned-center align-self-center has-white-color has-text-color has-background is-layout-flow wp-block-column-is-layout-flow\" style=\"background-color:#081d36\">\n<p class=\"has-text-align-center has-white-color has-text-color\">Homeostasis celular<\/p>\n<\/div>\n\n\n\n<div class=\"wp-block-column is-vertically-aligned-center align-self-center has-white-color has-text-color has-background is-layout-flow wp-block-column-is-layout-flow\" style=\"background-color:#081d36\">\n<p class=\"has-text-align-center has-white-color has-text-color\">Regeneraci\u00f3n tisular<\/p>\n<\/div>\n\n\n\n<div class=\"wp-block-column is-vertically-aligned-center align-self-center has-white-color has-text-color has-background is-layout-flow wp-block-column-is-layout-flow\" style=\"background-color:#081d36\">\n<p class=\"has-text-align-center has-white-color has-text-color\">Protecci\u00f3n contra la radiaci\u00f3n ultravioleta y el da\u00f1o oxidativo<\/p>\n<\/div>\n<\/div>\n\n\n\n<div style=\"height:30px\" aria-hidden=\"true\" class=\"wp-block-spacer\"><\/div>\n\n\n\n<p>Ya podemos distinguir este compuesto y sus beneficios en varios productos de nuestra cartera, como la l\u00ednea corporal Nativa SPA. En 2021, publicamos un art\u00edculo cient\u00edfico titulado <strong><em>&#8220;Integrated approaches to testing and assessment as a tool for the hazard assessment and risk characterisation of cosmetic preservatives&#8221;<\/em><\/strong>(Enfoques integrados de ensayo y evaluaci\u00f3n como herramienta para la evaluaci\u00f3n del peligro y la caracterizaci\u00f3n del riesgo de los conservantes cosm\u00e9ticos) en la revista Journal of Applied Toxicology.<br>Este trabajo demuestra nuestra preocupaci\u00f3n por el uso y la evaluaci\u00f3n de la seguridad de los sistemas conservantes.<\/p>\n\n\n\n<p>Los ingredientes conservantes son a menudo cuestionados por provocar riesgos para la salud como alergias, irritaciones cut\u00e1neas entre otros. Este trabajo nos ha permitido caracterizar la evaluaci\u00f3n de riesgos de los ingredientes y definir las mejores opciones, limitando su concentraci\u00f3n, tipo de producto y p\u00fablico objetivo. Esto nos permite desarrollar productos a\u00fan m\u00e1s seguros para nuestros consumidores.<\/p>\n","protected":false},"excerpt":{"rendered":"<p>TERRITORIODATA DRIVEN IDEACI\u00d3N PROCESO DE PITCH ASOCIACIONES YCROWDSOURCING \u00bfQUI\u00c9N INNOVACON EL GRUPO BOTIC\u00c1RIO? CASES DE INNOVACI\u00d3N ABIERTA INICIATIVAS PROPIEDAD INTELECTUAL YPUBLICACIONES El Territorio Data Driven (Territorio basado en datos) se apoya en la sinergia de distintos eslabones de la cadena, desde la I+D de productos hasta la tecnolog\u00eda en TI.Combinando inteligencia artificial y big data&nbsp;(macrodatos), [&hellip;]<\/p>\n","protected":false},"author":8,"featured_media":0,"parent":0,"menu_order":0,"comment_status":"closed","ping_status":"closed","template":"beleza-transparente.php","meta":{"_acf_changed":true,"inline_featured_image":false,"footnotes":""},"class_list":["post-311","page","type-page","status-publish","hentry"],"acf":[],"yoast_head":"<!-- This site is optimized with the Yoast SEO plugin v27.4 - https:\/\/yoast.com\/product\/yoast-seo-wordpress\/ -->\n<title>El futuro de la belleza - Beleza Transparente<\/title>\n<meta name=\"robots\" content=\"index, follow, max-snippet:-1, max-image-preview:large, max-video-preview:-1\" \/>\n<link rel=\"canonical\" href=\"https:\/\/www.grupoboticario.com.br\/beleza-transparente\/es\/el-futuro-de-la-belleza\/\" \/>\n<meta property=\"og:locale\" content=\"pt_BR\" \/>\n<meta property=\"og:type\" content=\"article\" \/>\n<meta property=\"og:title\" content=\"El futuro de la belleza - Beleza Transparente\" \/>\n<meta property=\"og:description\" content=\"TERRITORIODATA DRIVEN IDEACI\u00d3N PROCESO DE PITCH ASOCIACIONES YCROWDSOURCING \u00bfQUI\u00c9N INNOVACON EL GRUPO BOTIC\u00c1RIO? CASES DE INNOVACI\u00d3N ABIERTA INICIATIVAS PROPIEDAD INTELECTUAL YPUBLICACIONES El Territorio Data Driven (Territorio basado en datos) se apoya en la sinergia de distintos eslabones de la cadena, desde la I+D de productos hasta la tecnolog\u00eda en TI.Combinando inteligencia artificial y big data&nbsp;(macrodatos), [&hellip;]\" \/>\n<meta property=\"og:url\" content=\"https:\/\/www.grupoboticario.com.br\/beleza-transparente\/es\/el-futuro-de-la-belleza\/\" \/>\n<meta property=\"og:site_name\" content=\"Beleza Transparente\" \/>\n<meta property=\"article:modified_time\" content=\"2026-01-12T20:21:47+00:00\" \/>\n<meta name=\"twitter:card\" content=\"summary_large_image\" \/>\n<meta name=\"twitter:label1\" content=\"Est. tempo de leitura\" \/>\n\t<meta name=\"twitter:data1\" content=\"11 minutos\" \/>\n<script type=\"application\/ld+json\" class=\"yoast-schema-graph\">{\"@context\":\"https:\\\/\\\/schema.org\",\"@graph\":[{\"@type\":\"WebPage\",\"@id\":\"https:\\\/\\\/www.grupoboticario.com.br\\\/beleza-transparente\\\/es\\\/el-futuro-de-la-belleza\\\/\",\"url\":\"https:\\\/\\\/www.grupoboticario.com.br\\\/beleza-transparente\\\/es\\\/el-futuro-de-la-belleza\\\/\",\"name\":\"El futuro de la belleza - Beleza Transparente\",\"isPartOf\":{\"@id\":\"https:\\\/\\\/www.grupoboticario.com.br\\\/beleza-transparente\\\/#website\"},\"primaryImageOfPage\":{\"@id\":\"https:\\\/\\\/www.grupoboticario.com.br\\\/beleza-transparente\\\/es\\\/el-futuro-de-la-belleza\\\/#primaryimage\"},\"image\":{\"@id\":\"https:\\\/\\\/www.grupoboticario.com.br\\\/beleza-transparente\\\/es\\\/el-futuro-de-la-belleza\\\/#primaryimage\"},\"thumbnailUrl\":\"https:\\\/\\\/www.grupoboticario.com.br\\\/wp-content\\\/uploads\\\/2023\\\/05\\\/img-parceria1.png\",\"datePublished\":\"2024-04-16T19:07:45+00:00\",\"dateModified\":\"2026-01-12T20:21:47+00:00\",\"breadcrumb\":{\"@id\":\"https:\\\/\\\/www.grupoboticario.com.br\\\/beleza-transparente\\\/es\\\/el-futuro-de-la-belleza\\\/#breadcrumb\"},\"inLanguage\":\"pt-BR\",\"potentialAction\":[{\"@type\":\"ReadAction\",\"target\":[\"https:\\\/\\\/www.grupoboticario.com.br\\\/beleza-transparente\\\/es\\\/el-futuro-de-la-belleza\\\/\"]}]},{\"@type\":\"ImageObject\",\"inLanguage\":\"pt-BR\",\"@id\":\"https:\\\/\\\/www.grupoboticario.com.br\\\/beleza-transparente\\\/es\\\/el-futuro-de-la-belleza\\\/#primaryimage\",\"url\":\"https:\\\/\\\/www.grupoboticario.com.br\\\/wp-content\\\/uploads\\\/2023\\\/05\\\/img-parceria1.png\",\"contentUrl\":\"https:\\\/\\\/www.grupoboticario.com.br\\\/wp-content\\\/uploads\\\/2023\\\/05\\\/img-parceria1.png\"},{\"@type\":\"BreadcrumbList\",\"@id\":\"https:\\\/\\\/www.grupoboticario.com.br\\\/beleza-transparente\\\/es\\\/el-futuro-de-la-belleza\\\/#breadcrumb\",\"itemListElement\":[{\"@type\":\"ListItem\",\"position\":1,\"name\":\"In\u00edcio\",\"item\":\"https:\\\/\\\/www.grupoboticario.com.br\\\/beleza-transparente\\\/\"},{\"@type\":\"ListItem\",\"position\":2,\"name\":\"El futuro de la belleza\"}]},{\"@type\":\"WebSite\",\"@id\":\"https:\\\/\\\/www.grupoboticario.com.br\\\/beleza-transparente\\\/#website\",\"url\":\"https:\\\/\\\/www.grupoboticario.com.br\\\/beleza-transparente\\\/\",\"name\":\"Beleza Transparente\",\"description\":\"\",\"potentialAction\":[{\"@type\":\"SearchAction\",\"target\":{\"@type\":\"EntryPoint\",\"urlTemplate\":\"https:\\\/\\\/www.grupoboticario.com.br\\\/beleza-transparente\\\/?s={search_term_string}\"},\"query-input\":{\"@type\":\"PropertyValueSpecification\",\"valueRequired\":true,\"valueName\":\"search_term_string\"}}],\"inLanguage\":\"pt-BR\"}]}<\/script>\n<!-- \/ Yoast SEO plugin. -->","yoast_head_json":{"title":"El futuro de la belleza - Beleza Transparente","robots":{"index":"index","follow":"follow","max-snippet":"max-snippet:-1","max-image-preview":"max-image-preview:large","max-video-preview":"max-video-preview:-1"},"canonical":"https:\/\/www.grupoboticario.com.br\/beleza-transparente\/es\/el-futuro-de-la-belleza\/","og_locale":"pt_BR","og_type":"article","og_title":"El futuro de la belleza - Beleza Transparente","og_description":"TERRITORIODATA DRIVEN IDEACI\u00d3N PROCESO DE PITCH ASOCIACIONES YCROWDSOURCING \u00bfQUI\u00c9N INNOVACON EL GRUPO BOTIC\u00c1RIO? CASES DE INNOVACI\u00d3N ABIERTA INICIATIVAS PROPIEDAD INTELECTUAL YPUBLICACIONES El Territorio Data Driven (Territorio basado en datos) se apoya en la sinergia de distintos eslabones de la cadena, desde la I+D de productos hasta la tecnolog\u00eda en TI.Combinando inteligencia artificial y big data&nbsp;(macrodatos), [&hellip;]","og_url":"https:\/\/www.grupoboticario.com.br\/beleza-transparente\/es\/el-futuro-de-la-belleza\/","og_site_name":"Beleza Transparente","article_modified_time":"2026-01-12T20:21:47+00:00","twitter_card":"summary_large_image","twitter_misc":{"Est. tempo de leitura":"11 minutos"},"schema":{"@context":"https:\/\/schema.org","@graph":[{"@type":"WebPage","@id":"https:\/\/www.grupoboticario.com.br\/beleza-transparente\/es\/el-futuro-de-la-belleza\/","url":"https:\/\/www.grupoboticario.com.br\/beleza-transparente\/es\/el-futuro-de-la-belleza\/","name":"El futuro de la belleza - Beleza Transparente","isPartOf":{"@id":"https:\/\/www.grupoboticario.com.br\/beleza-transparente\/#website"},"primaryImageOfPage":{"@id":"https:\/\/www.grupoboticario.com.br\/beleza-transparente\/es\/el-futuro-de-la-belleza\/#primaryimage"},"image":{"@id":"https:\/\/www.grupoboticario.com.br\/beleza-transparente\/es\/el-futuro-de-la-belleza\/#primaryimage"},"thumbnailUrl":"https:\/\/www.grupoboticario.com.br\/wp-content\/uploads\/2023\/05\/img-parceria1.png","datePublished":"2024-04-16T19:07:45+00:00","dateModified":"2026-01-12T20:21:47+00:00","breadcrumb":{"@id":"https:\/\/www.grupoboticario.com.br\/beleza-transparente\/es\/el-futuro-de-la-belleza\/#breadcrumb"},"inLanguage":"pt-BR","potentialAction":[{"@type":"ReadAction","target":["https:\/\/www.grupoboticario.com.br\/beleza-transparente\/es\/el-futuro-de-la-belleza\/"]}]},{"@type":"ImageObject","inLanguage":"pt-BR","@id":"https:\/\/www.grupoboticario.com.br\/beleza-transparente\/es\/el-futuro-de-la-belleza\/#primaryimage","url":"https:\/\/www.grupoboticario.com.br\/wp-content\/uploads\/2023\/05\/img-parceria1.png","contentUrl":"https:\/\/www.grupoboticario.com.br\/wp-content\/uploads\/2023\/05\/img-parceria1.png"},{"@type":"BreadcrumbList","@id":"https:\/\/www.grupoboticario.com.br\/beleza-transparente\/es\/el-futuro-de-la-belleza\/#breadcrumb","itemListElement":[{"@type":"ListItem","position":1,"name":"In\u00edcio","item":"https:\/\/www.grupoboticario.com.br\/beleza-transparente\/"},{"@type":"ListItem","position":2,"name":"El futuro de la belleza"}]},{"@type":"WebSite","@id":"https:\/\/www.grupoboticario.com.br\/beleza-transparente\/#website","url":"https:\/\/www.grupoboticario.com.br\/beleza-transparente\/","name":"Beleza Transparente","description":"","potentialAction":[{"@type":"SearchAction","target":{"@type":"EntryPoint","urlTemplate":"https:\/\/www.grupoboticario.com.br\/beleza-transparente\/?s={search_term_string}"},"query-input":{"@type":"PropertyValueSpecification","valueRequired":true,"valueName":"search_term_string"}}],"inLanguage":"pt-BR"}]}},"_links":{"self":[{"href":"https:\/\/www.grupoboticario.com.br\/beleza-transparente\/wp-json\/wp\/v2\/pages\/311","targetHints":{"allow":["GET"]}}],"collection":[{"href":"https:\/\/www.grupoboticario.com.br\/beleza-transparente\/wp-json\/wp\/v2\/pages"}],"about":[{"href":"https:\/\/www.grupoboticario.com.br\/beleza-transparente\/wp-json\/wp\/v2\/types\/page"}],"author":[{"embeddable":true,"href":"https:\/\/www.grupoboticario.com.br\/beleza-transparente\/wp-json\/wp\/v2\/users\/8"}],"replies":[{"embeddable":true,"href":"https:\/\/www.grupoboticario.com.br\/beleza-transparente\/wp-json\/wp\/v2\/comments?post=311"}],"version-history":[{"count":0,"href":"https:\/\/www.grupoboticario.com.br\/beleza-transparente\/wp-json\/wp\/v2\/pages\/311\/revisions"}],"wp:attachment":[{"href":"https:\/\/www.grupoboticario.com.br\/beleza-transparente\/wp-json\/wp\/v2\/media?parent=311"}],"curies":[{"name":"wp","href":"https:\/\/api.w.org\/{rel}","templated":true}]}}