{"id":19,"date":"2023-11-10T18:01:52","date_gmt":"2023-11-10T21:01:52","guid":{"rendered":"https:\/\/dgbinst.wpengine.com\/beleza-transparente\/?page_id=19"},"modified":"2026-01-12T17:19:52","modified_gmt":"2026-01-12T20:19:52","slug":"parcerias-pelo-futuro-da-beleza","status":"publish","type":"page","link":"https:\/\/www.grupoboticario.com.br\/beleza-transparente\/parcerias-pelo-futuro-da-beleza\/","title":{"rendered":"O futuro da beleza"},"content":{"rendered":"\n<div class=\"wp-block-columns links-topo is-layout-flex wp-container-core-columns-is-layout-9d6595d7 wp-block-columns-is-layout-flex\">\n<div class=\"wp-block-column is-vertically-aligned-center is-layout-flow wp-block-column-is-layout-flow\">\n<h3 class=\"wp-block-heading has-text-align-center\" style=\"font-size:12px;font-style:normal;font-weight:500\"><a href=\"#territorio-data-driven\">TERRIT\u00d3RIO<\/a><br><a href=\"#territorio-data-driven\">DATA DRIVEN<\/a><\/h3>\n<\/div>\n\n\n\n<div class=\"wp-block-column is-vertically-aligned-center is-layout-flow wp-block-column-is-layout-flow\">\n<h3 class=\"wp-block-heading has-text-align-center\" style=\"font-size:12px;font-style:normal;font-weight:500\"><a href=\"#ideacao\">IDEA\u00c7\u00c3O<\/a><\/h3>\n<\/div>\n\n\n\n<div class=\"wp-block-column is-vertically-aligned-center is-layout-flow wp-block-column-is-layout-flow\">\n<h3 class=\"wp-block-heading has-text-align-center\" style=\"font-size:12px;font-style:normal;font-weight:500\"><a href=\"#processo-de-pitch\">PROCESSO<\/a><br><a href=\"#processo-de-pitch\">DE PITCH<\/a><\/h3>\n<\/div>\n\n\n\n<div class=\"wp-block-column is-vertically-aligned-center is-layout-flow wp-block-column-is-layout-flow\">\n<h3 class=\"wp-block-heading has-text-align-center\" style=\"font-size:12px;font-style:normal;font-weight:500\"><a href=\"#parcerias-e-crowdsourcing\">PARCERIAS E<\/a><br><a href=\"#parcerias-e-crowdsourcing\">CROWDSOURCING<\/a><\/h3>\n<\/div>\n\n\n\n<div class=\"wp-block-column is-layout-flow wp-block-column-is-layout-flow\">\n<h3 class=\"wp-block-heading has-text-align-center\" style=\"font-size:12px;font-style:normal;font-weight:500\"><a href=\"#quem-inova\">QUEM INOVA<\/a> <a href=\"#quem-inova\">COM<\/a><br><a href=\"#quem-inova\">O GRUPO<\/a><br><a href=\"#quem-inova\">BOTIC\u00c1RIO?<\/a><\/h3>\n<\/div>\n\n\n\n<div class=\"wp-block-column is-vertically-aligned-center is-layout-flow wp-block-column-is-layout-flow\">\n<h3 class=\"wp-block-heading has-text-align-center\" style=\"font-size:12px;font-style:normal;font-weight:500\"><a href=\"#cases\">CASES INOVA\u00c7\u00c3O<\/a><br><a href=\"#cases\">ABERTA<\/a><\/h3>\n<\/div>\n\n\n\n<div class=\"wp-block-column is-vertically-aligned-center is-layout-flow wp-block-column-is-layout-flow\">\n<h3 class=\"wp-block-heading has-text-align-center\" id=\"programa-de-bolsas\" style=\"font-size:12px;font-style:normal;font-weight:500\"><a href=\"#iniciativas\">INICIATIVAS<\/a><\/h3>\n<\/div>\n\n\n\n<div class=\"wp-block-column is-vertically-aligned-center is-layout-flow wp-block-column-is-layout-flow\">\n<h3 class=\"wp-block-heading has-text-align-center\" style=\"font-size:12px;font-style:normal;font-weight:500\"><a href=\"#premios-e-propriedade-intelectual\">PROPRIEDADE<\/a><br><a href=\"#premios-e-propriedade-intelectual\">INTELECTUAL E<\/a><br><a href=\"#premios-e-propriedade-intelectual\">PUBLICA\u00c7\u00d5ES<\/a><\/h3>\n<\/div>\n<\/div>\n\n\n<div class=\"lazyblock-ttl-destaque-22DBEq wp-block-lazyblock-ttl-destaque\"><div class=\"ttl-destaque\"><div class=\"lazyblock-inner-blocks\">\n\n<p id=\"territorio-data-driven\" style=\"font-size:30px\"><strong><em>Territ\u00f3rio data driven<\/em><\/strong><\/p>\n\n<\/div><\/div><\/div>\n\n\n<p>O Territ\u00f3rio <em>Data Driven<\/em> conta com a sinergia de diferentes elos da cadeia, desde o produto em P&amp;D at\u00e9 tecnologia em TI.<br>Por meio da combina\u00e7\u00e3o entre intelig\u00eancia artificial e <em>big data<\/em>, conseguimos captar e analisar informa\u00e7\u00f5es de um grande banco de dados, fomentando inova\u00e7\u00f5es cada vez mais personalizadas e diferenciadas aos nossos consumidores.<\/p>\n\n\n<div class=\"lazyblock-fundo-largura-full-novo-2b9luJ wp-block-lazyblock-fundo-largura-full-novo\"><div class=\"largura-full \" style=\"background-color: #F5F1EB;\">\r\n      <div class=\"wrapper__medium\">\r\n    <div class=\"lazyblock-inner-blocks\">\n\n<div style=\"height:24px\" aria-hidden=\"true\" class=\"wp-block-spacer\"><\/div>\n\n\n\n<p>Depois de mais de dois anos de desenvolvimento, o Grupo Botic\u00e1rio lan\u00e7ou os primeiros perfumes do mundo feitos com aux\u00edlio<br>de Intelig\u00eancia Artificial (AI, na sigla em ingl\u00eas) em parceria com a IBM e uma das principais fornecedoras de fragr\u00e2ncia da rede,<br>a alem\u00e3 Symrise. Atrav\u00e9s da conex\u00e3o com parceiros globais, alcan\u00e7amos a combina\u00e7\u00e3o perfeita entre cogni\u00e7\u00e3o da m\u00e1quina,<br>a alquimia do perfumista e dos experts em perfumaria do P&amp;D do Grupo Botic\u00e1rio.<\/p>\n\n\n\n<p>A precis\u00e3o e capacidade de processamento de dados da intelig\u00eancia artificial, somadas \u00e0 sensibilidade do ser humano para dar<br>o toque final, levaram a cria\u00e7\u00e3o de uma fragr\u00e2ncia que realmente encanta o consumidor.<\/p>\n\n\n\n<div style=\"height:24px\" aria-hidden=\"true\" class=\"wp-block-spacer\"><\/div>\n\n<\/div>\r\n  <\/div>\r\n<\/div><\/div>\n\n\n<div style=\"height:50px\" aria-hidden=\"true\" class=\"wp-block-spacer\"><\/div>\n\n\n<div class=\"lazyblock-ttl-destaque-zUlrN wp-block-lazyblock-ttl-destaque\"><div class=\"ttl-destaque\"><div class=\"lazyblock-inner-blocks\">\n\n<p id=\"ideacao\" style=\"font-size:30px\"><strong><em>Idea\u00e7\u00e3o<\/em><\/strong><\/p>\n\n<\/div><\/div><\/div>\n\n\n<p><strong><em>Uma vez ao ano, a diretoria de Pesquisa e Desenvolvimento estimula os pesquisadores a participarem<br>de um dia inspirador, com muita imers\u00e3o e experi\u00eancias.<\/em><\/strong><\/p>\n\n\n\n<p>Os resultados s\u00e3o ideias de projetos de pesquisa para construir o futuro do Grupo Botic\u00e1rio. Essa Idea\u00e7\u00e3o \u00e9 feita utilizando a metodologia do <em>Design Thinking<\/em>, uma abordagem que permite olhar para o cliente antes de inovar. Colaboradores de outras \u00e1reas ligadas \u00e0 inova\u00e7\u00e3o tamb\u00e9m participam desse dia, como Marketing, Inova\u00e7\u00e3o de Canais, Tech, ESG, <em>Consumer Insights<\/em> e Design. Afinal, diferentes vis\u00f5es e perfis fomentam ainda mais a cocria\u00e7\u00e3o, que j\u00e1 faz parte do nosso DNA.<\/p>\n\n\n\n<p>Ap\u00f3s esse processo de Idea\u00e7\u00e3o, em um segundo momento, os pesquisadores s\u00e3o convidados a apresentar suas ideias de projeto no formato de pitch em um dia chamado <em>Pitch Day<\/em>.<\/p>\n\n\n\n<div style=\"height:24px\" aria-hidden=\"true\" class=\"wp-block-spacer\"><\/div>\n\n\n<div class=\"lazyblock-ttl-destaque-Z1EsSbb wp-block-lazyblock-ttl-destaque\"><div class=\"ttl-destaque\"><div class=\"lazyblock-inner-blocks\">\n\n<p id=\"processo-de-pitch\" style=\"font-size:30px\"><strong><em>Processo de pitch<\/em><\/strong><\/p>\n\n<\/div><\/div><\/div>\n\n\n<p><strong><em>Se voc\u00ea encontrasse um investidor em um elevador e tivesse poucos minutos (apenas o tempo de subida\/descida) para vender uma ideia, estaria pronto para esse desafio?<\/em><\/strong><\/p>\n\n\n\n<p>Esse \u00e9 um formato de apresenta\u00e7\u00e3o denominado elevator pitch (conversa de elevador). Inspirado no modelo de startups, a diretoria de P&amp;D conta com o processo de pitch uma vez ao ano para avalia\u00e7\u00e3o das propostas dos projetos de pesquisa, visando garantir a melhor distribui\u00e7\u00e3o de investimentos na diretoria.<\/p>\n\n\n\n<p><strong>Como ocorre?<\/strong> O processo de pitch conta com rodadas de apresenta\u00e7\u00f5es r\u00e1pidas realizadas pelos pesquisadores para uma banca de avaliadores multidisciplinar e especialista. Durante o processo, os projetos s\u00e3o avaliados conforme crit\u00e9rios espec\u00edficos alinhados \u00e0 estrat\u00e9gia da empresa, como o Futuro da Beleza, <em>OKR&#8217;s<\/em> e vis\u00e3o do consumidor, garantindo uma atua\u00e7\u00e3o cada vez mais assertiva \u00e0 vis\u00e3o de futuro e estrat\u00e9gia de inova\u00e7\u00e3o de produtos do Grupo Botic\u00e1rio.<\/p>\n\n\n\n<div style=\"height:80px\" aria-hidden=\"true\" id=\"parcerias-e-crowdsourcing\" class=\"wp-block-spacer\"><\/div>\n\n\n<div class=\"lazyblock-fundo-largura-full-novo-ZugHKQ fundo-escuro wp-block-lazyblock-fundo-largura-full-novo\"><div class=\"largura-full \" style=\"background-color: #081d36;\">\r\n      <div class=\"wrapper__medium\">\r\n    <div class=\"lazyblock-inner-blocks\">\n\n<div style=\"height:30px\" aria-hidden=\"true\" class=\"wp-block-spacer\"><\/div>\n\n\n<div class=\"lazyblock-ttl-destaque-Z1dcQJz wp-block-lazyblock-ttl-destaque\"><div class=\"ttl-destaque\"><div class=\"lazyblock-inner-blocks\">\n\n<p style=\"font-size:30px\"><strong><em>Parcerias e crowdsourcing<\/em><\/strong><\/p>\n\n<\/div><\/div><\/div>\n\n\n<p><strong><em>Aqui, no Grupo Botic\u00e1rio, n\u00f3s buscamos solu\u00e7\u00f5es e oportunidades de parceria no ecossistema de inova\u00e7\u00e3o<br>e intermediamos o melhor modelo com as \u00e1reas internas do Grupo Botic\u00e1rio, para potencializar os recursos internos e a inova\u00e7\u00e3o.<\/em><\/strong><\/p>\n\n\n\n<p>Estamos em contato com o ecossistema de inova\u00e7\u00e3o, visando monitorar oportunidades aplic\u00e1veis ao Grupo Botic\u00e1rio para<br>que possamos oferecer, cada vez mais, tecnologias e produtos inovadores aos nossos consumidores. Atuamos com codesenvolvimento e parcerias que alavanquem a inova\u00e7\u00e3o em produtos, processos, novas metodologias e tecnologias.<\/p>\n\n\n\n<p>Al\u00e9m disso, convidamos agentes externos \u00e0 organiza\u00e7\u00e3o para trabalharem juntos em um problema previamente identificado.<br>Essa colabora\u00e7\u00e3o pode ser feita por meio de diversas ferramentas que promovam a troca de ideias entre os participantes,<br>como o lan\u00e7amento de desafios, <em>hackathons<\/em>, editais e <em>design thinking<\/em>.<\/p>\n\n\n\n<div style=\"height:30px\" aria-hidden=\"true\" class=\"wp-block-spacer\"><\/div>\n\n<\/div>\r\n  <\/div>\r\n<\/div><\/div>\n\n\n<div style=\"height:30px\" aria-hidden=\"true\" class=\"wp-block-spacer\"><\/div>\n\n\n<div class=\"lazyblock-ttl-destaque-8KI3k wp-block-lazyblock-ttl-destaque\"><div class=\"ttl-destaque\"><div class=\"lazyblock-inner-blocks\">\n\n<p id=\"quem-inova\" style=\"font-size:30px\"><strong><em>Quem inova com o Grupo Botic\u00e1rio?<\/em><\/strong><\/p>\n\n<\/div><\/div><\/div>\n\n\n<div class=\"wp-block-columns is-layout-flex wp-container-core-columns-is-layout-9d6595d7 wp-block-columns-is-layout-flex\">\n<div class=\"wp-block-column is-vertically-aligned-center has-background is-layout-flow wp-block-column-is-layout-flow\" style=\"background-color:#f5f1eb;flex-basis:36%\">\n<div class=\"wp-block-columns mb-0 px-1 is-layout-flex wp-container-core-columns-is-layout-9d6595d7 wp-block-columns-is-layout-flex\">\n<div class=\"wp-block-column is-vertically-aligned-center is-layout-flow wp-block-column-is-layout-flow\" style=\"flex-basis:48px\">\n<figure class=\"wp-block-image size-full\"><img decoding=\"async\" src=\"https:\/\/www.grupoboticario.com.br\/wp-content\/uploads\/2023\/05\/img-parceria1.png\" alt=\"\" class=\"wp-image-20726\" \/><\/figure>\n<\/div>\n\n\n\n<div class=\"wp-block-column is-vertically-aligned-center is-layout-flow wp-block-column-is-layout-flow\">\n<p><strong>Corpora\u00e7\u00f5es:<\/strong> fornecedores, empresas do mesmo setor, outros setores<\/p>\n<\/div>\n<\/div>\n<\/div>\n\n\n\n<div class=\"wp-block-column is-vertically-aligned-center has-background is-layout-flow wp-block-column-is-layout-flow\" style=\"background-color:#f5f1eb;flex-basis:26%\">\n<div class=\"wp-block-columns mb-0 px-1 is-layout-flex wp-container-core-columns-is-layout-9d6595d7 wp-block-columns-is-layout-flex\">\n<div class=\"wp-block-column is-vertically-aligned-center is-layout-flow wp-block-column-is-layout-flow\" style=\"flex-basis:48px\">\n<figure class=\"wp-block-image size-full\"><img decoding=\"async\" src=\"https:\/\/www.grupoboticario.com.br\/wp-content\/uploads\/2023\/05\/img-parceria2.png\" alt=\"\" class=\"wp-image-20727\" \/><\/figure>\n<\/div>\n\n\n\n<div class=\"wp-block-column is-vertically-aligned-center is-layout-flow wp-block-column-is-layout-flow\">\n<p><strong>Startups:<\/strong> incubadoras, aceleradoras<\/p>\n<\/div>\n<\/div>\n<\/div>\n\n\n\n<div class=\"wp-block-column is-vertically-aligned-center has-background is-layout-flow wp-block-column-is-layout-flow\" style=\"background-color:#f5f1eb;flex-basis:27%\">\n<div class=\"wp-block-columns mb-0 px-1 is-layout-flex wp-container-core-columns-is-layout-9d6595d7 wp-block-columns-is-layout-flex\">\n<div class=\"wp-block-column is-vertically-aligned-center is-layout-flow wp-block-column-is-layout-flow\" style=\"flex-basis:48px\">\n<figure class=\"wp-block-image size-full\"><img decoding=\"async\" src=\"https:\/\/www.grupoboticario.com.br\/wp-content\/uploads\/2023\/05\/img-parceria3.png\" alt=\"\" class=\"wp-image-20728\" \/><\/figure>\n<\/div>\n\n\n\n<div class=\"wp-block-column is-vertically-aligned-center is-layout-flow wp-block-column-is-layout-flow\">\n<p><strong>Crowd:<\/strong> hubs de inova\u00e7\u00e3o e p\u00fablico geral<\/p>\n<\/div>\n<\/div>\n<\/div>\n<\/div>\n\n\n\n<div style=\"height:50px\" aria-hidden=\"true\" class=\"wp-block-spacer\"><\/div>\n\n\n\n<div class=\"wp-block-columns is-layout-flex wp-container-core-columns-is-layout-9d6595d7 wp-block-columns-is-layout-flex\">\n<div class=\"wp-block-column is-layout-flow wp-block-column-is-layout-flow\" style=\"flex-basis:25%\"><\/div>\n\n\n\n<div class=\"wp-block-column is-vertically-aligned-center has-background is-layout-flow wp-block-column-is-layout-flow\" style=\"background-color:#f5f1eb;flex-basis:40%\">\n<div class=\"wp-block-columns mb-0 px-1 is-layout-flex wp-container-core-columns-is-layout-9d6595d7 wp-block-columns-is-layout-flex\">\n<div class=\"wp-block-column is-vertically-aligned-center is-layout-flow wp-block-column-is-layout-flow\" style=\"flex-basis:48px\">\n<figure class=\"wp-block-image size-full\"><img decoding=\"async\" src=\"https:\/\/www.grupoboticario.com.br\/wp-content\/uploads\/2023\/05\/img-parceria5.png\" alt=\"\" class=\"wp-image-20732\" \/><\/figure>\n<\/div>\n\n\n\n<div class=\"wp-block-column is-vertically-aligned-center is-layout-flow wp-block-column-is-layout-flow\">\n<p><strong>Institutos de Ci\u00eancia e Tecnologia (ICTs):<\/strong> <br>universidades e institutos de pesquisa<\/p>\n<\/div>\n<\/div>\n<\/div>\n\n\n\n<div class=\"wp-block-column is-vertically-aligned-center has-background is-layout-flow wp-block-column-is-layout-flow\" style=\"background-color:#f5f1eb;flex-basis:25%\">\n<div class=\"wp-block-columns mb-0 px-1 is-layout-flex wp-container-core-columns-is-layout-9d6595d7 wp-block-columns-is-layout-flex\">\n<div class=\"wp-block-column is-vertically-aligned-center is-layout-flow wp-block-column-is-layout-flow\" style=\"flex-basis:48px\">\n<figure class=\"wp-block-image size-full\"><img decoding=\"async\" src=\"https:\/\/www.grupoboticario.com.br\/wp-content\/uploads\/2023\/05\/img-parceria4.png\" alt=\"\" class=\"wp-image-20731\" \/><\/figure>\n<\/div>\n\n\n\n<div class=\"wp-block-column is-vertically-aligned-center is-layout-flow wp-block-column-is-layout-flow\">\n<p><strong>Governo:<\/strong> \u00f3rg\u00e3os de fomento<\/p>\n<\/div>\n<\/div>\n<\/div>\n\n\n\n<div class=\"wp-block-column is-layout-flow wp-block-column-is-layout-flow\" style=\"flex-basis:25%\"><\/div>\n<\/div>\n\n\n\n<div style=\"height:30px\" aria-hidden=\"true\" class=\"wp-block-spacer\"><\/div>\n\n\n<div class=\"lazyblock-ttl-destaque-ZF64CP wp-block-lazyblock-ttl-destaque\"><div class=\"ttl-destaque\"><div class=\"lazyblock-inner-blocks\">\n\n<p id=\"cases\" style=\"font-size:30px\"><strong><em>Cases<\/em> <em>inova\u00e7\u00e3o aberta<\/em><\/strong><\/p>\n\n<\/div><\/div><\/div>\n\n<div class=\"lazyblock-carrossel-imagem-texto-Zf77RS wp-block-lazyblock-carrossel-imagem-texto\"><div class=\"belezatransparente-carrosselit\">\r\n    <div class=\"wrapper__medium belezatransparente-carrosselit__wrapper\">\r\n        <div class=\"wrapper__small\">\r\n            <div class=\"swiper belezatransparente-carrosselit__swiper\">\r\n                <div class=\"swiper-wrapper\">\r\n                                            <div class=\"swiper-slide belezatransparente-carrosselit__slide\">\r\n                            <figure class=\"belezatransparente-carrosselit__img desk\">\r\n                                <img decoding=\"async\" src=\"https:\/\/www.grupoboticario.com.br\/beleza-transparente\/wp-content\/uploads\/sites\/7\/2025\/03\/puc-pr.png\"\r\n                                    alt=\"\" \/>\r\n                            <\/figure>\r\n                            <figure class=\"belezatransparente-carrosselit__img mobile\">\r\n                                                                    <img decoding=\"async\" src=\"https:\/\/www.grupoboticario.com.br\/beleza-transparente\/wp-content\/uploads\/sites\/7\/2025\/03\/puc-pr.png\"\r\n                                    alt=\"\" \/>\r\n                                                            <\/figure>\r\n                            <div class=\"belezatransparente-carrosselit__txt\">\r\n                                <div>\r\n                                    <p><p>Parceria &#8211; PUCPR<\/p><\/p>\r\n                                    <p><p>Desde 2016, participamos do Programa Institucional de Bolsas de Inicia\u00e7\u00e3o em Desenvolvimento Tecnol\u00f3gico e Inova\u00e7\u00e3o (PIBITI), em parceria com a PUCPR. Essa parceria fornece oportunidade para estudantes vivenciarem desafios tecnol\u00f3gicos de Pu0026amp;D, participando de atividades, metodologias e pr\u00e1ticas voltadas ao processos de inova\u00e7\u00e3o.<\/p><\/p>\r\n                                <\/div>\r\n                            <\/div>\r\n                        <\/div>\r\n                                            <div class=\"swiper-slide belezatransparente-carrosselit__slide\">\r\n                            <figure class=\"belezatransparente-carrosselit__img desk\">\r\n                                <img decoding=\"async\" src=\"https:\/\/www.grupoboticario.com.br\/beleza-transparente\/wp-content\/uploads\/sites\/7\/2025\/03\/embrapa-logo-2-1.png\"\r\n                                    alt=\"\" \/>\r\n                            <\/figure>\r\n                            <figure class=\"belezatransparente-carrosselit__img mobile\">\r\n                                                                    <img decoding=\"async\" src=\"https:\/\/www.grupoboticario.com.br\/beleza-transparente\/wp-content\/uploads\/sites\/7\/2025\/03\/embrapa-logo-2-1.png\"\r\n                                    alt=\"\" \/>\r\n                                                            <\/figure>\r\n                            <div class=\"belezatransparente-carrosselit__txt\">\r\n                                <div>\r\n                                    <p>Embrapa &#8211; Projeto Belas Artes<\/p>\r\n                                    <p>O Grupo Botic\u00e1rio em parceria com a Embrapa Agroenergia e apoio EMBRAPII, est\u00e1 desenvolvendo um projeto cujo objetivo \u00e9 produzir corantes por via biotecnol\u00f3gica e buscar novas fontes de obten\u00e7\u00e3o de cor atrav\u00e9s de microalgas, fungos e bact\u00e9rias por processo fermentativo. <\/p>\r\n                                <\/div>\r\n                            <\/div>\r\n                        <\/div>\r\n                                            <div class=\"swiper-slide belezatransparente-carrosselit__slide\">\r\n                            <figure class=\"belezatransparente-carrosselit__img desk\">\r\n                                <img decoding=\"async\" src=\"https:\/\/www.grupoboticario.com.br\/beleza-transparente\/wp-content\/uploads\/sites\/7\/2025\/03\/suzano-2.png\"\r\n                                    alt=\"\" \/>\r\n                            <\/figure>\r\n                            <figure class=\"belezatransparente-carrosselit__img mobile\">\r\n                                                                    <img decoding=\"async\" src=\"https:\/\/www.grupoboticario.com.br\/beleza-transparente\/wp-content\/uploads\/sites\/7\/2025\/03\/suzano-2.png\"\r\n                                    alt=\"\" \/>\r\n                                                            <\/figure>\r\n                            <div class=\"belezatransparente-carrosselit__txt\">\r\n                                <div>\r\n                                    <p>Suzano &#8211; Projeto de aplica\u00e7\u00e3o de lignina <\/p>\r\n                                    <p>A Suzano, refer\u00eancia na fabrica\u00e7\u00e3o de produtos a partir do cultivo de eucalipto, e o Grupo Botic\u00e1rio se uniram em uma parceria in\u00e9dita. As empresas est\u00e3o desenvolvendo uma nova aplica\u00e7\u00e3o de lignina, que poder\u00e1 ser usada para democratizar o uso de cosm\u00e9ticos, especialmente com foco para peles negras. <\/p>\r\n                                <\/div>\r\n                            <\/div>\r\n                        <\/div>\r\n                                            <div class=\"swiper-slide belezatransparente-carrosselit__slide\">\r\n                            <figure class=\"belezatransparente-carrosselit__img desk\">\r\n                                <img decoding=\"async\" src=\"https:\/\/www.grupoboticario.com.br\/wp-content\/uploads\/2023\/06\/ufsc-universidade-federal-de-santa-catarina.png\"\r\n                                    alt=\"\" \/>\r\n                            <\/figure>\r\n                            <figure class=\"belezatransparente-carrosselit__img mobile\">\r\n                                                                    <img decoding=\"async\" src=\"https:\/\/www.grupoboticario.com.br\/wp-content\/uploads\/2023\/06\/ufsc-universidade-federal-de-santa-catarina.png\"\r\n                                    alt=\"\" \/>\r\n                                                            <\/figure>\r\n                            <div class=\"belezatransparente-carrosselit__txt\">\r\n                                <div>\r\n                                    <p><p>Parceria &#8211; UFSC<\/p><\/p>\r\n                                    <p><p>Desenvolvimento de um projeto em parceria com a Universidade Federal de Santa Catarina (UFSC) cujo objetivo \u00e9 mapear as possibilidades de uso de biomassas provenientes de res\u00edduos industriais do Grupo Botic\u00e1rio e outras ind\u00fastrias para a extra\u00e7\u00e3o e\/ou convers\u00e3o em compostos bioativos.<\/p><\/p>\r\n                                <\/div>\r\n                            <\/div>\r\n                        <\/div>\r\n                                            <div class=\"swiper-slide belezatransparente-carrosselit__slide\">\r\n                            <figure class=\"belezatransparente-carrosselit__img desk\">\r\n                                <img decoding=\"async\" src=\"https:\/\/www.grupoboticario.com.br\/beleza-transparente\/wp-content\/uploads\/sites\/7\/2025\/03\/baskem-labs.png\"\r\n                                    alt=\"\" \/>\r\n                            <\/figure>\r\n                            <figure class=\"belezatransparente-carrosselit__img mobile\">\r\n                                                                    <img decoding=\"async\" src=\"https:\/\/www.grupoboticario.com.br\/beleza-transparente\/wp-content\/uploads\/sites\/7\/2025\/03\/baskem-labs.png\"\r\n                                    alt=\"\" \/>\r\n                                                            <\/figure>\r\n                            <div class=\"belezatransparente-carrosselit__txt\">\r\n                                <div>\r\n                                    <p><p>Braskem Labs<\/p><\/p>\r\n                                    <p><p>O Grupo Botic\u00e1rio cosponsor do Braskem Labs (programa de acelera\u00e7\u00e3o para empreendedores) avaliou startups e promoveu mentorias. A acelera\u00e7\u00e3o acontece com objetivos espec\u00edficos e para incentivar o ecossistema, gerar impacto socioambiental e resolver desafios dos neg\u00f3cios que tenham o pl\u00e1stico ou a qu\u00edmica como parte da solu\u00e7\u00e3o.<\/p><\/p>\r\n                                <\/div>\r\n                            <\/div>\r\n                        <\/div>\r\n                                            <div class=\"swiper-slide belezatransparente-carrosselit__slide\">\r\n                            <figure class=\"belezatransparente-carrosselit__img desk\">\r\n                                <img decoding=\"async\" src=\"https:\/\/www.grupoboticario.com.br\/beleza-transparente\/wp-content\/uploads\/sites\/7\/2025\/03\/logo-ufpr.png\"\r\n                                    alt=\"\" \/>\r\n                            <\/figure>\r\n                            <figure class=\"belezatransparente-carrosselit__img mobile\">\r\n                                                                    <img decoding=\"async\" src=\"https:\/\/www.grupoboticario.com.br\/beleza-transparente\/wp-content\/uploads\/sites\/7\/2025\/03\/logo-ufpr.png\"\r\n                                    alt=\"\" \/>\r\n                                                            <\/figure>\r\n                            <div class=\"belezatransparente-carrosselit__txt\">\r\n                                <div>\r\n                                    <p>Parceria UFPR<\/p>\r\n                                    <p>A UFPR \u00e9 um parceiro estrat\u00e9gico para inova\u00e7\u00e3o. Um exemplo \u00e9 o projeto com laborat\u00f3rio de biopol\u00edmeros para tecnologias em cosm\u00e9ticos. A parceria permitiu ceder em comodato um equipamento Zeta Sizer \u00e0 UFPR, imprescind\u00edvel nas pesquisas de pol\u00edmeros e nanotecnologia, com impactos positivos nas pesquisas das institui\u00e7\u00f5es.  <\/p>\r\n                                <\/div>\r\n                            <\/div>\r\n                        <\/div>\r\n                                    <\/div>\r\n            <\/div>\r\n            <div class=\"swiper-pagination\"><\/div>\r\n        <\/div>\r\n        <div class=\"swiper-button-prev\"><\/div>\r\n        <div class=\"swiper-button-next\"><\/div>\r\n    <\/div>\r\n<\/div><\/div>\n\n\n<div style=\"height:40px\" aria-hidden=\"true\" id=\"iniciativas\" class=\"wp-block-spacer\"><\/div>\n\n\n\n<div style=\"height:70px\" aria-hidden=\"true\" class=\"wp-block-spacer\"><\/div>\n\n\n<div class=\"lazyblock-ttl-destaque-Z26h5sf wp-block-lazyblock-ttl-destaque\"><div class=\"ttl-destaque\"><div class=\"lazyblock-inner-blocks\">\n\n<p style=\"font-size:30px\"><strong><em>Iniciativas<\/em><\/strong><\/p>\n\n<\/div><\/div><\/div>\n\n<div class=\"lazyblock-fundo-largura-full-novo-wNAKC fundo-escuro wp-block-lazyblock-fundo-largura-full-novo\"><div class=\"largura-full \" style=\"background-color: #081d36;\">\r\n      <div class=\"wrapper__medium\">\r\n    <div class=\"lazyblock-inner-blocks\">\n\n<div style=\"height:30px\" aria-hidden=\"true\" class=\"wp-block-spacer\"><\/div>\n\n\n\n<h2 class=\"wp-block-heading\"><strong><em>Programa de bolsas <\/em><\/strong><\/h2>\n\n\n\n<p>Incentivamos a amplia\u00e7\u00e3o do n\u00famero de profissionais qualificados em atividades de inova\u00e7\u00e3o no setor empresarial brasileiro, desenvolvendo projetos de inova\u00e7\u00e3o no Grupo Botic\u00e1rio. Atualmente esta iniciativa ocorre em parceria com o IEL, atrav\u00e9s do programa Talento Inova\u00e7\u00e3o e com a Universidade Federal do Paran\u00e1 (UFPR). Ambos focados no desenvolvimento profissional dos bolsistas.<\/p>\n\n\n\n<div style=\"height:30px\" aria-hidden=\"true\" class=\"wp-block-spacer\"><\/div>\n\n<\/div>\r\n  <\/div>\r\n<\/div><\/div>\n\n\n<div style=\"height:24px\" aria-hidden=\"true\" class=\"wp-block-spacer\"><\/div>\n\n\n\n<h4 class=\"wp-block-heading\" style=\"text-transform:none\"><strong><em>I.A.R.A.\u00ae 2.0<\/em><\/strong><\/h4>\n\n\n\n<p>Em parceria com a <strong>EMBRAPII <\/strong>e o<strong> Instituto SENAI de Inova\u00e7\u00e3o em Engenharia de Pol\u00edmeros<\/strong>, desenvolvemos uma metodologia que permite, em escala laboratorial e ambiente simulado, a avalia\u00e7\u00e3o da (bio) degrada\u00e7\u00e3o de composi\u00e7\u00f5es e ecotoxicidade. Novos materiais que s\u00e3o indicados como biodegrad\u00e1veis em solo. <\/p>\n\n\n\n<p>Voc\u00ea sabe para que serve a an\u00e1lise de ecotoxicidade? \u00c9 uma importante ferramenta para auxiliar na sele\u00e7\u00e3o de mat\u00e9rias-primas no processo de formula\u00e7\u00e3o de produtos cosm\u00e9ticos. Assim, s\u00e3o desenvolvidos produtos mais sustent\u00e1veis e que gerem menor impacto ambiental, acarretando menor risco para o meio ambiente, al\u00e9m de auxiliar na gera\u00e7\u00e3o de indicadores de sustentabilidade.<\/p>\n\n\n\n<figure class=\"wp-block-embed is-type-video is-provider-youtube wp-block-embed-youtube wp-embed-aspect-16-9 wp-has-aspect-ratio\"><div class=\"wp-block-embed__wrapper\">\n<iframe loading=\"lazy\"  id=\"_ytid_15703\"  width=\"800\" height=\"450\"  data-origwidth=\"800\" data-origheight=\"450\"  data-relstop=\"1\" src=\"https:\/\/www.youtube.com\/embed\/8hLjAkrFJR0?enablejsapi=1&#038;autoplay=0&#038;cc_load_policy=0&#038;cc_lang_pref=&#038;iv_load_policy=1&#038;loop=0&#038;rel=0&#038;fs=1&#038;playsinline=0&#038;autohide=2&#038;theme=dark&#038;color=red&#038;controls=1&#038;disablekb=0&#038;\" class=\"__youtube_prefs__  epyt-is-override  no-lazyload\" title=\"YouTube player\"  allow=\"fullscreen; accelerometer; autoplay; clipboard-write; encrypted-media; gyroscope; picture-in-picture; web-share\" referrerpolicy=\"strict-origin-when-cross-origin\" allowfullscreen data-no-lazy=\"1\" data-skipgform_ajax_framebjll=\"\"><\/iframe>\n<\/div><\/figure>\n\n\n\n<div style=\"height:24px\" aria-hidden=\"true\" class=\"wp-block-spacer\"><\/div>\n\n\n<div class=\"lazyblock-fundo-largura-full-novo-Z2cxjLr wp-block-lazyblock-fundo-largura-full-novo\"><div class=\"largura-full \" style=\"background-color: #F5F1EB;\">\r\n      <div class=\"wrapper__medium\">\r\n    <div class=\"lazyblock-inner-blocks\">\n\n<div style=\"height:30px\" aria-hidden=\"true\" class=\"wp-block-spacer\"><\/div>\n\n\n\n<h4 class=\"wp-block-heading\" style=\"text-transform:none\"><strong><em>Chamado 2030<\/em><\/strong><\/h4>\n\n\n\n<p>O Chamado 2030 foi um <em>crowdsourcing<\/em>, desenvolvido internamente no Grupo Botic\u00e1rio, liderado pela \u00e1rea<br>de Inova\u00e7\u00e3o Aberta em parceria com demais stakeholders internos. Foi uma chamada para prospec\u00e7\u00e3o de solu\u00e7\u00f5es<br>inovadoras relacionadas a estrat\u00e9gia 2030 de sustentabilidade do Grupo Botic\u00e1rio. O objetivo era: prospectar solu\u00e7\u00f5es, fomentar<br>o ecossistema de inova\u00e7\u00e3o e dar visibilidade ao tema sustentabilidade e as iniciativas do Grupo Botic\u00e1rio.<\/p>\n\n\n\n<p>Nossa meta era ajudar, de forma significativa, a solucionar os problemas ambientais e sociais envolvidos na gest\u00e3o de res\u00edduos de todo o Brasil. Pensando nisso, quer\u00edamos conhecer solu\u00e7\u00f5es relacionadas com nossos compromissos ambientais e sociais, <strong>relacionados com 6 ODS da ONU<\/strong>:<\/p>\n\n\n\n<div style=\"height:30px\" aria-hidden=\"true\" class=\"wp-block-spacer\"><\/div>\n\n<\/div>\r\n  <\/div>\r\n<\/div><\/div>\n\n\n<div style=\"height:30px\" aria-hidden=\"true\" class=\"wp-block-spacer\"><\/div>\n\n\n\n<h4 class=\"wp-block-heading\" style=\"text-transform:none\"><strong><em>Perfumathon<\/em><\/strong><\/h4>\n\n\n\n<p>Um \u201c<em>hackathon<\/em> de perfumaria\u201d, organizado pelo O Botic\u00e1rio (marca m\u00e3e do Grupo Botic\u00e1rio) e pela Aldeia <em>Coworking<\/em>. Durante dois dias, 60 jovens de todo o Pa\u00eds se reuniram para resolver desafios da categoria de perfumaria propostos pela empresa.<br>Entre os desafios, um deles era construir uma proposta que pudesse \u201cacabar com o modelo de neg\u00f3cio de perfumaria de O Botic\u00e1rio\u201d e que obrigasse o Grupo a mudar totalmente a sua forma de vender perfume. Como resultado, tivemos 10 ideias de poss\u00edveis projetos a serem desenvolvidos pelo Grupo Botic\u00e1rio.<\/p>\n\n\n<div class=\"lazyblock-fundo-largura-full-novo-Z2t7y3w wp-block-lazyblock-fundo-largura-full-novo\"><div class=\"largura-full \" style=\"background-color: #F5F1EB;\">\r\n      <div class=\"wrapper__medium\">\r\n    <div class=\"lazyblock-inner-blocks\">\n\n<div style=\"height:30px\" aria-hidden=\"true\" class=\"wp-block-spacer\"><\/div>\n\n\n\n<h4 class=\"wp-block-heading\" style=\"text-transform:none\"><strong><em>Eurekathon<\/em><\/strong><\/h4>\n\n\n\n<p>Conectados a Uma Beleza de Futuro, patrocinamos o <em>EUREKATHON <\/em>da Unicamp em parceria com a Dow para<br>a Cocria\u00e7\u00e3o de Solu\u00e7\u00f5es Sustent\u00e1veis para a Perfumaria do Grupo Botic\u00e1rio. O Evento foi totalmente online<br>e aconteceu nos dias 23 a 25 de julho. Foram mais de 320 universit\u00e1rios inscritos, 34 equipes, 30 mentores<br>e 40 jurados. Tivemos representantes de 28 cidades representando 12 estados brasileiros e que desenvolveram<br>28 solu\u00e7\u00f5es incr\u00edveis! E esses jovens, futuros consumidores das marcas do Grupo Botic\u00e1rio, trouxeram v\u00e1rios insights relevantes<br>que podemos aproveitar no dia a dia!<\/p>\n\n\n\n<div style=\"height:30px\" aria-hidden=\"true\" class=\"wp-block-spacer\"><\/div>\n\n<\/div>\r\n  <\/div>\r\n<\/div><\/div>\n\n\n<div style=\"height:30px\" aria-hidden=\"true\" class=\"wp-block-spacer\"><\/div>\n\n\n<div class=\"lazyblock-ttl-destaque-so1ci wp-block-lazyblock-ttl-destaque\"><div class=\"ttl-destaque\"><div class=\"lazyblock-inner-blocks\">\n\n<p id=\"premios-e-propriedade-intelectual\" style=\"font-size:30px\"><strong><em>Propriedade intelectual e publica\u00e7\u00f5es<\/em><\/strong><\/p>\n\n<\/div><\/div><\/div>\n\n\n<p><strong><em>O Grupo Botic\u00e1rio tamb\u00e9m tem um olhar bastante estrat\u00e9gico para o tema de propriedade intelectual.<\/em><\/strong><\/p>\n\n\n\n<p>Incentivamos publica\u00e7\u00f5es de artigos cient\u00edficos e dep\u00f3sitos de patentes, visando impulsionar e prestigiar<br>o desenvolvimento tecnol\u00f3gico, valorizando nosso capital intelectual. Como alguns exemplos, podemos citar:<\/p>\n\n\n\n<div style=\"height:30px\" aria-hidden=\"true\" class=\"wp-block-spacer\"><\/div>\n\n\n\n<h4 class=\"wp-block-heading\" style=\"text-transform:none\"><strong><em>Patentes<\/em><\/strong><\/h4>\n\n\n\n<p>Recentemente, tivemos uma patente depositada referente a um kit de composi\u00e7\u00e3o cosm\u00e9tica formadora de filme, presente nos batons Liptint do Grupo Botic\u00e1rio. Essa composi\u00e7\u00e3o proporciona elevada ader\u00eancia e conforto nos l\u00e1bios, garantindo a completa resist\u00eancia ao suor, \u00e0 \u00e1gua, abras\u00e3o, refei\u00e7\u00f5es e \u00e0 prova de beijos.<\/p>\n\n\n\n<div style=\"height:30px\" aria-hidden=\"true\" class=\"wp-block-spacer\"><\/div>\n\n\n<div class=\"lazyblock-fundo-largura-full-novo-Z2cYBLq fundo-escuro wp-block-lazyblock-fundo-largura-full-novo\"><div class=\"largura-full \" style=\"background-color: #081d36;\">\r\n      <div class=\"wrapper__medium\">\r\n    <div class=\"lazyblock-inner-blocks\">\n\n<div style=\"height:30px\" aria-hidden=\"true\" class=\"wp-block-spacer\"><\/div>\n\n\n\n<div class=\"wp-block-columns are-vertically-aligned-center is-layout-flex wp-container-core-columns-is-layout-9d6595d7 wp-block-columns-is-layout-flex\">\n<div class=\"wp-block-column is-vertically-aligned-center is-layout-flow wp-block-column-is-layout-flow\" style=\"flex-basis:60%\">\n<h3 class=\"wp-block-heading\"><em>\u00c1LCOOL V\u00cdNICO<\/em><\/h3>\n<\/div>\n<\/div>\n\n\n\n<p>E se un\u00edssemos a sofistica\u00e7\u00e3o do vinho com a arte da perfumaria? Atrav\u00e9s de uma patente pioneira no Brasil, o Grupo Botic\u00e1rio inovou e trouxe o \u00e1lcool v\u00ednico macerado em barril de carvalho franc\u00eas para as fragr\u00e2ncias de Malbec. O \u00e1lcool v\u00ednico consiste em um \u00e1lcool com um conceito diferenciado e um sensorial \u00fanico. Esse \u00e1lcool \u00e9 um produto da fermenta\u00e7\u00e3o da uva, seguido de purifica\u00e7\u00e3o por destila\u00e7\u00e3o, e \u00e9 utilizado em uma das patentes do GB em substitui\u00e7\u00e3o total, ou parcial, ao \u00e1lcool et\u00edlico convencional.<\/p>\n\n\n\n<p>Al\u00e9m disso, ele possui um diferencial por conter subst\u00e2ncias residuais caracter\u00edsticas da fermenta\u00e7\u00e3o de uvas, conferindo um odor caracter\u00edstico ao etanol e contribuindo para uma percep\u00e7\u00e3o sensorial olfativa surpreendente. A utiliza\u00e7\u00e3o do \u00e1lcool v\u00ednico em perfumaria permite que se tenha um diferencial dentro do produto, trazendo exclusividade e encantamento aos consumidores da marca e um conceito inovador dentro da perfumaria.<\/p>\n\n\n\n<div style=\"height:30px\" aria-hidden=\"true\" class=\"wp-block-spacer\"><\/div>\n\n<\/div>\r\n  <\/div>\r\n<\/div><\/div>\n\n\n<div style=\"height:30px\" aria-hidden=\"true\" class=\"wp-block-spacer\"><\/div>\n\n\n\n<h4 class=\"wp-block-heading\" style=\"text-transform:none\"><strong><em>Publica\u00e7\u00f5es<\/em><\/strong><\/h4>\n\n\n\n<p>Em 2020, tamb\u00e9m tivemos a honra de publicar um artigo intitulado <em><strong><a href=\"https:\/\/www.nature.com\/articles\/s41598-020-76325-6\">\u201cProteomics reveals that quinoa bioester promotes replenishing efects in epidermal tissue\u201d<\/a><\/strong><\/em> na revista internacional <em>Scientific Reports<\/em> (revista da <em>Nature Research<\/em>) em parceria com a Funda\u00e7\u00e3o Oswaldo Cruz e a Universidade Positivo. A publica\u00e7\u00e3o \u00e9 referente a um estudo que avaliou a influ\u00eancia de um ativo produzido pelo Grupo Botic\u00e1rio, o bio\u00e9ster de quinoa, na pele.<\/p>\n\n\n\n<p><strong><em>Esse estudo permitiu comprovar propriedades ben\u00e9ficas desse ativo, como por exemplo:<\/em><\/strong><\/p>\n\n\n\n<div class=\"wp-block-columns are-vertically-aligned-center is-layout-flex wp-container-core-columns-is-layout-9d6595d7 wp-block-columns-is-layout-flex\">\n<div class=\"wp-block-column is-vertically-aligned-center align-self-center has-white-color has-text-color has-background is-layout-flow wp-block-column-is-layout-flow\" style=\"background-color:#081d36\">\n<p class=\"has-text-align-center has-white-color has-text-color\">Preven\u00e7\u00e3o do envelhecimento<\/p>\n<\/div>\n\n\n\n<div class=\"wp-block-column is-vertically-aligned-center align-self-center has-white-color has-text-color has-background is-layout-flow wp-block-column-is-layout-flow\" style=\"background-color:#081d36\">\n<p class=\"has-text-align-center has-white-color has-text-color\">Homeostase celular<\/p>\n<\/div>\n\n\n\n<div class=\"wp-block-column is-vertically-aligned-center align-self-center has-white-color has-text-color has-background is-layout-flow wp-block-column-is-layout-flow\" style=\"background-color:#081d36\">\n<p class=\"has-text-align-center has-white-color has-text-color\">Regenera\u00e7\u00e3o tecidual<\/p>\n<\/div>\n\n\n\n<div class=\"wp-block-column is-vertically-aligned-center align-self-center has-white-color has-text-color has-background is-layout-flow wp-block-column-is-layout-flow\" style=\"background-color:#081d36\">\n<p class=\"has-text-align-center has-white-color has-text-color\">Prote\u00e7\u00e3o contra radia\u00e7\u00e3o<br>ultravioleta e danos oxidativos<\/p>\n<\/div>\n<\/div>\n\n\n\n<div style=\"height:30px\" aria-hidden=\"true\" class=\"wp-block-spacer\"><\/div>\n\n\n\n<p>J\u00e1 podemos ver esse composto e seus benef\u00edcios em diversos produtos do nosso portf\u00f3lio, como na linha corporal de Nativa SPA. Em 2021, publicamos na revista <em>Journal of Applied Toxicology<\/em> o artigo cient\u00edfico intitulado <strong><em>\u201cIntegrated approaches to testing and assessment as a tool for the hazard assessment and risk characterization of cosmetic preservatives\u201d<\/em><\/strong>.<br>Esse trabalho demonstra nossa preocupa\u00e7\u00e3o com a utiliza\u00e7\u00e3o e avalia\u00e7\u00e3o de seguran\u00e7a de sistemas conservantes.<\/p>\n\n\n\n<p>Ingredientes conservantes s\u00e3o frequentemente questionados por causarem riscos \u00e0 sa\u00fade, como alergias, irrita\u00e7\u00f5es na pele entre outros. Esse trabalho nos permitiu caracterizar a avalia\u00e7\u00e3o de risco de ingredientes e definir as melhores op\u00e7\u00f5es, limitando sua concentra\u00e7\u00e3o, tipo de produto e p\u00fablico-alvo. Dessa forma, permite que a gente desenvolva produtos ainda mais seguros para nossos consumidores.<\/p>\n","protected":false},"excerpt":{"rendered":"<p>TERRIT\u00d3RIODATA DRIVEN IDEA\u00c7\u00c3O PROCESSODE PITCH PARCERIAS ECROWDSOURCING QUEM INOVA COMO GRUPOBOTIC\u00c1RIO? CASES INOVA\u00c7\u00c3OABERTA INICIATIVAS PROPRIEDADEINTELECTUAL EPUBLICA\u00c7\u00d5ES O Territ\u00f3rio Data Driven conta com a sinergia de diferentes elos da cadeia, desde o produto em P&amp;D at\u00e9 tecnologia em TI.Por meio da combina\u00e7\u00e3o entre intelig\u00eancia artificial e big data, conseguimos captar e analisar informa\u00e7\u00f5es de um grande [&hellip;]<\/p>\n","protected":false},"author":8,"featured_media":0,"parent":0,"menu_order":0,"comment_status":"closed","ping_status":"closed","template":"beleza-transparente.php","meta":{"_acf_changed":true,"inline_featured_image":false,"footnotes":""},"class_list":["post-19","page","type-page","status-publish","hentry"],"acf":[],"yoast_head":"<!-- This site is optimized with the Yoast SEO plugin v27.4 - https:\/\/yoast.com\/product\/yoast-seo-wordpress\/ -->\n<title>O futuro da beleza - Grupo Botic\u00e1rio<\/title>\n<meta name=\"description\" content=\"Grupo Botic\u00e1rio lan\u00e7a os primeiros perfumes do mundo criados com IA, ap\u00f3s mais de dois anos de pesquisa e inova\u00e7\u00e3o. Saiba mais.\" \/>\n<meta name=\"robots\" content=\"index, follow, max-snippet:-1, max-image-preview:large, max-video-preview:-1\" \/>\n<link rel=\"canonical\" href=\"https:\/\/www.grupoboticario.com.br\/beleza-transparente\/parcerias-pelo-futuro-da-beleza\/\" \/>\n<meta property=\"og:locale\" content=\"pt_BR\" \/>\n<meta property=\"og:type\" content=\"article\" \/>\n<meta property=\"og:title\" content=\"O futuro da beleza - Grupo Botic\u00e1rio\" \/>\n<meta property=\"og:description\" content=\"Grupo Botic\u00e1rio lan\u00e7a os primeiros perfumes do mundo criados com IA, ap\u00f3s mais de dois anos de pesquisa e inova\u00e7\u00e3o. Saiba mais.\" \/>\n<meta property=\"og:url\" content=\"https:\/\/www.grupoboticario.com.br\/beleza-transparente\/parcerias-pelo-futuro-da-beleza\/\" \/>\n<meta property=\"og:site_name\" content=\"Beleza Transparente\" \/>\n<meta property=\"article:modified_time\" content=\"2026-01-12T20:19:52+00:00\" \/>\n<meta name=\"twitter:card\" content=\"summary_large_image\" \/>\n<meta name=\"twitter:label1\" content=\"Est. tempo de leitura\" \/>\n\t<meta name=\"twitter:data1\" content=\"10 minutos\" \/>\n<script type=\"application\/ld+json\" class=\"yoast-schema-graph\">{\"@context\":\"https:\\\/\\\/schema.org\",\"@graph\":[{\"@type\":\"WebPage\",\"@id\":\"https:\\\/\\\/www.grupoboticario.com.br\\\/beleza-transparente\\\/parcerias-pelo-futuro-da-beleza\\\/\",\"url\":\"https:\\\/\\\/www.grupoboticario.com.br\\\/beleza-transparente\\\/parcerias-pelo-futuro-da-beleza\\\/\",\"name\":\"O futuro da beleza - Grupo Botic\u00e1rio\",\"isPartOf\":{\"@id\":\"https:\\\/\\\/www.grupoboticario.com.br\\\/beleza-transparente\\\/#website\"},\"primaryImageOfPage\":{\"@id\":\"https:\\\/\\\/www.grupoboticario.com.br\\\/beleza-transparente\\\/parcerias-pelo-futuro-da-beleza\\\/#primaryimage\"},\"image\":{\"@id\":\"https:\\\/\\\/www.grupoboticario.com.br\\\/beleza-transparente\\\/parcerias-pelo-futuro-da-beleza\\\/#primaryimage\"},\"thumbnailUrl\":\"https:\\\/\\\/www.grupoboticario.com.br\\\/wp-content\\\/uploads\\\/2023\\\/05\\\/img-parceria1.png\",\"datePublished\":\"2023-11-10T21:01:52+00:00\",\"dateModified\":\"2026-01-12T20:19:52+00:00\",\"description\":\"Grupo Botic\u00e1rio lan\u00e7a os primeiros perfumes do mundo criados com IA, ap\u00f3s mais de dois anos de pesquisa e inova\u00e7\u00e3o. Saiba mais.\",\"breadcrumb\":{\"@id\":\"https:\\\/\\\/www.grupoboticario.com.br\\\/beleza-transparente\\\/parcerias-pelo-futuro-da-beleza\\\/#breadcrumb\"},\"inLanguage\":\"pt-BR\",\"potentialAction\":[{\"@type\":\"ReadAction\",\"target\":[\"https:\\\/\\\/www.grupoboticario.com.br\\\/beleza-transparente\\\/parcerias-pelo-futuro-da-beleza\\\/\"]}]},{\"@type\":\"ImageObject\",\"inLanguage\":\"pt-BR\",\"@id\":\"https:\\\/\\\/www.grupoboticario.com.br\\\/beleza-transparente\\\/parcerias-pelo-futuro-da-beleza\\\/#primaryimage\",\"url\":\"https:\\\/\\\/www.grupoboticario.com.br\\\/wp-content\\\/uploads\\\/2023\\\/05\\\/img-parceria1.png\",\"contentUrl\":\"https:\\\/\\\/www.grupoboticario.com.br\\\/wp-content\\\/uploads\\\/2023\\\/05\\\/img-parceria1.png\"},{\"@type\":\"BreadcrumbList\",\"@id\":\"https:\\\/\\\/www.grupoboticario.com.br\\\/beleza-transparente\\\/parcerias-pelo-futuro-da-beleza\\\/#breadcrumb\",\"itemListElement\":[{\"@type\":\"ListItem\",\"position\":1,\"name\":\"In\u00edcio\",\"item\":\"https:\\\/\\\/www.grupoboticario.com.br\\\/beleza-transparente\\\/\"},{\"@type\":\"ListItem\",\"position\":2,\"name\":\"O futuro da beleza\"}]},{\"@type\":\"WebSite\",\"@id\":\"https:\\\/\\\/www.grupoboticario.com.br\\\/beleza-transparente\\\/#website\",\"url\":\"https:\\\/\\\/www.grupoboticario.com.br\\\/beleza-transparente\\\/\",\"name\":\"Beleza Transparente\",\"description\":\"\",\"potentialAction\":[{\"@type\":\"SearchAction\",\"target\":{\"@type\":\"EntryPoint\",\"urlTemplate\":\"https:\\\/\\\/www.grupoboticario.com.br\\\/beleza-transparente\\\/?s={search_term_string}\"},\"query-input\":{\"@type\":\"PropertyValueSpecification\",\"valueRequired\":true,\"valueName\":\"search_term_string\"}}],\"inLanguage\":\"pt-BR\"}]}<\/script>\n<!-- \/ Yoast SEO plugin. -->","yoast_head_json":{"title":"O futuro da beleza - Grupo Botic\u00e1rio","description":"Grupo Botic\u00e1rio lan\u00e7a os primeiros perfumes do mundo criados com IA, ap\u00f3s mais de dois anos de pesquisa e inova\u00e7\u00e3o. Saiba mais.","robots":{"index":"index","follow":"follow","max-snippet":"max-snippet:-1","max-image-preview":"max-image-preview:large","max-video-preview":"max-video-preview:-1"},"canonical":"https:\/\/www.grupoboticario.com.br\/beleza-transparente\/parcerias-pelo-futuro-da-beleza\/","og_locale":"pt_BR","og_type":"article","og_title":"O futuro da beleza - Grupo Botic\u00e1rio","og_description":"Grupo Botic\u00e1rio lan\u00e7a os primeiros perfumes do mundo criados com IA, ap\u00f3s mais de dois anos de pesquisa e inova\u00e7\u00e3o. Saiba mais.","og_url":"https:\/\/www.grupoboticario.com.br\/beleza-transparente\/parcerias-pelo-futuro-da-beleza\/","og_site_name":"Beleza Transparente","article_modified_time":"2026-01-12T20:19:52+00:00","twitter_card":"summary_large_image","twitter_misc":{"Est. tempo de leitura":"10 minutos"},"schema":{"@context":"https:\/\/schema.org","@graph":[{"@type":"WebPage","@id":"https:\/\/www.grupoboticario.com.br\/beleza-transparente\/parcerias-pelo-futuro-da-beleza\/","url":"https:\/\/www.grupoboticario.com.br\/beleza-transparente\/parcerias-pelo-futuro-da-beleza\/","name":"O futuro da beleza - Grupo Botic\u00e1rio","isPartOf":{"@id":"https:\/\/www.grupoboticario.com.br\/beleza-transparente\/#website"},"primaryImageOfPage":{"@id":"https:\/\/www.grupoboticario.com.br\/beleza-transparente\/parcerias-pelo-futuro-da-beleza\/#primaryimage"},"image":{"@id":"https:\/\/www.grupoboticario.com.br\/beleza-transparente\/parcerias-pelo-futuro-da-beleza\/#primaryimage"},"thumbnailUrl":"https:\/\/www.grupoboticario.com.br\/wp-content\/uploads\/2023\/05\/img-parceria1.png","datePublished":"2023-11-10T21:01:52+00:00","dateModified":"2026-01-12T20:19:52+00:00","description":"Grupo Botic\u00e1rio lan\u00e7a os primeiros perfumes do mundo criados com IA, ap\u00f3s mais de dois anos de pesquisa e inova\u00e7\u00e3o. Saiba mais.","breadcrumb":{"@id":"https:\/\/www.grupoboticario.com.br\/beleza-transparente\/parcerias-pelo-futuro-da-beleza\/#breadcrumb"},"inLanguage":"pt-BR","potentialAction":[{"@type":"ReadAction","target":["https:\/\/www.grupoboticario.com.br\/beleza-transparente\/parcerias-pelo-futuro-da-beleza\/"]}]},{"@type":"ImageObject","inLanguage":"pt-BR","@id":"https:\/\/www.grupoboticario.com.br\/beleza-transparente\/parcerias-pelo-futuro-da-beleza\/#primaryimage","url":"https:\/\/www.grupoboticario.com.br\/wp-content\/uploads\/2023\/05\/img-parceria1.png","contentUrl":"https:\/\/www.grupoboticario.com.br\/wp-content\/uploads\/2023\/05\/img-parceria1.png"},{"@type":"BreadcrumbList","@id":"https:\/\/www.grupoboticario.com.br\/beleza-transparente\/parcerias-pelo-futuro-da-beleza\/#breadcrumb","itemListElement":[{"@type":"ListItem","position":1,"name":"In\u00edcio","item":"https:\/\/www.grupoboticario.com.br\/beleza-transparente\/"},{"@type":"ListItem","position":2,"name":"O futuro da beleza"}]},{"@type":"WebSite","@id":"https:\/\/www.grupoboticario.com.br\/beleza-transparente\/#website","url":"https:\/\/www.grupoboticario.com.br\/beleza-transparente\/","name":"Beleza Transparente","description":"","potentialAction":[{"@type":"SearchAction","target":{"@type":"EntryPoint","urlTemplate":"https:\/\/www.grupoboticario.com.br\/beleza-transparente\/?s={search_term_string}"},"query-input":{"@type":"PropertyValueSpecification","valueRequired":true,"valueName":"search_term_string"}}],"inLanguage":"pt-BR"}]}},"_links":{"self":[{"href":"https:\/\/www.grupoboticario.com.br\/beleza-transparente\/wp-json\/wp\/v2\/pages\/19","targetHints":{"allow":["GET"]}}],"collection":[{"href":"https:\/\/www.grupoboticario.com.br\/beleza-transparente\/wp-json\/wp\/v2\/pages"}],"about":[{"href":"https:\/\/www.grupoboticario.com.br\/beleza-transparente\/wp-json\/wp\/v2\/types\/page"}],"author":[{"embeddable":true,"href":"https:\/\/www.grupoboticario.com.br\/beleza-transparente\/wp-json\/wp\/v2\/users\/8"}],"replies":[{"embeddable":true,"href":"https:\/\/www.grupoboticario.com.br\/beleza-transparente\/wp-json\/wp\/v2\/comments?post=19"}],"version-history":[{"count":0,"href":"https:\/\/www.grupoboticario.com.br\/beleza-transparente\/wp-json\/wp\/v2\/pages\/19\/revisions"}],"wp:attachment":[{"href":"https:\/\/www.grupoboticario.com.br\/beleza-transparente\/wp-json\/wp\/v2\/media?parent=19"}],"curies":[{"name":"wp","href":"https:\/\/api.w.org\/{rel}","templated":true}]}}